{"id":1374,"date":"2023-09-16T19:53:25","date_gmt":"2023-09-16T17:53:25","guid":{"rendered":"https:\/\/camminodellasibilla.com\/?page_id=1374"},"modified":"2026-03-25T19:58:46","modified_gmt":"2026-03-25T18:58:46","slug":"tappa-3","status":"publish","type":"page","link":"https:\/\/camminodellasibilla.com\/index.php\/le-tappe\/tappa-3\/","title":{"rendered":"Tappa 3"},"content":{"rendered":"\t\t<div data-elementor-type=\"wp-page\" data-elementor-id=\"1374\" class=\"elementor elementor-1374\" data-elementor-post-type=\"page\">\n\t\t\t\t\t\t<section class=\"elementor-section elementor-top-section elementor-element elementor-element-fa164bb elementor-section-boxed elementor-section-height-default elementor-section-height-default wpr-particle-no wpr-jarallax-no wpr-parallax-no wpr-sticky-section-no\" data-id=\"fa164bb\" data-element_type=\"section\">\n\t\t\t\t\t\t<div class=\"elementor-container elementor-column-gap-default\">\n\t\t\t\t\t<div class=\"elementor-column elementor-col-100 elementor-top-column elementor-element elementor-element-4af0e2e\" data-id=\"4af0e2e\" data-element_type=\"column\">\n\t\t\t<div class=\"elementor-widget-wrap elementor-element-populated\">\n\t\t\t\t\t\t<div class=\"elementor-element elementor-element-e6074e3 elementor-widget elementor-widget-heading\" data-id=\"e6074e3\" data-element_type=\"widget\" data-widget_type=\"heading.default\">\n\t\t\t\t<div class=\"elementor-widget-container\">\n\t\t\t\t\t<h1 class=\"elementor-heading-title elementor-size-default\">Castel di Tora - Orvinio<\/h1>\t\t\t\t<\/div>\n\t\t\t\t<\/div>\n\t\t\t\t\t<\/div>\n\t\t<\/div>\n\t\t\t\t\t<\/div>\n\t\t<\/section>\n\t\t\t\t<section class=\"elementor-section elementor-top-section elementor-element elementor-element-2a2c5cf elementor-section-boxed elementor-section-height-default elementor-section-height-default wpr-particle-no wpr-jarallax-no wpr-parallax-no wpr-sticky-section-no\" data-id=\"2a2c5cf\" data-element_type=\"section\">\n\t\t\t\t\t\t<div class=\"elementor-container elementor-column-gap-default\">\n\t\t\t\t\t<div class=\"elementor-column elementor-col-50 elementor-top-column elementor-element elementor-element-61bca67\" data-id=\"61bca67\" data-element_type=\"column\">\n\t\t\t<div class=\"elementor-widget-wrap elementor-element-populated\">\n\t\t\t\t\t\t<div class=\"elementor-element elementor-element-6841615 elementor-widget elementor-widget-image\" data-id=\"6841615\" data-element_type=\"widget\" data-widget_type=\"image.default\">\n\t\t\t\t<div class=\"elementor-widget-container\">\n\t\t\t\t\t\t\t\t\t\t\t\t\t\t\t<img fetchpriority=\"high\" decoding=\"async\" width=\"800\" height=\"410\" src=\"https:\/\/camminodellasibilla.com\/wp-content\/uploads\/2026\/03\/mappacdstappa3-1024x525.png\" class=\"attachment-large size-large wp-image-3684\" alt=\"\" srcset=\"https:\/\/camminodellasibilla.com\/wp-content\/uploads\/2026\/03\/mappacdstappa3-1024x525.png 1024w, https:\/\/camminodellasibilla.com\/wp-content\/uploads\/2026\/03\/mappacdstappa3-300x154.png 300w, https:\/\/camminodellasibilla.com\/wp-content\/uploads\/2026\/03\/mappacdstappa3-768x394.png 768w, https:\/\/camminodellasibilla.com\/wp-content\/uploads\/2026\/03\/mappacdstappa3-1536x787.png 1536w, https:\/\/camminodellasibilla.com\/wp-content\/uploads\/2026\/03\/mappacdstappa3-2048x1050.png 2048w\" sizes=\"(max-width: 800px) 100vw, 800px\" \/>\t\t\t\t\t\t\t\t\t\t\t\t\t\t\t<\/div>\n\t\t\t\t<\/div>\n\t\t\t\t<div class=\"elementor-element elementor-element-4489c9f elementor-widget-tablet__width-initial elementor-widget elementor-widget-image\" data-id=\"4489c9f\" data-element_type=\"widget\" data-widget_type=\"image.default\">\n\t\t\t\t<div class=\"elementor-widget-container\">\n\t\t\t\t\t\t\t\t\t\t\t\t\t\t\t<img decoding=\"async\" width=\"372\" height=\"198\" src=\"https:\/\/camminodellasibilla.com\/wp-content\/uploads\/2026\/03\/daticdstappa3.png\" class=\"attachment-large size-large wp-image-3686\" alt=\"\" srcset=\"https:\/\/camminodellasibilla.com\/wp-content\/uploads\/2026\/03\/daticdstappa3.png 372w, https:\/\/camminodellasibilla.com\/wp-content\/uploads\/2026\/03\/daticdstappa3-300x160.png 300w\" sizes=\"(max-width: 372px) 100vw, 372px\" \/>\t\t\t\t\t\t\t\t\t\t\t\t\t\t\t<\/div>\n\t\t\t\t<\/div>\n\t\t\t\t\t<\/div>\n\t\t<\/div>\n\t\t\t\t<div class=\"elementor-column elementor-col-50 elementor-top-column elementor-element elementor-element-f63aee8\" data-id=\"f63aee8\" data-element_type=\"column\">\n\t\t\t<div class=\"elementor-widget-wrap elementor-element-populated\">\n\t\t\t\t\t\t<div class=\"elementor-element elementor-element-172ea35 elementor-widget__width-initial elementor-widget elementor-widget-text-editor\" data-id=\"172ea35\" data-element_type=\"widget\" data-widget_type=\"text-editor.default\">\n\t\t\t\t<div class=\"elementor-widget-container\">\n\t\t\t\t\t\t\t\t\t<p>Il percorso \u00e8 lungo 13,1 km ed \u00e8 impegnativo, ma offre un paesaggio straordinario. Si inizia dalla suggestiva cittadina di Castel di Tora, che \u00e8 uno dei Borghi pi\u00f9 Belli d&#8217;Italia, e si affronta una lunga e panoramica salita che porta su un ampio crinale. Lungo la salita, si possono ammirare i colori, i riflessi e le varie insenature del piccolo lago artificiale del Turano. Una volta raggiunto il crinale, si prosegue verso il piccolo paese di Pozzaglia Sabina, attraversando un crinale erboso, incantevole e molto ripido. Partendo da Pozzaglia Sabina, ci si dirige verso la meta finale, Orvinio, attraversando un incantevole boschetto misto e ampi pianori. Poco prima di arrivare ad Orvinio, lungo un comodo sentiero sterrato che conduce ai piedi del paese, ci si imbatte nell&#8217;affascinante Abbazia di Santa Maria del Piano, che \u00e8 quasi completamente in rovina, ma conserva ancora un campanile bellissimo. Dopo un ultimo sforzo in salita, si giunge a Orvinio, un pittoresco borgo ricco di storia, che ha avuto origini legate ai monaci di Santa Maria e successivamente \u00e8 entrato in contatto con le famiglie nobili romane.<\/p>\t\t\t\t\t\t\t\t<\/div>\n\t\t\t\t<\/div>\n\t\t\t\t\t<\/div>\n\t\t<\/div>\n\t\t\t\t\t<\/div>\n\t\t<\/section>\n\t\t\t\t<section class=\"elementor-section elementor-top-section elementor-element elementor-element-1ec7b54 elementor-section-boxed elementor-section-height-default elementor-section-height-default wpr-particle-no wpr-jarallax-no wpr-parallax-no wpr-sticky-section-no\" data-id=\"1ec7b54\" data-element_type=\"section\">\n\t\t\t\t\t\t<div class=\"elementor-container elementor-column-gap-default\">\n\t\t\t\t\t<div class=\"elementor-column elementor-col-100 elementor-top-column elementor-element elementor-element-875f885\" data-id=\"875f885\" data-element_type=\"column\">\n\t\t\t<div class=\"elementor-widget-wrap elementor-element-populated\">\n\t\t\t\t\t\t<div class=\"elementor-element elementor-element-f43b491 elementor-widget elementor-widget-image\" data-id=\"f43b491\" data-element_type=\"widget\" data-widget_type=\"image.default\">\n\t\t\t\t<div class=\"elementor-widget-container\">\n\t\t\t\t\t\t\t\t\t\t\t\t\t\t\t<img decoding=\"async\" width=\"800\" height=\"127\" src=\"https:\/\/camminodellasibilla.com\/wp-content\/uploads\/2026\/03\/profilo-altcdstappa3-1024x163.png\" class=\"attachment-large size-large wp-image-3685\" alt=\"\" srcset=\"https:\/\/camminodellasibilla.com\/wp-content\/uploads\/2026\/03\/profilo-altcdstappa3-1024x163.png 1024w, https:\/\/camminodellasibilla.com\/wp-content\/uploads\/2026\/03\/profilo-altcdstappa3-300x48.png 300w, https:\/\/camminodellasibilla.com\/wp-content\/uploads\/2026\/03\/profilo-altcdstappa3-768x122.png 768w, https:\/\/camminodellasibilla.com\/wp-content\/uploads\/2026\/03\/profilo-altcdstappa3-1536x244.png 1536w, https:\/\/camminodellasibilla.com\/wp-content\/uploads\/2026\/03\/profilo-altcdstappa3.png 1936w\" sizes=\"(max-width: 800px) 100vw, 800px\" \/>\t\t\t\t\t\t\t\t\t\t\t\t\t\t\t<\/div>\n\t\t\t\t<\/div>\n\t\t\t\t\t<\/div>\n\t\t<\/div>\n\t\t\t\t\t<\/div>\n\t\t<\/section>\n\t\t\t\t<section class=\"elementor-section elementor-top-section elementor-element elementor-element-81e0ef5 elementor-section-boxed elementor-section-height-default elementor-section-height-default wpr-particle-no wpr-jarallax-no wpr-parallax-no wpr-sticky-section-no\" data-id=\"81e0ef5\" data-element_type=\"section\">\n\t\t\t\t\t\t<div class=\"elementor-container elementor-column-gap-default\">\n\t\t\t\t\t<div class=\"elementor-column elementor-col-50 elementor-top-column elementor-element elementor-element-3891971\" data-id=\"3891971\" data-element_type=\"column\">\n\t\t\t<div class=\"elementor-widget-wrap elementor-element-populated\">\n\t\t\t\t\t\t<div class=\"elementor-element elementor-element-fc7a9e1 elementor-headline--style-highlight elementor-widget elementor-widget-animated-headline\" data-id=\"fc7a9e1\" data-element_type=\"widget\" data-settings=\"{&quot;highlighted_text&quot;:&quot;la traccia&quot;,&quot;headline_style&quot;:&quot;highlight&quot;,&quot;marker&quot;:&quot;circle&quot;,&quot;loop&quot;:&quot;yes&quot;,&quot;highlight_animation_duration&quot;:1200,&quot;highlight_iteration_delay&quot;:8000}\" data-widget_type=\"animated-headline.default\">\n\t\t\t\t<div class=\"elementor-widget-container\">\n\t\t\t\t\t\t\t<h3 class=\"elementor-headline\">\n\t\t\t\t\t<span class=\"elementor-headline-plain-text elementor-headline-text-wrapper\">Scarica<\/span>\n\t\t\t\t<span class=\"elementor-headline-dynamic-wrapper elementor-headline-text-wrapper\">\n\t\t\t\t\t<span class=\"elementor-headline-dynamic-text elementor-headline-text-active\">la traccia<\/span>\n\t\t\t\t<\/span>\n\t\t\t\t\t<span class=\"elementor-headline-plain-text elementor-headline-text-wrapper\">GPX<\/span>\n\t\t\t\t\t<\/h3>\n\t\t\t\t\t\t<\/div>\n\t\t\t\t<\/div>\n\t\t\t\t\t<\/div>\n\t\t<\/div>\n\t\t\t\t<div class=\"elementor-column elementor-col-50 elementor-top-column elementor-element elementor-element-a466e7d\" data-id=\"a466e7d\" data-element_type=\"column\">\n\t\t\t<div class=\"elementor-widget-wrap elementor-element-populated\">\n\t\t\t\t\t\t<div class=\"elementor-element elementor-element-ab359b3 elementor-align-center elementor-widget elementor-widget-button\" data-id=\"ab359b3\" data-element_type=\"widget\" data-widget_type=\"button.default\">\n\t\t\t\t<div class=\"elementor-widget-container\">\n\t\t\t\t\t\t\t\t\t<div class=\"elementor-button-wrapper\">\n\t\t\t\t\t<a class=\"elementor-button elementor-button-link elementor-size-xl elementor-animation-grow\" href=\"https:\/\/camminodellasibilla.com\/wp-content\/uploads\/2026\/02\/Castel-di-Tora-Orvinio.zip\">\n\t\t\t\t\t\t<span class=\"elementor-button-content-wrapper\">\n\t\t\t\t\t\t\t\t\t<span class=\"elementor-button-text\">Download<\/span>\n\t\t\t\t\t<\/span>\n\t\t\t\t\t<\/a>\n\t\t\t\t<\/div>\n\t\t\t\t\t\t\t\t<\/div>\n\t\t\t\t<\/div>\n\t\t\t\t\t<\/div>\n\t\t<\/div>\n\t\t\t\t\t<\/div>\n\t\t<\/section>\n\t\t\t\t<section class=\"elementor-section elementor-top-section elementor-element elementor-element-b47f635 elementor-section-boxed elementor-section-height-default elementor-section-height-default wpr-particle-no wpr-jarallax-no wpr-parallax-no wpr-sticky-section-no\" data-id=\"b47f635\" data-element_type=\"section\">\n\t\t\t\t\t\t<div class=\"elementor-container elementor-column-gap-default\">\n\t\t\t\t\t<div class=\"elementor-column elementor-col-100 elementor-top-column elementor-element elementor-element-3c9502f\" data-id=\"3c9502f\" data-element_type=\"column\">\n\t\t\t<div class=\"elementor-widget-wrap elementor-element-populated\">\n\t\t\t\t\t\t<div class=\"elementor-element elementor-element-5ff1625 elementor-widget elementor-widget-gallery\" data-id=\"5ff1625\" data-element_type=\"widget\" data-settings=\"{&quot;lazyload&quot;:&quot;yes&quot;,&quot;gallery_layout&quot;:&quot;grid&quot;,&quot;columns&quot;:4,&quot;columns_tablet&quot;:2,&quot;columns_mobile&quot;:1,&quot;gap&quot;:{&quot;unit&quot;:&quot;px&quot;,&quot;size&quot;:10,&quot;sizes&quot;:[]},&quot;gap_tablet&quot;:{&quot;unit&quot;:&quot;px&quot;,&quot;size&quot;:10,&quot;sizes&quot;:[]},&quot;gap_mobile&quot;:{&quot;unit&quot;:&quot;px&quot;,&quot;size&quot;:10,&quot;sizes&quot;:[]},&quot;link_to&quot;:&quot;file&quot;,&quot;aspect_ratio&quot;:&quot;3:2&quot;,&quot;overlay_background&quot;:&quot;yes&quot;,&quot;content_hover_animation&quot;:&quot;fade-in&quot;}\" data-widget_type=\"gallery.default\">\n\t\t\t\t<div class=\"elementor-widget-container\">\n\t\t\t\t\t\t\t<div class=\"elementor-gallery__container\">\n\t\t\t\t\t\t\t<a class=\"e-gallery-item elementor-gallery-item elementor-animated-content\" href=\"https:\/\/camminodellasibilla.com\/wp-content\/uploads\/2023\/12\/lago_Castelditora-2.jpg\" data-elementor-open-lightbox=\"yes\" data-elementor-lightbox-slideshow=\"5ff1625\" data-elementor-lightbox-title=\"lago_Castelditora (2)\" data-e-action-hash=\"#elementor-action%3Aaction%3Dlightbox%26settings%3DeyJpZCI6MjY2NSwidXJsIjoiaHR0cHM6XC9cL2NhbW1pbm9kZWxsYXNpYmlsbGEuY29tXC93cC1jb250ZW50XC91cGxvYWRzXC8yMDIzXC8xMlwvbGFnb19DYXN0ZWxkaXRvcmEtMi5qcGciLCJzbGlkZXNob3ciOiI1ZmYxNjI1In0%3D\">\n\t\t\t\t\t<div class=\"e-gallery-image elementor-gallery-item__image\" data-thumbnail=\"https:\/\/camminodellasibilla.com\/wp-content\/uploads\/2023\/12\/lago_Castelditora-2-300x200.jpg\" data-width=\"300\" data-height=\"200\" aria-label=\"\" role=\"img\" ><\/div>\n\t\t\t\t\t\t\t\t\t\t\t<div class=\"elementor-gallery-item__overlay\"><\/div>\n\t\t\t\t\t\t\t\t\t\t\t\t\t\t<\/a>\n\t\t\t\t\t\t\t<a class=\"e-gallery-item elementor-gallery-item elementor-animated-content\" href=\"https:\/\/camminodellasibilla.com\/wp-content\/uploads\/2023\/09\/rietirocca2.png\" data-elementor-open-lightbox=\"yes\" data-elementor-lightbox-slideshow=\"5ff1625\" data-elementor-lightbox-title=\"rietirocca2\" data-e-action-hash=\"#elementor-action%3Aaction%3Dlightbox%26settings%3DeyJpZCI6NzYwLCJ1cmwiOiJodHRwczpcL1wvY2FtbWlub2RlbGxhc2liaWxsYS5jb21cL3dwLWNvbnRlbnRcL3VwbG9hZHNcLzIwMjNcLzA5XC9yaWV0aXJvY2NhMi5wbmciLCJzbGlkZXNob3ciOiI1ZmYxNjI1In0%3D\">\n\t\t\t\t\t<div class=\"e-gallery-image elementor-gallery-item__image\" data-thumbnail=\"https:\/\/camminodellasibilla.com\/wp-content\/uploads\/2023\/09\/rietirocca2-300x200.png\" data-width=\"300\" data-height=\"200\" aria-label=\"\" role=\"img\" ><\/div>\n\t\t\t\t\t\t\t\t\t\t\t<div class=\"elementor-gallery-item__overlay\"><\/div>\n\t\t\t\t\t\t\t\t\t\t\t\t\t\t<\/a>\n\t\t\t\t\t\t\t<a class=\"e-gallery-item elementor-gallery-item elementor-animated-content\" href=\"https:\/\/camminodellasibilla.com\/wp-content\/uploads\/2023\/09\/rietirocca3.png\" data-elementor-open-lightbox=\"yes\" data-elementor-lightbox-slideshow=\"5ff1625\" data-elementor-lightbox-title=\"rietirocca3\" data-e-action-hash=\"#elementor-action%3Aaction%3Dlightbox%26settings%3DeyJpZCI6NzYxLCJ1cmwiOiJodHRwczpcL1wvY2FtbWlub2RlbGxhc2liaWxsYS5jb21cL3dwLWNvbnRlbnRcL3VwbG9hZHNcLzIwMjNcLzA5XC9yaWV0aXJvY2NhMy5wbmciLCJzbGlkZXNob3ciOiI1ZmYxNjI1In0%3D\">\n\t\t\t\t\t<div class=\"e-gallery-image elementor-gallery-item__image\" data-thumbnail=\"https:\/\/camminodellasibilla.com\/wp-content\/uploads\/2023\/09\/rietirocca3-300x200.png\" data-width=\"300\" data-height=\"200\" aria-label=\"\" role=\"img\" ><\/div>\n\t\t\t\t\t\t\t\t\t\t\t<div class=\"elementor-gallery-item__overlay\"><\/div>\n\t\t\t\t\t\t\t\t\t\t\t\t\t\t<\/a>\n\t\t\t\t\t\t\t<a class=\"e-gallery-item elementor-gallery-item elementor-animated-content\" href=\"https:\/\/camminodellasibilla.com\/wp-content\/uploads\/2023\/12\/Tappa4_parcolucretili-1-1-scaled.jpg\" data-elementor-open-lightbox=\"yes\" data-elementor-lightbox-slideshow=\"5ff1625\" data-elementor-lightbox-title=\"Tappa4_parcolucretili (1) (1)\" data-e-action-hash=\"#elementor-action%3Aaction%3Dlightbox%26settings%3DeyJpZCI6MjY2NiwidXJsIjoiaHR0cHM6XC9cL2NhbW1pbm9kZWxsYXNpYmlsbGEuY29tXC93cC1jb250ZW50XC91cGxvYWRzXC8yMDIzXC8xMlwvVGFwcGE0X3BhcmNvbHVjcmV0aWxpLTEtMS1zY2FsZWQuanBnIiwic2xpZGVzaG93IjoiNWZmMTYyNSJ9\">\n\t\t\t\t\t<div class=\"e-gallery-image elementor-gallery-item__image\" data-thumbnail=\"https:\/\/camminodellasibilla.com\/wp-content\/uploads\/2023\/12\/Tappa4_parcolucretili-1-1-300x200.jpg\" data-width=\"300\" data-height=\"200\" aria-label=\"\" role=\"img\" ><\/div>\n\t\t\t\t\t\t\t\t\t\t\t<div class=\"elementor-gallery-item__overlay\"><\/div>\n\t\t\t\t\t\t\t\t\t\t\t\t\t\t<\/a>\n\t\t\t\t\t<\/div>\n\t\t\t\t\t<\/div>\n\t\t\t\t<\/div>\n\t\t\t\t<div class=\"elementor-element elementor-element-fb3d97c elementor-widget elementor-widget-heading\" data-id=\"fb3d97c\" data-element_type=\"widget\" data-widget_type=\"heading.default\">\n\t\t\t\t<div class=\"elementor-widget-container\">\n\t\t\t\t\t<h2 class=\"elementor-heading-title elementor-size-default\">Timbro di tappa<\/h2>\t\t\t\t<\/div>\n\t\t\t\t<\/div>\n\t\t\t\t\t<\/div>\n\t\t<\/div>\n\t\t\t\t\t<\/div>\n\t\t<\/section>\n\t\t\t\t<section class=\"elementor-section elementor-top-section elementor-element elementor-element-6ef377a elementor-section-boxed elementor-section-height-default elementor-section-height-default wpr-particle-no wpr-jarallax-no wpr-parallax-no wpr-sticky-section-no\" data-id=\"6ef377a\" data-element_type=\"section\">\n\t\t\t\t\t\t<div class=\"elementor-container elementor-column-gap-default\">\n\t\t\t\t\t<div class=\"elementor-column elementor-col-50 elementor-top-column elementor-element elementor-element-85f4767\" data-id=\"85f4767\" data-element_type=\"column\">\n\t\t\t<div class=\"elementor-widget-wrap elementor-element-populated\">\n\t\t\t\t\t\t<div class=\"elementor-element elementor-element-8ae9277 elementor-widget elementor-widget-text-editor\" data-id=\"8ae9277\" data-element_type=\"widget\" data-widget_type=\"text-editor.default\">\n\t\t\t\t<div class=\"elementor-widget-container\">\n\t\t\t\t\t\t\t\t\t<p>CASTEL DI TORA<\/p><p>Comune di Castel di Tora<\/p><p>via Don Sabino Gentili, 11<\/p><p>\u00a0<\/p><p>Bar Ristorante Dea<\/p><p>Piazza S. Giovanni, 2<\/p>\t\t\t\t\t\t\t\t<\/div>\n\t\t\t\t<\/div>\n\t\t\t\t\t<\/div>\n\t\t<\/div>\n\t\t\t\t<div class=\"elementor-column elementor-col-50 elementor-top-column elementor-element elementor-element-0a23c76\" data-id=\"0a23c76\" data-element_type=\"column\">\n\t\t\t<div class=\"elementor-widget-wrap elementor-element-populated\">\n\t\t\t\t\t\t<div class=\"elementor-element elementor-element-e823084 elementor-widget elementor-widget-text-editor\" data-id=\"e823084\" data-element_type=\"widget\" data-widget_type=\"text-editor.default\">\n\t\t\t\t<div class=\"elementor-widget-container\">\n\t\t\t\t\t\t\t\t\t<p>POZZAGLIA SABINA<\/p><p>Bar Fernando e Stefania<\/p><p>V.le Principe Borghese, 6<\/p><p>&#8211;<\/p><p>ORVINIO<\/p><p>Altair creazioni orafe<\/p><p>Piazza Garibaldi, 11<\/p><p>\u00a0<\/p><p>B&amp;B Il Sorriso dei monti<\/p><p>Via Vincenzo Segni, 20<\/p><p>3337620639 (Maurizio)<\/p>\t\t\t\t\t\t\t\t<\/div>\n\t\t\t\t<\/div>\n\t\t\t\t\t<\/div>\n\t\t<\/div>\n\t\t\t\t\t<\/div>\n\t\t<\/section>\n\t\t\t\t<section class=\"elementor-section elementor-top-section elementor-element elementor-element-98ea573 elementor-section-boxed elementor-section-height-default elementor-section-height-default wpr-particle-no wpr-jarallax-no wpr-parallax-no wpr-sticky-section-no\" data-id=\"98ea573\" data-element_type=\"section\">\n\t\t\t\t\t\t<div class=\"elementor-container elementor-column-gap-default\">\n\t\t\t\t\t<div class=\"elementor-column elementor-col-100 elementor-top-column elementor-element elementor-element-52c7186\" data-id=\"52c7186\" data-element_type=\"column\">\n\t\t\t<div class=\"elementor-widget-wrap elementor-element-populated\">\n\t\t\t\t\t\t<div class=\"elementor-element elementor-element-e644358 elementor-widget elementor-widget-heading\" data-id=\"e644358\" data-element_type=\"widget\" data-widget_type=\"heading.default\">\n\t\t\t\t<div class=\"elementor-widget-container\">\n\t\t\t\t\t<h2 class=\"elementor-heading-title elementor-size-default\">Dove dormire<\/h2>\t\t\t\t<\/div>\n\t\t\t\t<\/div>\n\t\t\t\t\t<\/div>\n\t\t<\/div>\n\t\t\t\t\t<\/div>\n\t\t<\/section>\n\t\t\t\t<section class=\"elementor-section elementor-top-section elementor-element elementor-element-f2a0290 elementor-section-full_width elementor-section-height-default elementor-section-height-default wpr-particle-no wpr-jarallax-no wpr-parallax-no wpr-sticky-section-no\" data-id=\"f2a0290\" data-element_type=\"section\" data-settings=\"{&quot;background_background&quot;:&quot;classic&quot;}\">\n\t\t\t\t\t\t<div class=\"elementor-container elementor-column-gap-default\">\n\t\t\t\t\t<div class=\"elementor-column elementor-col-100 elementor-top-column elementor-element elementor-element-2075449\" data-id=\"2075449\" data-element_type=\"column\">\n\t\t\t<div class=\"elementor-widget-wrap elementor-element-populated\">\n\t\t\t\t\t\t<div class=\"elementor-element elementor-element-f934826 elementor-widget elementor-widget-eael-adv-accordion\" data-id=\"f934826\" data-element_type=\"widget\" data-widget_type=\"eael-adv-accordion.default\">\n\t\t\t\t<div class=\"elementor-widget-container\">\n\t\t\t\t\t        <div class=\"eael-adv-accordion\" id=\"eael-adv-accordion-f934826\" data-scroll-on-click=\"no\" data-scroll-speed=\"300\" data-accordion-id=\"f934826\" data-accordion-type=\"accordion\" data-toogle-speed=\"300\">\n    <div class=\"eael-accordion-list\">\n                <div id=\"castel-di-tora-casa-del-pellegrino-da-rita\" class=\"elementor-tab-title eael-accordion-header\" tabindex=\"0\" data-tab=\"1\" aria-controls=\"elementor-tab-content-2611\"><span class=\"eael-advanced-accordion-icon-closed\"><i aria-hidden=\"true\" class=\"fa-accordion-icon fas fa-plus\"><\/i><\/span><span class=\"eael-advanced-accordion-icon-opened\"><i aria-hidden=\"true\" class=\"fa-accordion-icon fas fa-minus\"><\/i><\/span><h3 class=\"eael-accordion-tab-title\">Castel di Tora - Casa del pellegrino da Rita<\/h3><i aria-hidden=\"true\" class=\"fa-toggle fas fa-angle-right\"><\/i><\/div><div id=\"elementor-tab-content-2611\" class=\"eael-accordion-content clearfix\" data-tab=\"1\" aria-labelledby=\"castel-di-tora-casa-del-pellegrino-da-rita\"><p class=\"p1\">OSPITALIT\u00c0 A DONATIVO<\/p><p class=\"p1\">Salita San Rocco poco dopo partenza tappa successiva<\/p><p class=\"p1\">3289745678 (Rita)<\/p><p class=\"p1\">Donativo<\/p><\/div>\n                <\/div><div class=\"eael-accordion-list\">\n                <div id=\"castel-di-tora-bar-ristorante-dea-\" class=\"elementor-tab-title eael-accordion-header\" tabindex=\"0\" data-tab=\"2\" aria-controls=\"elementor-tab-content-2612\"><span class=\"eael-advanced-accordion-icon-closed\"><i aria-hidden=\"true\" class=\"fa-accordion-icon fas fa-plus\"><\/i><\/span><span class=\"eael-advanced-accordion-icon-opened\"><i aria-hidden=\"true\" class=\"fa-accordion-icon fas fa-minus\"><\/i><\/span><h3 class=\"eael-accordion-tab-title\">Castel di Tora - Bar ristorante Dea <\/h3><i aria-hidden=\"true\" class=\"fa-toggle fas fa-angle-right\"><\/i><\/div><div id=\"elementor-tab-content-2612\" class=\"eael-accordion-content clearfix\" data-tab=\"2\" aria-labelledby=\"castel-di-tora-bar-ristorante-dea-\"><p class=\"p1\">CASA VACANZE<\/p><p class=\"p1\">Piazza San Giovanni 2<\/p><p class=\"p1\">3287630820 (Viola)<\/p><p>11 Posti<\/p><p class=\"p1\">BB 40\u20ac supplemento riscaldamento 5\u20ac a persona<\/p><\/div>\n                <\/div><div class=\"eael-accordion-list\">\n                <div id=\"castel-di-tora-la-dimora-del-turano\" class=\"elementor-tab-title eael-accordion-header\" tabindex=\"0\" data-tab=\"3\" aria-controls=\"elementor-tab-content-2613\"><span class=\"eael-advanced-accordion-icon-closed\"><i aria-hidden=\"true\" class=\"fa-accordion-icon fas fa-plus\"><\/i><\/span><span class=\"eael-advanced-accordion-icon-opened\"><i aria-hidden=\"true\" class=\"fa-accordion-icon fas fa-minus\"><\/i><\/span><h3 class=\"eael-accordion-tab-title\">Castel di Tora - La dimora del Turano<\/h3><i aria-hidden=\"true\" class=\"fa-toggle fas fa-angle-right\"><\/i><\/div><div id=\"elementor-tab-content-2613\" class=\"eael-accordion-content clearfix\" data-tab=\"3\" aria-labelledby=\"castel-di-tora-la-dimora-del-turano\"><p class=\"p1\">CASA VACANZE<\/p><p class=\"p1\">Via Umberto I, 34<\/p><p class=\"p1\">3471470162 (Massimiliano)<\/p><p class=\"p1\">ladimoradelturano@gmail.com<\/p><p class=\"p1\">3 posti \u2013 Intero appartamento con cucina<\/p><p class=\"p1\">SGL 50\u20ac DBL 40\u20ac TPL(matrimoniale + singola) 35\u20ac<\/p><\/div>\n                <\/div><div class=\"eael-accordion-list\">\n                <div id=\"castel-di-tora-casa-vacanze-vista-lago-lake-holiday-\" class=\"elementor-tab-title eael-accordion-header\" tabindex=\"0\" data-tab=\"4\" aria-controls=\"elementor-tab-content-2614\"><span class=\"eael-advanced-accordion-icon-closed\"><i aria-hidden=\"true\" class=\"fa-accordion-icon fas fa-plus\"><\/i><\/span><span class=\"eael-advanced-accordion-icon-opened\"><i aria-hidden=\"true\" class=\"fa-accordion-icon fas fa-minus\"><\/i><\/span><h3 class=\"eael-accordion-tab-title\">Castel di Tora - Casa vacanze vista lago \"Lake Holiday\" <\/h3><i aria-hidden=\"true\" class=\"fa-toggle fas fa-angle-right\"><\/i><\/div><div id=\"elementor-tab-content-2614\" class=\"eael-accordion-content clearfix\" data-tab=\"4\" aria-labelledby=\"castel-di-tora-casa-vacanze-vista-lago-lake-holiday-\"><p class=\"p1\">CASA VACANZE<\/p><p class=\"p1\">Via Turano, 19<\/p><p class=\"p1\">3473360719 (Giampaolo)<\/p><p class=\"p1\">turanoexperiences@gmail.com<\/p><p class=\"p1\">fino a 6 posti tra stanza e casa nel centro storico con terrazzo vista lago. Camera doppia con ingresso indipendente, bagno privato e colazione inclusa<\/p><p class=\"p1\">Prezzo riferito a due persone 70 \u20ac bassa stagione, 80 \u20ac alta stagione, 90 \u20ac altissima stagione. Eventuale supplemento riscaldamento su richiesta.<\/p><\/div>\n                <\/div><div class=\"eael-accordion-list\">\n                <div id=\"castel-di-tora-agriturismo-la-posta\" class=\"elementor-tab-title eael-accordion-header\" tabindex=\"0\" data-tab=\"5\" aria-controls=\"elementor-tab-content-2615\"><span class=\"eael-advanced-accordion-icon-closed\"><i aria-hidden=\"true\" class=\"fa-accordion-icon fas fa-plus\"><\/i><\/span><span class=\"eael-advanced-accordion-icon-opened\"><i aria-hidden=\"true\" class=\"fa-accordion-icon fas fa-minus\"><\/i><\/span><h3 class=\"eael-accordion-tab-title\">Castel di Tora - Agriturismo La Posta<\/h3><i aria-hidden=\"true\" class=\"fa-toggle fas fa-angle-right\"><\/i><\/div><div id=\"elementor-tab-content-2615\" class=\"eael-accordion-content clearfix\" data-tab=\"5\" aria-labelledby=\"castel-di-tora-agriturismo-la-posta\"><p class=\"p1\">AGRITURISMO<\/p><p class=\"p1\">Via Rio Snc \u2013 Loc. Campigliano a 500m dal paese, sul\u00a0sentiero<\/p><p class=\"p1\">3467383799 (Francesca) 3381607521 (Paola)<\/p><p class=\"p1\">agriturismolaposta@gmail.com<\/p><p class=\"p1\">matrimoniale o doppia BB \u20ac 55, singola BB \u20ac 30, triple BB \u20ac 65, quadrupla BB \u20ac 75<\/p><p class=\"p1\">Cena viandante \u20ac 15 \/ \u20ac 25<\/p><\/div>\n                <\/div><div class=\"eael-accordion-list\">\n                <div id=\"pozzaglia-sabina-suore-della-carit-\" class=\"elementor-tab-title eael-accordion-header\" tabindex=\"0\" data-tab=\"6\" aria-controls=\"elementor-tab-content-2616\"><span class=\"eael-advanced-accordion-icon-closed\"><i aria-hidden=\"true\" class=\"fa-accordion-icon fas fa-plus\"><\/i><\/span><span class=\"eael-advanced-accordion-icon-opened\"><i aria-hidden=\"true\" class=\"fa-accordion-icon fas fa-minus\"><\/i><\/span><h3 class=\"eael-accordion-tab-title\">Pozzaglia Sabina - Suore della carit\u00e0 <\/h3><i aria-hidden=\"true\" class=\"fa-toggle fas fa-angle-right\"><\/i><\/div><div id=\"elementor-tab-content-2616\" class=\"eael-accordion-content clearfix\" data-tab=\"6\" aria-labelledby=\"pozzaglia-sabina-suore-della-carit-\"><p class=\"p1\">A DONATIVO<\/p><p class=\"p1\">Piazza Sant\u2019Agostina,7<\/p><p class=\"p1\">0765934041<\/p><p class=\"p1\">suore.pozzaglia@gmail.com<\/p><p class=\"p1\">Pernottamento con colazione<\/p><p class=\"p1\">ASSOLUTAMENTE PRENOTARE<\/p><p class=\"p1\">Donativo<\/p><\/div>\n                <\/div><div class=\"eael-accordion-list\">\n                <div id=\"orvinio-souvenirs-dantan-\" class=\"elementor-tab-title eael-accordion-header\" tabindex=\"0\" data-tab=\"7\" aria-controls=\"elementor-tab-content-2617\"><span class=\"eael-advanced-accordion-icon-closed\"><i aria-hidden=\"true\" class=\"fa-accordion-icon fas fa-plus\"><\/i><\/span><span class=\"eael-advanced-accordion-icon-opened\"><i aria-hidden=\"true\" class=\"fa-accordion-icon fas fa-minus\"><\/i><\/span><h3 class=\"eael-accordion-tab-title\">Orvinio - Souvenirs d'Antan <\/h3><i aria-hidden=\"true\" class=\"fa-toggle fas fa-angle-right\"><\/i><\/div><div id=\"elementor-tab-content-2617\" class=\"eael-accordion-content clearfix\" data-tab=\"7\" aria-labelledby=\"orvinio-souvenirs-dantan-\"><p class=\"p1\">B&amp;B<\/p><p class=\"p1\">Via Manenti, 9<\/p><p class=\"p1\">3472291368 (Mariarita)<\/p><p class=\"p1\">maritafrancucci@gmail.com<\/p><p class=\"p1\">Uso cucina, Wi-Fi e TV<\/p><p class=\"p1\">BB 30\u20ac a persona<\/p><\/div>\n                <\/div><div class=\"eael-accordion-list\">\n                <div id=\"orvinio-il-sorriso-dei-monti-\" class=\"elementor-tab-title eael-accordion-header\" tabindex=\"0\" data-tab=\"8\" aria-controls=\"elementor-tab-content-2618\"><span class=\"eael-advanced-accordion-icon-closed\"><i aria-hidden=\"true\" class=\"fa-accordion-icon fas fa-plus\"><\/i><\/span><span class=\"eael-advanced-accordion-icon-opened\"><i aria-hidden=\"true\" class=\"fa-accordion-icon fas fa-minus\"><\/i><\/span><h3 class=\"eael-accordion-tab-title\">Orvinio - Il sorriso dei monti <\/h3><i aria-hidden=\"true\" class=\"fa-toggle fas fa-angle-right\"><\/i><\/div><div id=\"elementor-tab-content-2618\" class=\"eael-accordion-content clearfix\" data-tab=\"8\" aria-labelledby=\"orvinio-il-sorriso-dei-monti-\"><p class=\"p1\">B&amp;B<\/p><p class=\"p1\">Via Vincenzo Segni 20<\/p><p class=\"p1\">3479206626 (Simonetta) 3337620639 (Maurizio)<\/p><p class=\"p1\">www.ilsorrisodeimonti.it<\/p><p class=\"p1\">info@ilsorrisodeimonti.it<\/p><p class=\"p1\">Supplemento riscaldamento a persona 5\u20ac. Trasporto zaini, servizio lavanderia, uso cucina, Wi-Fi e deposito biciclette<\/p><p class=\"p1\">BB 30\u20ac Singola 60\u20ac Doppia<\/p><\/div>\n                <\/div><div class=\"eael-accordion-list\">\n                <div id=\"orvinio-casa-dei-ricordi-\" class=\"elementor-tab-title eael-accordion-header\" tabindex=\"0\" data-tab=\"9\" aria-controls=\"elementor-tab-content-2619\"><span class=\"eael-advanced-accordion-icon-closed\"><i aria-hidden=\"true\" class=\"fa-accordion-icon fas fa-plus\"><\/i><\/span><span class=\"eael-advanced-accordion-icon-opened\"><i aria-hidden=\"true\" class=\"fa-accordion-icon fas fa-minus\"><\/i><\/span><h3 class=\"eael-accordion-tab-title\">Orvinio - Casa dei ricordi <\/h3><i aria-hidden=\"true\" class=\"fa-toggle fas fa-angle-right\"><\/i><\/div><div id=\"elementor-tab-content-2619\" class=\"eael-accordion-content clearfix\" data-tab=\"9\" aria-labelledby=\"orvinio-casa-dei-ricordi-\"><p class=\"p1\">B&amp;B<\/p><p class=\"p1\">Via Vincenzo Segni 26<\/p><p class=\"p1\">3479206626 (Simonetta) 3337620639 (Maurizio)<\/p><p class=\"p1\">Supplemento riscaldamento a persona 5\u20ac. Trasporto zaini, servizio lavanderia, uso cucina, Wi-Fi e deposito biciclette<\/p><p class=\"p1\">BB 35\u20ac Singola 70\u20ac Doppia,<\/p><\/div>\n                <\/div><div class=\"eael-accordion-list\">\n                <div id=\"orvinio-casa-vacanze-il-sorriso\" class=\"elementor-tab-title eael-accordion-header\" tabindex=\"0\" data-tab=\"10\" aria-controls=\"elementor-tab-content-26110\"><span class=\"eael-advanced-accordion-icon-closed\"><i aria-hidden=\"true\" class=\"fa-accordion-icon fas fa-plus\"><\/i><\/span><span class=\"eael-advanced-accordion-icon-opened\"><i aria-hidden=\"true\" class=\"fa-accordion-icon fas fa-minus\"><\/i><\/span><h3 class=\"eael-accordion-tab-title\">Orvinio - Casa vacanze Il Sorriso<\/h3><i aria-hidden=\"true\" class=\"fa-toggle fas fa-angle-right\"><\/i><\/div><div id=\"elementor-tab-content-26110\" class=\"eael-accordion-content clearfix\" data-tab=\"10\" aria-labelledby=\"orvinio-casa-vacanze-il-sorriso\"><p class=\"p1\">CASA VACANZE<\/p><p class=\"p1\">3479206626 (Simonetta) 3337620639 (Maurizio)<\/p><p class=\"p1\">Mini appartamento fino a 5 persone. Supplemento riscaldamento a persona 5\u20ac. Trasporto zaini, servizio lavanderia, uso cucina, Wi-Fi e deposito biciclette<\/p><p class=\"p1\">Fino a 2 persone 80\u20ac ogni persona in pi\u00f9 10\u20ac<\/p><\/div>\n                <\/div><div class=\"eael-accordion-list\">\n                <div id=\"orvinio-ostello-san-michele-\" class=\"elementor-tab-title eael-accordion-header\" tabindex=\"0\" data-tab=\"11\" aria-controls=\"elementor-tab-content-26111\"><span class=\"eael-advanced-accordion-icon-closed\"><i aria-hidden=\"true\" class=\"fa-accordion-icon fas fa-plus\"><\/i><\/span><span class=\"eael-advanced-accordion-icon-opened\"><i aria-hidden=\"true\" class=\"fa-accordion-icon fas fa-minus\"><\/i><\/span><h3 class=\"eael-accordion-tab-title\">Orvinio - Ostello San Michele <\/h3><i aria-hidden=\"true\" class=\"fa-toggle fas fa-angle-right\"><\/i><\/div><div id=\"elementor-tab-content-26111\" class=\"eael-accordion-content clearfix\" data-tab=\"11\" aria-labelledby=\"orvinio-ostello-san-michele-\"><p class=\"p1\">OSTELLO<\/p><p class=\"p1\">Localit\u00e0 Pratarella &#8211; Orvinio<\/p><p class=\"p1\">3479206626 (Simonetta) 3337620639 (Maurizio)<\/p><p class=\"p1\">A 3 km sulla tappa successiva, disponibile servizio navetta, ideale per gruppi. Cucina e Wi- Fi.<\/p><p class=\"p1\">In camerata: SP senza biancheria 20\u20ac, BB e biancheria 25\u20ac.In camera con bagno: SGL 40 \u20ac, DBL 30\u20ac, Posto tenda 8\u20ac a persona.<\/p><\/div>\n                <\/div><\/div>\t\t\t\t<\/div>\n\t\t\t\t<\/div>\n\t\t\t\t\t<\/div>\n\t\t<\/div>\n\t\t\t\t\t<\/div>\n\t\t<\/section>\n\t\t\t\t<section class=\"elementor-section elementor-top-section elementor-element elementor-element-1fe1c09 elementor-section-boxed elementor-section-height-default elementor-section-height-default wpr-particle-no wpr-jarallax-no wpr-parallax-no wpr-sticky-section-no\" data-id=\"1fe1c09\" data-element_type=\"section\">\n\t\t\t\t\t\t<div class=\"elementor-container elementor-column-gap-default\">\n\t\t\t\t\t<div class=\"elementor-column elementor-col-100 elementor-top-column elementor-element elementor-element-ab3c1d0\" data-id=\"ab3c1d0\" data-element_type=\"column\">\n\t\t\t<div class=\"elementor-widget-wrap elementor-element-populated\">\n\t\t\t\t\t\t<div class=\"elementor-element elementor-element-f67af48 elementor-widget elementor-widget-text-editor\" data-id=\"f67af48\" data-element_type=\"widget\" data-widget_type=\"text-editor.default\">\n\t\t\t\t<div class=\"elementor-widget-container\">\n\t\t\t\t\t\t\t\t\t<p class=\"\" style=\"color: #ff5a5f; font-size: 12px;\" data-start=\"346\" data-end=\"460\">Questo sito propone un elenco di strutture di accoglienza pensato per sostenere i camminatori lungo il percorso. Le strutture che richiedono un contributo economico sono soggette, secondo la normativa vigente all\u2019obbligo di possedere un Codice Identificativo Nazionale (CIN). Si consiglia ai viandanti di richiedere il CIN direttamente al gestore per avere conferma della regolarit\u00e0 della struttura. \u00a0Il Cammino della Sirena Mit\u00ec non gestisce direttamente le strutture indicate e pubblica le informazioni a titolo esclusivamente informativo, senza assumersi responsabilit\u00e0 sulla gestione o sulla qualit\u00e0 dei servizi offerti. Per eventuali segnalazioni, aggiornamenti o modifiche relativi alle strutture, puoi contattarci tramite info@camminodellasibilla.com<\/p><p class=\"\" style=\"color: #ff5a5f; font-size: 12px;\" data-start=\"346\" data-end=\"460\">Cammina sereno, rispetta l\u2019ospitalit\u00e0 ricevuta\u2026 e buon Cammino!<\/p>\t\t\t\t\t\t\t\t<\/div>\n\t\t\t\t<\/div>\n\t\t\t\t\t<\/div>\n\t\t<\/div>\n\t\t\t\t\t<\/div>\n\t\t<\/section>\n\t\t\t\t<section class=\"elementor-section elementor-top-section elementor-element elementor-element-ab1e08b elementor-section-boxed elementor-section-height-default elementor-section-height-default wpr-particle-no wpr-jarallax-no wpr-parallax-no wpr-sticky-section-no\" data-id=\"ab1e08b\" data-element_type=\"section\">\n\t\t\t\t\t\t<div class=\"elementor-container elementor-column-gap-default\">\n\t\t\t\t\t<div class=\"elementor-column elementor-col-100 elementor-top-column elementor-element elementor-element-7b77678\" data-id=\"7b77678\" data-element_type=\"column\">\n\t\t\t<div class=\"elementor-widget-wrap elementor-element-populated\">\n\t\t\t\t\t\t<div class=\"elementor-element elementor-element-df4f40b elementor-widget elementor-widget-heading\" data-id=\"df4f40b\" data-element_type=\"widget\" data-widget_type=\"heading.default\">\n\t\t\t\t<div class=\"elementor-widget-container\">\n\t\t\t\t\t<h2 class=\"elementor-heading-title elementor-size-default\">I nostri luoghi<\/h2>\t\t\t\t<\/div>\n\t\t\t\t<\/div>\n\t\t\t\t\t<\/div>\n\t\t<\/div>\n\t\t\t\t\t<\/div>\n\t\t<\/section>\n\t\t\t\t<section class=\"elementor-section elementor-top-section elementor-element elementor-element-a22a98b elementor-section-boxed elementor-section-height-default elementor-section-height-default wpr-particle-no wpr-jarallax-no wpr-parallax-no wpr-sticky-section-no\" data-id=\"a22a98b\" data-element_type=\"section\">\n\t\t\t\t\t\t<div class=\"elementor-container elementor-column-gap-default\">\n\t\t\t\t\t<div class=\"elementor-column elementor-col-33 elementor-top-column elementor-element elementor-element-ddef971\" data-id=\"ddef971\" data-element_type=\"column\">\n\t\t\t<div class=\"elementor-widget-wrap elementor-element-populated\">\n\t\t\t\t\t\t<div class=\"elementor-element elementor-element-cd1b551 elementor-widget elementor-widget-heading\" data-id=\"cd1b551\" data-element_type=\"widget\" data-widget_type=\"heading.default\">\n\t\t\t\t<div class=\"elementor-widget-container\">\n\t\t\t\t\t<h2 class=\"elementor-heading-title elementor-size-default\">Castel di Tora<\/h2>\t\t\t\t<\/div>\n\t\t\t\t<\/div>\n\t\t\t\t<div class=\"elementor-element elementor-element-9cab8bc elementor-widget elementor-widget-image\" data-id=\"9cab8bc\" data-element_type=\"widget\" data-widget_type=\"image.default\">\n\t\t\t\t<div class=\"elementor-widget-container\">\n\t\t\t\t\t\t\t\t\t\t\t\t\t\t\t<img loading=\"lazy\" decoding=\"async\" width=\"800\" height=\"800\" src=\"https:\/\/camminodellasibilla.com\/wp-content\/uploads\/2023\/05\/331965300_757016515571541_3799473195028830898_n-1-1-1-1024x1024.jpg\" class=\"attachment-large size-large wp-image-390\" alt=\"\" srcset=\"https:\/\/camminodellasibilla.com\/wp-content\/uploads\/2023\/05\/331965300_757016515571541_3799473195028830898_n-1-1-1-1024x1024.jpg 1024w, https:\/\/camminodellasibilla.com\/wp-content\/uploads\/2023\/05\/331965300_757016515571541_3799473195028830898_n-1-1-1-300x300.jpg 300w, https:\/\/camminodellasibilla.com\/wp-content\/uploads\/2023\/05\/331965300_757016515571541_3799473195028830898_n-1-1-1-150x150.jpg 150w, https:\/\/camminodellasibilla.com\/wp-content\/uploads\/2023\/05\/331965300_757016515571541_3799473195028830898_n-1-1-1-768x768.jpg 768w, https:\/\/camminodellasibilla.com\/wp-content\/uploads\/2023\/05\/331965300_757016515571541_3799473195028830898_n-1-1-1.jpg 1365w\" sizes=\"(max-width: 800px) 100vw, 800px\" \/>\t\t\t\t\t\t\t\t\t\t\t\t\t\t\t<\/div>\n\t\t\t\t<\/div>\n\t\t\t\t\t<\/div>\n\t\t<\/div>\n\t\t\t\t<div class=\"elementor-column elementor-col-66 elementor-top-column elementor-element elementor-element-ccaf433\" data-id=\"ccaf433\" data-element_type=\"column\">\n\t\t\t<div class=\"elementor-widget-wrap elementor-element-populated\">\n\t\t\t\t\t\t<div class=\"elementor-element elementor-element-0283100 elementor-widget elementor-widget-text-editor\" data-id=\"0283100\" data-element_type=\"widget\" data-widget_type=\"text-editor.default\">\n\t\t\t\t<div class=\"elementor-widget-container\">\n\t\t\t\t\t\t\t\t\t<p>Castel di Tora \u00e8 un comune italiano situato nella provincia di Rieti, nel Lazio, con una popolazione di 266 abitanti.<\/p><p>\u00c8 considerato uno dei borghi pi\u00f9 belli d&#8217;Italia. Il paese si trova sulle sponde del lago del Turano, all&#8217;interno della Riserva naturale dei Monti Navegna e Cervia. La prima testimonianza storica di questo borgo risale al 1035, quando viene menzionato un Castrum Vetus de Ophiano nelle cronache dell&#8217;epoca. Fino al 1864, il paese era conosciuto come Castelvecchio. Il nome attuale \u00e8 stato scelto per richiamare un antico insediamento romano chiamato Tora, dove nel 251 d.C. si verific\u00f2 il martirio di Santa Anatolia, anche se avvenne nell&#8217;abitato omonimo contemporaneo. Di recente \u00e8 stata scoperta una necropoli di epoca imperiale (circa 200 d.C.) nelle vicinanze del paese.<\/p><div class=\"css-5qn6ru-stack css-1rcne62-stack css-1imox1-stackGridRows css-1br7676 css-1hjjleq css-1fux3g0-stackVAlign\"><div class=\"css-5qn6ru-stack css-1rcne62-stack css-1imox1-stackGridRows css-1bjhv8d css-1vznryd\"><h6 class=\"css-4ni2mn css-1hu54b0-textFontWeight css-gylvem-textDisplay css-bmcd97-textWhiteSpace css-7bji7i-wordBreak\"><strong>Monumenti e punti di interesse <\/strong><\/h6><h6 class=\"css-4ni2mn css-1hu54b0-textFontWeight css-gylvem-textDisplay css-bmcd97-textWhiteSpace css-7bji7i-wordBreak\"><strong>Edifici religiosi<\/strong><\/h6><p class=\"css-4ni2mn css-1hu54b0-textFontWeight css-gylvem-textDisplay css-bmcd97-textWhiteSpace css-7bji7i-wordBreak\">Santuario di Sant&#8217;Anatolia, situato su un&#8217;altra collina vicino al villaggio<\/p><p class=\"css-4ni2mn css-1hu54b0-textFontWeight css-gylvem-textDisplay css-bmcd97-textWhiteSpace css-7bji7i-wordBreak\">Chiesa parrocchiale di San Giovanni Evangelista<\/p><p class=\"css-4ni2mn css-1hu54b0-textFontWeight css-gylvem-textDisplay css-bmcd97-textWhiteSpace css-7bji7i-wordBreak\">Eremo di San Salvatore, risalente al XIV secolo<\/p><h6 class=\"css-4ni2mn css-1hu54b0-textFontWeight css-gylvem-textDisplay css-bmcd97-textWhiteSpace css-7bji7i-wordBreak\"><strong> Edifici civili<\/strong><\/h6><p class=\"css-4ni2mn css-1hu54b0-textFontWeight css-gylvem-textDisplay css-bmcd97-textWhiteSpace css-7bji7i-wordBreak\">Fontana del Tritone, costruita nel 1898<\/p><h6 class=\"css-4ni2mn css-1hu54b0-textFontWeight css-gylvem-textDisplay css-bmcd97-textWhiteSpace css-7bji7i-wordBreak\"><strong> Edifici militari<\/strong><\/h6><p class=\"css-4ni2mn css-1hu54b0-textFontWeight css-gylvem-textDisplay css-bmcd97-textWhiteSpace css-7bji7i-wordBreak\">Del Castello, costruito intorno all&#8217;anno Mille, conserva solo la torre pentagonale, che un tempo era la torre principale della fortificazione.<\/p><h6 class=\"css-4ni2mn css-1hu54b0-textFontWeight css-gylvem-textDisplay css-bmcd97-textWhiteSpace css-7bji7i-wordBreak\"><strong> Altro<\/strong><\/h6><p class=\"css-4ni2mn css-1hu54b0-textFontWeight css-gylvem-textDisplay css-bmcd97-textWhiteSpace css-7bji7i-wordBreak\">Borgo medievale di Monte Antuni e palazzo dei principi Del Drago, risalenti al X-XVII secolo<\/p><h6 class=\"css-4ni2mn css-1hu54b0-textFontWeight css-gylvem-textDisplay css-bmcd97-textWhiteSpace css-7bji7i-wordBreak\"><strong>Siti archeologici <\/strong><\/h6><p class=\"css-4ni2mn css-1hu54b0-textFontWeight css-gylvem-textDisplay css-bmcd97-textWhiteSpace css-7bji7i-wordBreak\">Ruderi medievali di Cornito, visibili solo quando il livello del lago scende<\/p><p class=\"css-4ni2mn css-1hu54b0-textFontWeight css-gylvem-textDisplay css-bmcd97-textWhiteSpace css-7bji7i-wordBreak\">Necropoli romana dell&#8217;epoca imperiale.<\/p><\/div><\/div>\t\t\t\t\t\t\t\t<\/div>\n\t\t\t\t<\/div>\n\t\t\t\t\t<\/div>\n\t\t<\/div>\n\t\t\t\t\t<\/div>\n\t\t<\/section>\n\t\t\t\t<section class=\"elementor-section elementor-top-section elementor-element elementor-element-eb5688b elementor-section-boxed elementor-section-height-default elementor-section-height-default wpr-particle-no wpr-jarallax-no wpr-parallax-no wpr-sticky-section-no\" data-id=\"eb5688b\" data-element_type=\"section\">\n\t\t\t\t\t\t<div class=\"elementor-container elementor-column-gap-default\">\n\t\t\t\t\t<div class=\"elementor-column elementor-col-100 elementor-top-column elementor-element elementor-element-927439a\" data-id=\"927439a\" data-element_type=\"column\">\n\t\t\t<div class=\"elementor-widget-wrap elementor-element-populated\">\n\t\t\t\t\t\t<div class=\"elementor-element elementor-element-a278bbb elementor-widget-divider--view-line elementor-widget elementor-widget-divider\" data-id=\"a278bbb\" data-element_type=\"widget\" data-widget_type=\"divider.default\">\n\t\t\t\t<div class=\"elementor-widget-container\">\n\t\t\t\t\t\t\t<div class=\"elementor-divider\">\n\t\t\t<span class=\"elementor-divider-separator\">\n\t\t\t\t\t\t<\/span>\n\t\t<\/div>\n\t\t\t\t\t\t<\/div>\n\t\t\t\t<\/div>\n\t\t\t\t\t<\/div>\n\t\t<\/div>\n\t\t\t\t\t<\/div>\n\t\t<\/section>\n\t\t\t\t<section class=\"elementor-section elementor-top-section elementor-element elementor-element-e28f7a9 elementor-section-boxed elementor-section-height-default elementor-section-height-default wpr-particle-no wpr-jarallax-no wpr-parallax-no wpr-sticky-section-no\" data-id=\"e28f7a9\" data-element_type=\"section\">\n\t\t\t\t\t\t<div class=\"elementor-container elementor-column-gap-default\">\n\t\t\t\t\t<div class=\"elementor-column elementor-col-33 elementor-top-column elementor-element elementor-element-055119d\" data-id=\"055119d\" data-element_type=\"column\">\n\t\t\t<div class=\"elementor-widget-wrap elementor-element-populated\">\n\t\t\t\t\t\t<div class=\"elementor-element elementor-element-1ad36e4 elementor-widget elementor-widget-heading\" data-id=\"1ad36e4\" data-element_type=\"widget\" data-widget_type=\"heading.default\">\n\t\t\t\t<div class=\"elementor-widget-container\">\n\t\t\t\t\t<h2 class=\"elementor-heading-title elementor-size-default\">Pozzaglia Sabina<\/h2>\t\t\t\t<\/div>\n\t\t\t\t<\/div>\n\t\t\t\t<div class=\"elementor-element elementor-element-3fc999b elementor-widget elementor-widget-image\" data-id=\"3fc999b\" data-element_type=\"widget\" data-widget_type=\"image.default\">\n\t\t\t\t<div class=\"elementor-widget-container\">\n\t\t\t\t\t\t\t\t\t\t\t\t\t\t\t<img loading=\"lazy\" decoding=\"async\" width=\"800\" height=\"800\" src=\"https:\/\/camminodellasibilla.com\/wp-content\/uploads\/2023\/05\/331974464_1600955187086870_1663357525560222137_n-1-1-1-1024x1024.jpg\" class=\"attachment-large size-large wp-image-389\" alt=\"\" srcset=\"https:\/\/camminodellasibilla.com\/wp-content\/uploads\/2023\/05\/331974464_1600955187086870_1663357525560222137_n-1-1-1-1024x1024.jpg 1024w, https:\/\/camminodellasibilla.com\/wp-content\/uploads\/2023\/05\/331974464_1600955187086870_1663357525560222137_n-1-1-1-300x300.jpg 300w, https:\/\/camminodellasibilla.com\/wp-content\/uploads\/2023\/05\/331974464_1600955187086870_1663357525560222137_n-1-1-1-150x150.jpg 150w, https:\/\/camminodellasibilla.com\/wp-content\/uploads\/2023\/05\/331974464_1600955187086870_1663357525560222137_n-1-1-1-768x768.jpg 768w, https:\/\/camminodellasibilla.com\/wp-content\/uploads\/2023\/05\/331974464_1600955187086870_1663357525560222137_n-1-1-1.jpg 1372w\" sizes=\"(max-width: 800px) 100vw, 800px\" \/>\t\t\t\t\t\t\t\t\t\t\t\t\t\t\t<\/div>\n\t\t\t\t<\/div>\n\t\t\t\t\t<\/div>\n\t\t<\/div>\n\t\t\t\t<div class=\"elementor-column elementor-col-66 elementor-top-column elementor-element elementor-element-2d16ac1\" data-id=\"2d16ac1\" data-element_type=\"column\">\n\t\t\t<div class=\"elementor-widget-wrap elementor-element-populated\">\n\t\t\t\t\t\t<div class=\"elementor-element elementor-element-0d5c187 elementor-widget elementor-widget-text-editor\" data-id=\"0d5c187\" data-element_type=\"widget\" data-widget_type=\"text-editor.default\">\n\t\t\t\t<div class=\"elementor-widget-container\">\n\t\t\t\t\t\t\t\t\t<p>Pozzaglia Sabina \u00e8 un piccolo comune situato nella provincia di Rieti, nel Lazio, che conta 306 abitanti.<\/p><p>Secondo la tradizione e lo stemma, il nome del comune deriverebbe da Pozzo Gallo, ma la Cronaca Farfense sostiene che derivi da Puzalia. Nel IX secolo, i territori di Pozzaglia erano di propriet\u00e0 dell&#8217;Abbazia Farfense, ma nel secolo successivo furono allontanati da un abate di nome Campone in un periodo critico che l&#8217;abbazia sub\u00ec. Tuttavia, nel 1027, furono riacquistati dalla stessa abbazia grazie al diploma di Corrado II. Nel corso dei secoli, Pozzaglia sub\u00ec diverse vicissitudini, tra cui la confisca ai Colonna nel 1297 e la distruzione da parte dei romani nel 1360. Nel XV secolo, il comune divenne feudo degli Orsini, mentre nel 1632 pass\u00f2 ai Borghese, che ne rimasero i signori fino all&#8217;abolizione della feudalit\u00e0.<\/p><h6><strong>Luoghi di interesse storico e culturale<\/strong><\/h6><p>La citt\u00e0 vanta numerose architetture religiose di grande valore artistico e storico. Tra queste,<\/p><h6><strong> la Chiesa di San Nicola di Bari<\/strong><\/h6><p>che custodisce le spoglie di Santa Ulpia Candidia Martire e un affresco raffigurante la Crocifissione del XVI secolo sopra l&#8217;altare.<\/p><h6><strong>L&#8217;Abbazia di Santa Maria del Piano<\/strong><\/h6><p>o Santa Maria di Pozzaglia, fu costruita da Carlo Magno dopo aver sconfitto i saraceni nella zona.<\/p><h6><strong>La Chiesa di Santo Stefano Protomartire<\/strong><\/h6><p>o di Santo Stefano di Pietraforte, \u00e8 stata menzionata per la prima volta in un inventario ecclesiastico reatino del 1252, ma l&#8217;aspetto attuale risale al XVII secolo, quando i Santacroce, feudatari del paese, fecero importanti interventi di restauro. Infine,<\/p><h6><strong>la Chiesa di Sant&#8217;Antonio da Padova<\/strong><\/h6><p>risalente al 1655, completa il panorama delle architetture religiose della citt\u00e0.<\/p><p>Tra le architetture militari, invece, si possono ammirare i ruderi del Castello di Ofiano.<\/p>\t\t\t\t\t\t\t\t<\/div>\n\t\t\t\t<\/div>\n\t\t\t\t\t<\/div>\n\t\t<\/div>\n\t\t\t\t\t<\/div>\n\t\t<\/section>\n\t\t\t\t<section class=\"elementor-section elementor-top-section elementor-element elementor-element-12dda1d elementor-section-boxed elementor-section-height-default elementor-section-height-default wpr-particle-no wpr-jarallax-no wpr-parallax-no wpr-sticky-section-no\" data-id=\"12dda1d\" data-element_type=\"section\">\n\t\t\t\t\t\t<div class=\"elementor-container elementor-column-gap-default\">\n\t\t\t\t\t<div class=\"elementor-column elementor-col-100 elementor-top-column elementor-element elementor-element-c8056cf\" data-id=\"c8056cf\" data-element_type=\"column\">\n\t\t\t<div class=\"elementor-widget-wrap elementor-element-populated\">\n\t\t\t\t\t\t<div class=\"elementor-element elementor-element-f94ffea elementor-widget-divider--view-line elementor-widget elementor-widget-divider\" data-id=\"f94ffea\" data-element_type=\"widget\" data-widget_type=\"divider.default\">\n\t\t\t\t<div class=\"elementor-widget-container\">\n\t\t\t\t\t\t\t<div class=\"elementor-divider\">\n\t\t\t<span class=\"elementor-divider-separator\">\n\t\t\t\t\t\t<\/span>\n\t\t<\/div>\n\t\t\t\t\t\t<\/div>\n\t\t\t\t<\/div>\n\t\t\t\t\t<\/div>\n\t\t<\/div>\n\t\t\t\t\t<\/div>\n\t\t<\/section>\n\t\t\t\t<section class=\"elementor-section elementor-top-section elementor-element elementor-element-63b4f1a elementor-section-boxed elementor-section-height-default elementor-section-height-default wpr-particle-no wpr-jarallax-no wpr-parallax-no wpr-sticky-section-no\" data-id=\"63b4f1a\" data-element_type=\"section\">\n\t\t\t\t\t\t<div class=\"elementor-container elementor-column-gap-default\">\n\t\t\t\t\t<div class=\"elementor-column elementor-col-33 elementor-top-column elementor-element elementor-element-72b95eb\" data-id=\"72b95eb\" data-element_type=\"column\">\n\t\t\t<div class=\"elementor-widget-wrap elementor-element-populated\">\n\t\t\t\t\t\t<div class=\"elementor-element elementor-element-413a661 elementor-widget elementor-widget-heading\" data-id=\"413a661\" data-element_type=\"widget\" data-widget_type=\"heading.default\">\n\t\t\t\t<div class=\"elementor-widget-container\">\n\t\t\t\t\t<h2 class=\"elementor-heading-title elementor-size-default\">Orvinio<\/h2>\t\t\t\t<\/div>\n\t\t\t\t<\/div>\n\t\t\t\t<div class=\"elementor-element elementor-element-3ed6c25 elementor-widget elementor-widget-image\" data-id=\"3ed6c25\" data-element_type=\"widget\" data-widget_type=\"image.default\">\n\t\t\t\t<div class=\"elementor-widget-container\">\n\t\t\t\t\t\t\t\t\t\t\t\t\t\t\t<img loading=\"lazy\" decoding=\"async\" width=\"800\" height=\"800\" src=\"https:\/\/camminodellasibilla.com\/wp-content\/uploads\/2023\/05\/332158338_1398149704282816_3843044803524272840_n-2-1-1-1024x1024.jpg\" class=\"attachment-large size-large wp-image-388\" alt=\"\" srcset=\"https:\/\/camminodellasibilla.com\/wp-content\/uploads\/2023\/05\/332158338_1398149704282816_3843044803524272840_n-2-1-1-1024x1024.jpg 1024w, https:\/\/camminodellasibilla.com\/wp-content\/uploads\/2023\/05\/332158338_1398149704282816_3843044803524272840_n-2-1-1-300x300.jpg 300w, https:\/\/camminodellasibilla.com\/wp-content\/uploads\/2023\/05\/332158338_1398149704282816_3843044803524272840_n-2-1-1-150x150.jpg 150w, https:\/\/camminodellasibilla.com\/wp-content\/uploads\/2023\/05\/332158338_1398149704282816_3843044803524272840_n-2-1-1-768x768.jpg 768w, https:\/\/camminodellasibilla.com\/wp-content\/uploads\/2023\/05\/332158338_1398149704282816_3843044803524272840_n-2-1-1.jpg 1348w\" sizes=\"(max-width: 800px) 100vw, 800px\" \/>\t\t\t\t\t\t\t\t\t\t\t\t\t\t\t<\/div>\n\t\t\t\t<\/div>\n\t\t\t\t\t<\/div>\n\t\t<\/div>\n\t\t\t\t<div class=\"elementor-column elementor-col-66 elementor-top-column elementor-element elementor-element-233a86b\" data-id=\"233a86b\" data-element_type=\"column\">\n\t\t\t<div class=\"elementor-widget-wrap elementor-element-populated\">\n\t\t\t\t\t\t<div class=\"elementor-element elementor-element-430aaa4 elementor-widget elementor-widget-text-editor\" data-id=\"430aaa4\" data-element_type=\"widget\" data-widget_type=\"text-editor.default\">\n\t\t\t\t<div class=\"elementor-widget-container\">\n\t\t\t\t\t\t\t\t\t<p>Orvinio \u00e8 un piccolo comune italiano situato nella provincia di Rieti, nel Lazio.<\/p><p>Questo affascinante paese conta 394 abitanti ed \u00e8 famoso per il suo maestoso castello, di propriet\u00e0 dei marchesi Malvezzi Campeggi. Inoltre, Orvinio fa parte del prestigioso club dei borghi pi\u00f9 belli d&#8217;Italia. Posizionato a un&#8217;altitudine di 840 metri sul livello del mare, su una collina nelle propaggini settentrionali dei monti Lucretili, \u00e8 considerato il centro abitato pi\u00f9 alto del Parco dei Monti Lucretili.<\/p><h6><strong>Monumenti e luoghi d&#8217;interesse<\/strong><\/h6><h6><strong>Architetture religiose<\/strong><\/h6><h6><strong>Chiesa di San Giacomo<\/strong><\/h6><h6><br \/><strong>Chiesa di Santa Maria dei Raccomandati (XVI secolo)<\/strong><\/h6><h6><br \/><strong>Chiesa di San Giacomo (sconsacrata, del 1614)<\/strong><\/h6><h6><br \/><strong>Chiesa di San Nicola di Bari<\/strong><\/h6><p>(riedificata intorno al 1840 in forme tardo-barocche su una precedente chiesa del XVI secolo. La facciata \u00e8 sormontata dallo stemma del cardinale Antonio Domenico Gamberini, vescovo di Sabina tra il 1839 e il 1841)<\/p><h6><br \/><strong>Abbazia di Santa Maria del Piano in Sabina (resti)<\/strong><\/h6><h6><strong>Castello Malvezzi-Campeggi<\/strong><\/h6><p>L&#8217;attrazione principale di Orvinio \u00e8 rappresentata dal suo castello. Attualmente conosciuto come castello Malvezzi-Campeggi, \u00e8 il risultato di diverse modifiche, tra cui quelle volute dagli Orsini nel corso del Cinquecento per ampliarlo. Il castello sovrasta il paese fin dal Medioevo. Sottoposto a ristrutturazioni nel XX secolo, conserva elementi originali come la torre cilindrica e le mura merlate che mantengono l&#8217;imponente aspetto originario e circondano il centro storico. All&#8217;interno delle mura si apre un imponente portale con decorazioni a bugne, oltre il quale si trova un cortile con una costruzione dotata di una torretta angolare. Le ampie sale al piano superiore ospitano affreschi risalenti al tardo Cinquecento, spesso concessi dagli attuali proprietari per ospitare varie cerimonie.<\/p><h6><strong>Santuario di Vallebona<\/strong><\/h6><div class=\"css-5qn6ru-stack css-1rcne62-stack css-1imox1-stackGridRows css-1br7676 css-1hjjleq css-1fux3g0-stackVAlign\"><div class=\"css-5qn6ru-stack css-1rcne62-stack css-1imox1-stackGridRows css-1bjhv8d css-1vznryd\"><p class=\"css-4ni2mn css-1hu54b0-textFontWeight css-gylvem-textDisplay css-bmcd97-textWhiteSpace css-7bji7i-wordBreak\">Il santuario di Vallebona \u00e8 stato costruito intorno al 1643 grazie alle donazioni spontanee degli abitanti di Orvinio. Si trova nel vecchio borgo di Vallebona, che in seguito \u00e8 stato abbandonato dagli abitanti che si sono trasferiti ad Orvinio. Secondo la leggenda, un giorno un pastore stava lavorando vicino all&#8217;attuale santuario e, cercando di tagliare dei rami, ha colpito un&#8217;immagine della Vergine nascosta tra i rovi. L&#8217;immagine ha emesso un grido e ha cominciato a sanguinare. Il pastore \u00e8 corso in paese e ha raccontato agli altri ci\u00f2 che era accaduto, e insieme hanno deciso di prendere l&#8217;immagine e di ospitarla in una delle chiese di Orvinio. Tuttavia, il giorno successivo si sono accorti che l&#8217;immagine era sparita e l&#8217;hanno ritrovata nel luogo originale del ritrovamento. Hanno quindi deciso di non spostarla pi\u00f9 e di costruire il santuario attuale in quel punto. Ancora oggi, sull&#8217;altare maggiore si trova l&#8217;antico affresco della Vergine che offre il latte al Bambino. Del vecchio paese di Vallebona sono ancora conservati quasi tutti i muri di cinta e i resti di tre torri di difesa. Il santuario di Vallebona ha una pianta rettangolare e una sola navata con tetto a capriate di legno, e presenta due altari sulle pareti laterali. Nel 1727, inoltre, la Madonna di Vallebona \u00e8 stata proclamata patrona di Orvinio, ed \u00e8 venerata e festeggiata ogni anno con grande devozione.<\/p><\/div><\/div>\t\t\t\t\t\t\t\t<\/div>\n\t\t\t\t<\/div>\n\t\t\t\t\t<\/div>\n\t\t<\/div>\n\t\t\t\t\t<\/div>\n\t\t<\/section>\n\t\t\t\t<\/div>\n\t\t","protected":false},"excerpt":{"rendered":"<p>Castel di Tora &#8211; Orvinio Il percorso \u00e8 lungo 13,1 km ed \u00e8 impegnativo, ma offre un paesaggio straordinario. Si inizia dalla suggestiva cittadina di Castel di Tora, che \u00e8 uno dei Borghi pi\u00f9 Belli d&#8217;Italia, e si affronta una lunga e panoramica salita che porta su un ampio crinale. Lungo la salita, si possono ammirare i colori, i riflessi e le varie insenature del piccolo lago artificiale del Turano. Una volta raggiunto il crinale, si prosegue verso il piccolo paese di Pozzaglia Sabina, attraversando un crinale erboso, incantevole e molto ripido. Partendo da Pozzaglia Sabina, ci si dirige verso la meta finale, Orvinio, attraversando un incantevole boschetto misto e ampi pianori. Poco prima di arrivare ad Orvinio, lungo un comodo sentiero sterrato che conduce ai piedi del paese, ci si imbatte nell&#8217;affascinante Abbazia di Santa Maria del Piano, che \u00e8 quasi completamente in rovina, ma conserva ancora un campanile bellissimo. Dopo un ultimo sforzo in salita, si giunge a Orvinio, un pittoresco borgo ricco di storia, che ha avuto origini legate ai monaci di Santa Maria e successivamente \u00e8 entrato in contatto con le famiglie nobili romane. Scarica la traccia GPX Download Timbro di tappa CASTEL DI TORA Comune di Castel di Tora via Don Sabino Gentili, 11 \u00a0 Bar Ristorante Dea Piazza S. Giovanni, 2 POZZAGLIA SABINA Bar Fernando e Stefania V.le Principe Borghese, 6 &#8211; ORVINIO Altair creazioni orafe Piazza Garibaldi, 11 \u00a0 B&amp;B Il Sorriso dei monti Via Vincenzo Segni, 20 3337620639 (Maurizio) Dove dormire Castel di Tora &#8211; Casa del pellegrino da Rita OSPITALIT\u00c0 A DONATIVO Salita San Rocco poco dopo partenza tappa successiva 3289745678 (Rita) Donativo Castel di Tora &#8211; Bar ristorante Dea CASA VACANZE Piazza San Giovanni 2 3287630820 (Viola) 11 Posti BB 40\u20ac supplemento riscaldamento 5\u20ac a persona Castel di Tora &#8211; La dimora del Turano CASA VACANZE Via Umberto I, 34 3471470162 (Massimiliano) ladimoradelturano@gmail.com 3 posti \u2013 Intero appartamento con cucina SGL 50\u20ac DBL 40\u20ac TPL(matrimoniale + singola) 35\u20ac Castel di Tora &#8211; Casa vacanze vista lago &#8220;Lake Holiday&#8221; CASA VACANZE Via Turano, 19 3473360719 (Giampaolo) turanoexperiences@gmail.com fino a 6 posti tra stanza e casa nel centro storico con terrazzo vista lago. Camera doppia con ingresso indipendente, bagno privato e colazione inclusa Prezzo riferito a due persone 70 \u20ac bassa stagione, 80 \u20ac alta stagione, 90 \u20ac altissima stagione. Eventuale supplemento riscaldamento su richiesta. Castel di Tora &#8211; Agriturismo La Posta AGRITURISMO Via Rio Snc \u2013 Loc. Campigliano a 500m dal paese, sul\u00a0sentiero 3467383799 (Francesca) 3381607521 (Paola) agriturismolaposta@gmail.com matrimoniale o doppia BB \u20ac 55, singola BB \u20ac 30, triple BB \u20ac 65, quadrupla BB \u20ac 75 Cena viandante \u20ac 15 \/ \u20ac 25 Pozzaglia Sabina &#8211; Suore della carit\u00e0 A DONATIVO Piazza Sant\u2019Agostina,7 0765934041 suore.pozzaglia@gmail.com Pernottamento con colazione ASSOLUTAMENTE PRENOTARE Donativo Orvinio &#8211; Souvenirs d&#8217;Antan B&amp;B Via Manenti, 9 3472291368 (Mariarita) maritafrancucci@gmail.com Uso cucina, Wi-Fi e TV BB 30\u20ac a persona Orvinio &#8211; Il sorriso dei monti B&amp;B Via Vincenzo Segni 20 3479206626 (Simonetta) 3337620639 (Maurizio) www.ilsorrisodeimonti.it info@ilsorrisodeimonti.it Supplemento riscaldamento a persona 5\u20ac. Trasporto zaini, servizio lavanderia, uso cucina, Wi-Fi e deposito biciclette BB 30\u20ac Singola 60\u20ac Doppia Orvinio &#8211; Casa dei ricordi B&amp;B Via Vincenzo Segni 26 3479206626 (Simonetta) 3337620639 (Maurizio) Supplemento riscaldamento a persona 5\u20ac. Trasporto zaini, servizio lavanderia, uso cucina, Wi-Fi e deposito biciclette BB 35\u20ac Singola 70\u20ac Doppia, Orvinio &#8211; Casa vacanze Il Sorriso CASA VACANZE 3479206626 (Simonetta) 3337620639 (Maurizio) Mini appartamento fino a 5 persone. Supplemento riscaldamento a persona 5\u20ac. Trasporto zaini, servizio lavanderia, uso cucina, Wi-Fi e deposito biciclette Fino a 2 persone 80\u20ac ogni persona in pi\u00f9 10\u20ac Orvinio &#8211; Ostello San Michele OSTELLO Localit\u00e0 Pratarella &#8211; Orvinio 3479206626 (Simonetta) 3337620639 (Maurizio) A 3 km sulla tappa successiva, disponibile servizio navetta, ideale per gruppi. Cucina e Wi- Fi. In camerata: SP senza biancheria 20\u20ac, BB e biancheria 25\u20ac.In camera con bagno: SGL 40 \u20ac, DBL 30\u20ac, Posto tenda 8\u20ac a persona. Questo sito propone un elenco di strutture di accoglienza pensato per sostenere i camminatori lungo il percorso. Le strutture che richiedono un contributo economico sono soggette, secondo la normativa vigente all\u2019obbligo di possedere un Codice Identificativo Nazionale (CIN). Si consiglia ai viandanti di richiedere il CIN direttamente al gestore per avere conferma della regolarit\u00e0 della struttura. \u00a0Il Cammino della Sirena Mit\u00ec non gestisce direttamente le strutture indicate e pubblica le informazioni a titolo esclusivamente informativo, senza assumersi responsabilit\u00e0 sulla gestione o sulla qualit\u00e0 dei servizi offerti. Per eventuali segnalazioni, aggiornamenti o modifiche relativi alle strutture, puoi contattarci tramite info@camminodellasibilla.com Cammina sereno, rispetta l\u2019ospitalit\u00e0 ricevuta\u2026 e buon Cammino! I nostri luoghi Castel di Tora Castel di Tora \u00e8 un comune italiano situato nella provincia di Rieti, nel Lazio, con una popolazione di 266 abitanti. \u00c8 considerato uno dei borghi pi\u00f9 belli d&#8217;Italia. Il paese si trova sulle sponde del lago del Turano, all&#8217;interno della Riserva naturale dei Monti Navegna e Cervia. La prima testimonianza storica di questo borgo risale al 1035, quando viene menzionato un Castrum Vetus de Ophiano nelle cronache dell&#8217;epoca. Fino al 1864, il paese era conosciuto come Castelvecchio. Il nome attuale \u00e8 stato scelto per richiamare un antico insediamento romano chiamato Tora, dove nel 251 d.C. si verific\u00f2 il martirio di Santa Anatolia, anche se avvenne nell&#8217;abitato omonimo contemporaneo. Di recente \u00e8 stata scoperta una necropoli di epoca imperiale (circa 200 d.C.) nelle vicinanze del paese. Monumenti e punti di interesse Edifici religiosi Santuario di Sant&#8217;Anatolia, situato su un&#8217;altra collina vicino al villaggio Chiesa parrocchiale di San Giovanni Evangelista Eremo di San Salvatore, risalente al XIV secolo Edifici civili Fontana del Tritone, costruita nel 1898 Edifici militari Del Castello, costruito intorno all&#8217;anno Mille, conserva solo la torre pentagonale, che un tempo era la torre principale della fortificazione. Altro Borgo medievale di Monte Antuni e palazzo dei principi Del Drago, risalenti al X-XVII secolo Siti archeologici Ruderi medievali di Cornito, visibili solo quando il livello del lago scende Necropoli romana dell&#8217;epoca imperiale. Pozzaglia Sabina Pozzaglia Sabina \u00e8 un piccolo comune situato nella provincia di Rieti, nel Lazio, che conta 306 abitanti.<\/p>\n","protected":false},"author":1,"featured_media":0,"parent":16,"menu_order":0,"comment_status":"closed","ping_status":"closed","template":"","meta":{"footnotes":""},"class_list":["post-1374","page","type-page","status-publish","hentry"],"yoast_head":"<!-- This site is optimized with the Yoast SEO plugin v24.5 - https:\/\/yoast.com\/wordpress\/plugins\/seo\/ -->\n<title>Tappa 3 - camminodellasibilla.com<\/title>\n<meta name=\"robots\" content=\"index, follow, max-snippet:-1, max-image-preview:large, max-video-preview:-1\" \/>\n<link rel=\"canonical\" href=\"https:\/\/camminodellasibilla.com\/index.php\/le-tappe\/tappa-3\/\" \/>\n<meta property=\"og:locale\" content=\"it_IT\" \/>\n<meta property=\"og:type\" content=\"article\" \/>\n<meta property=\"og:title\" content=\"Tappa 3 - camminodellasibilla.com\" \/>\n<meta property=\"og:description\" content=\"Castel di Tora &#8211; Orvinio Il percorso \u00e8 lungo 13,1 km ed \u00e8 impegnativo, ma offre un paesaggio straordinario. Si inizia dalla suggestiva cittadina di Castel di Tora, che \u00e8 uno dei Borghi pi\u00f9 Belli d&#8217;Italia, e si affronta una lunga e panoramica salita che porta su un ampio crinale. Lungo la salita, si possono ammirare i colori, i riflessi e le varie insenature del piccolo lago artificiale del Turano. Una volta raggiunto il crinale, si prosegue verso il piccolo paese di Pozzaglia Sabina, attraversando un crinale erboso, incantevole e molto ripido. Partendo da Pozzaglia Sabina, ci si dirige verso la meta finale, Orvinio, attraversando un incantevole boschetto misto e ampi pianori. Poco prima di arrivare ad Orvinio, lungo un comodo sentiero sterrato che conduce ai piedi del paese, ci si imbatte nell&#8217;affascinante Abbazia di Santa Maria del Piano, che \u00e8 quasi completamente in rovina, ma conserva ancora un campanile bellissimo. Dopo un ultimo sforzo in salita, si giunge a Orvinio, un pittoresco borgo ricco di storia, che ha avuto origini legate ai monaci di Santa Maria e successivamente \u00e8 entrato in contatto con le famiglie nobili romane. Scarica la traccia GPX Download Timbro di tappa CASTEL DI TORA Comune di Castel di Tora via Don Sabino Gentili, 11 \u00a0 Bar Ristorante Dea Piazza S. Giovanni, 2 POZZAGLIA SABINA Bar Fernando e Stefania V.le Principe Borghese, 6 &#8211; ORVINIO Altair creazioni orafe Piazza Garibaldi, 11 \u00a0 B&amp;B Il Sorriso dei monti Via Vincenzo Segni, 20 3337620639 (Maurizio) Dove dormire Castel di Tora &#8211; Casa del pellegrino da Rita OSPITALIT\u00c0 A DONATIVO Salita San Rocco poco dopo partenza tappa successiva 3289745678 (Rita) Donativo Castel di Tora &#8211; Bar ristorante Dea CASA VACANZE Piazza San Giovanni 2 3287630820 (Viola) 11 Posti BB 40\u20ac supplemento riscaldamento 5\u20ac a persona Castel di Tora &#8211; La dimora del Turano CASA VACANZE Via Umberto I, 34 3471470162 (Massimiliano) ladimoradelturano@gmail.com 3 posti \u2013 Intero appartamento con cucina SGL 50\u20ac DBL 40\u20ac TPL(matrimoniale + singola) 35\u20ac Castel di Tora &#8211; Casa vacanze vista lago &#8220;Lake Holiday&#8221; CASA VACANZE Via Turano, 19 3473360719 (Giampaolo) turanoexperiences@gmail.com fino a 6 posti tra stanza e casa nel centro storico con terrazzo vista lago. Camera doppia con ingresso indipendente, bagno privato e colazione inclusa Prezzo riferito a due persone 70 \u20ac bassa stagione, 80 \u20ac alta stagione, 90 \u20ac altissima stagione. Eventuale supplemento riscaldamento su richiesta. Castel di Tora &#8211; Agriturismo La Posta AGRITURISMO Via Rio Snc \u2013 Loc. Campigliano a 500m dal paese, sul\u00a0sentiero 3467383799 (Francesca) 3381607521 (Paola) agriturismolaposta@gmail.com matrimoniale o doppia BB \u20ac 55, singola BB \u20ac 30, triple BB \u20ac 65, quadrupla BB \u20ac 75 Cena viandante \u20ac 15 \/ \u20ac 25 Pozzaglia Sabina &#8211; Suore della carit\u00e0 A DONATIVO Piazza Sant\u2019Agostina,7 0765934041 suore.pozzaglia@gmail.com Pernottamento con colazione ASSOLUTAMENTE PRENOTARE Donativo Orvinio &#8211; Souvenirs d&#8217;Antan B&amp;B Via Manenti, 9 3472291368 (Mariarita) maritafrancucci@gmail.com Uso cucina, Wi-Fi e TV BB 30\u20ac a persona Orvinio &#8211; Il sorriso dei monti B&amp;B Via Vincenzo Segni 20 3479206626 (Simonetta) 3337620639 (Maurizio) www.ilsorrisodeimonti.it info@ilsorrisodeimonti.it Supplemento riscaldamento a persona 5\u20ac. Trasporto zaini, servizio lavanderia, uso cucina, Wi-Fi e deposito biciclette BB 30\u20ac Singola 60\u20ac Doppia Orvinio &#8211; Casa dei ricordi B&amp;B Via Vincenzo Segni 26 3479206626 (Simonetta) 3337620639 (Maurizio) Supplemento riscaldamento a persona 5\u20ac. Trasporto zaini, servizio lavanderia, uso cucina, Wi-Fi e deposito biciclette BB 35\u20ac Singola 70\u20ac Doppia, Orvinio &#8211; Casa vacanze Il Sorriso CASA VACANZE 3479206626 (Simonetta) 3337620639 (Maurizio) Mini appartamento fino a 5 persone. Supplemento riscaldamento a persona 5\u20ac. Trasporto zaini, servizio lavanderia, uso cucina, Wi-Fi e deposito biciclette Fino a 2 persone 80\u20ac ogni persona in pi\u00f9 10\u20ac Orvinio &#8211; Ostello San Michele OSTELLO Localit\u00e0 Pratarella &#8211; Orvinio 3479206626 (Simonetta) 3337620639 (Maurizio) A 3 km sulla tappa successiva, disponibile servizio navetta, ideale per gruppi. Cucina e Wi- Fi. In camerata: SP senza biancheria 20\u20ac, BB e biancheria 25\u20ac.In camera con bagno: SGL 40 \u20ac, DBL 30\u20ac, Posto tenda 8\u20ac a persona. Questo sito propone un elenco di strutture di accoglienza pensato per sostenere i camminatori lungo il percorso. Le strutture che richiedono un contributo economico sono soggette, secondo la normativa vigente all\u2019obbligo di possedere un Codice Identificativo Nazionale (CIN). Si consiglia ai viandanti di richiedere il CIN direttamente al gestore per avere conferma della regolarit\u00e0 della struttura. \u00a0Il Cammino della Sirena Mit\u00ec non gestisce direttamente le strutture indicate e pubblica le informazioni a titolo esclusivamente informativo, senza assumersi responsabilit\u00e0 sulla gestione o sulla qualit\u00e0 dei servizi offerti. Per eventuali segnalazioni, aggiornamenti o modifiche relativi alle strutture, puoi contattarci tramite info@camminodellasibilla.com Cammina sereno, rispetta l\u2019ospitalit\u00e0 ricevuta\u2026 e buon Cammino! I nostri luoghi Castel di Tora Castel di Tora \u00e8 un comune italiano situato nella provincia di Rieti, nel Lazio, con una popolazione di 266 abitanti. \u00c8 considerato uno dei borghi pi\u00f9 belli d&#8217;Italia. Il paese si trova sulle sponde del lago del Turano, all&#8217;interno della Riserva naturale dei Monti Navegna e Cervia. La prima testimonianza storica di questo borgo risale al 1035, quando viene menzionato un Castrum Vetus de Ophiano nelle cronache dell&#8217;epoca. Fino al 1864, il paese era conosciuto come Castelvecchio. Il nome attuale \u00e8 stato scelto per richiamare un antico insediamento romano chiamato Tora, dove nel 251 d.C. si verific\u00f2 il martirio di Santa Anatolia, anche se avvenne nell&#8217;abitato omonimo contemporaneo. Di recente \u00e8 stata scoperta una necropoli di epoca imperiale (circa 200 d.C.) nelle vicinanze del paese. Monumenti e punti di interesse Edifici religiosi Santuario di Sant&#8217;Anatolia, situato su un&#8217;altra collina vicino al villaggio Chiesa parrocchiale di San Giovanni Evangelista Eremo di San Salvatore, risalente al XIV secolo Edifici civili Fontana del Tritone, costruita nel 1898 Edifici militari Del Castello, costruito intorno all&#8217;anno Mille, conserva solo la torre pentagonale, che un tempo era la torre principale della fortificazione. Altro Borgo medievale di Monte Antuni e palazzo dei principi Del Drago, risalenti al X-XVII secolo Siti archeologici Ruderi medievali di Cornito, visibili solo quando il livello del lago scende Necropoli romana dell&#8217;epoca imperiale. Pozzaglia Sabina Pozzaglia Sabina \u00e8 un piccolo comune situato nella provincia di Rieti, nel Lazio, che conta 306 abitanti.\" \/>\n<meta property=\"og:url\" content=\"https:\/\/camminodellasibilla.com\/index.php\/le-tappe\/tappa-3\/\" \/>\n<meta property=\"og:site_name\" content=\"camminodellasibilla.com\" \/>\n<meta property=\"article:modified_time\" content=\"2026-03-25T18:58:46+00:00\" \/>\n<meta property=\"og:image\" content=\"https:\/\/camminodellasibilla.com\/wp-content\/uploads\/2026\/03\/mappacdstappa3-scaled.png\" \/>\n\t<meta property=\"og:image:width\" content=\"2560\" \/>\n\t<meta property=\"og:image:height\" content=\"1312\" \/>\n\t<meta property=\"og:image:type\" content=\"image\/png\" \/>\n<meta name=\"twitter:card\" content=\"summary_large_image\" \/>\n<meta name=\"twitter:label1\" content=\"Tempo di lettura stimato\" \/>\n\t<meta name=\"twitter:data1\" content=\"11 minuti\" \/>\n<script type=\"application\/ld+json\" class=\"yoast-schema-graph\">{\"@context\":\"https:\/\/schema.org\",\"@graph\":[{\"@type\":\"WebPage\",\"@id\":\"https:\/\/camminodellasibilla.com\/index.php\/le-tappe\/tappa-3\/\",\"url\":\"https:\/\/camminodellasibilla.com\/index.php\/le-tappe\/tappa-3\/\",\"name\":\"Tappa 3 - camminodellasibilla.com\",\"isPartOf\":{\"@id\":\"https:\/\/camminodellasibilla.com\/#website\"},\"primaryImageOfPage\":{\"@id\":\"https:\/\/camminodellasibilla.com\/index.php\/le-tappe\/tappa-3\/#primaryimage\"},\"image\":{\"@id\":\"https:\/\/camminodellasibilla.com\/index.php\/le-tappe\/tappa-3\/#primaryimage\"},\"thumbnailUrl\":\"https:\/\/camminodellasibilla.com\/wp-content\/uploads\/2026\/03\/mappacdstappa3-1024x525.png\",\"datePublished\":\"2023-09-16T17:53:25+00:00\",\"dateModified\":\"2026-03-25T18:58:46+00:00\",\"breadcrumb\":{\"@id\":\"https:\/\/camminodellasibilla.com\/index.php\/le-tappe\/tappa-3\/#breadcrumb\"},\"inLanguage\":\"it-IT\",\"potentialAction\":[{\"@type\":\"ReadAction\",\"target\":[\"https:\/\/camminodellasibilla.com\/index.php\/le-tappe\/tappa-3\/\"]}]},{\"@type\":\"ImageObject\",\"inLanguage\":\"it-IT\",\"@id\":\"https:\/\/camminodellasibilla.com\/index.php\/le-tappe\/tappa-3\/#primaryimage\",\"url\":\"https:\/\/camminodellasibilla.com\/wp-content\/uploads\/2026\/03\/mappacdstappa3-scaled.png\",\"contentUrl\":\"https:\/\/camminodellasibilla.com\/wp-content\/uploads\/2026\/03\/mappacdstappa3-scaled.png\",\"width\":2560,\"height\":1312},{\"@type\":\"BreadcrumbList\",\"@id\":\"https:\/\/camminodellasibilla.com\/index.php\/le-tappe\/tappa-3\/#breadcrumb\",\"itemListElement\":[{\"@type\":\"ListItem\",\"position\":1,\"name\":\"Home\",\"item\":\"https:\/\/camminodellasibilla.com\/\"},{\"@type\":\"ListItem\",\"position\":2,\"name\":\"Le tappe\",\"item\":\"https:\/\/camminodellasibilla.com\/index.php\/le-tappe\/\"},{\"@type\":\"ListItem\",\"position\":3,\"name\":\"Tappa 3\"}]},{\"@type\":\"WebSite\",\"@id\":\"https:\/\/camminodellasibilla.com\/#website\",\"url\":\"https:\/\/camminodellasibilla.com\/\",\"name\":\"camminodellasibilla.com\",\"description\":\"Cammino della Sibilla\",\"publisher\":{\"@id\":\"https:\/\/camminodellasibilla.com\/#organization\"},\"potentialAction\":[{\"@type\":\"SearchAction\",\"target\":{\"@type\":\"EntryPoint\",\"urlTemplate\":\"https:\/\/camminodellasibilla.com\/?s={search_term_string}\"},\"query-input\":{\"@type\":\"PropertyValueSpecification\",\"valueRequired\":true,\"valueName\":\"search_term_string\"}}],\"inLanguage\":\"it-IT\"},{\"@type\":\"Organization\",\"@id\":\"https:\/\/camminodellasibilla.com\/#organization\",\"name\":\"camminodellasibilla.com\",\"url\":\"https:\/\/camminodellasibilla.com\/\",\"logo\":{\"@type\":\"ImageObject\",\"inLanguage\":\"it-IT\",\"@id\":\"https:\/\/camminodellasibilla.com\/#\/schema\/logo\/image\/\",\"url\":\"https:\/\/camminodellasibilla.com\/wp-content\/uploads\/2023\/05\/Cammino-della-sibila-no-bg-1-1.png\",\"contentUrl\":\"https:\/\/camminodellasibilla.com\/wp-content\/uploads\/2023\/05\/Cammino-della-sibila-no-bg-1-1.png\",\"width\":3600,\"height\":3600,\"caption\":\"camminodellasibilla.com\"},\"image\":{\"@id\":\"https:\/\/camminodellasibilla.com\/#\/schema\/logo\/image\/\"}}]}<\/script>\n<!-- \/ Yoast SEO plugin. -->","yoast_head_json":{"title":"Tappa 3 - camminodellasibilla.com","robots":{"index":"index","follow":"follow","max-snippet":"max-snippet:-1","max-image-preview":"max-image-preview:large","max-video-preview":"max-video-preview:-1"},"canonical":"https:\/\/camminodellasibilla.com\/index.php\/le-tappe\/tappa-3\/","og_locale":"it_IT","og_type":"article","og_title":"Tappa 3 - camminodellasibilla.com","og_description":"Castel di Tora &#8211; Orvinio Il percorso \u00e8 lungo 13,1 km ed \u00e8 impegnativo, ma offre un paesaggio straordinario. Si inizia dalla suggestiva cittadina di Castel di Tora, che \u00e8 uno dei Borghi pi\u00f9 Belli d&#8217;Italia, e si affronta una lunga e panoramica salita che porta su un ampio crinale. Lungo la salita, si possono ammirare i colori, i riflessi e le varie insenature del piccolo lago artificiale del Turano. Una volta raggiunto il crinale, si prosegue verso il piccolo paese di Pozzaglia Sabina, attraversando un crinale erboso, incantevole e molto ripido. Partendo da Pozzaglia Sabina, ci si dirige verso la meta finale, Orvinio, attraversando un incantevole boschetto misto e ampi pianori. Poco prima di arrivare ad Orvinio, lungo un comodo sentiero sterrato che conduce ai piedi del paese, ci si imbatte nell&#8217;affascinante Abbazia di Santa Maria del Piano, che \u00e8 quasi completamente in rovina, ma conserva ancora un campanile bellissimo. Dopo un ultimo sforzo in salita, si giunge a Orvinio, un pittoresco borgo ricco di storia, che ha avuto origini legate ai monaci di Santa Maria e successivamente \u00e8 entrato in contatto con le famiglie nobili romane. Scarica la traccia GPX Download Timbro di tappa CASTEL DI TORA Comune di Castel di Tora via Don Sabino Gentili, 11 \u00a0 Bar Ristorante Dea Piazza S. Giovanni, 2 POZZAGLIA SABINA Bar Fernando e Stefania V.le Principe Borghese, 6 &#8211; ORVINIO Altair creazioni orafe Piazza Garibaldi, 11 \u00a0 B&amp;B Il Sorriso dei monti Via Vincenzo Segni, 20 3337620639 (Maurizio) Dove dormire Castel di Tora &#8211; Casa del pellegrino da Rita OSPITALIT\u00c0 A DONATIVO Salita San Rocco poco dopo partenza tappa successiva 3289745678 (Rita) Donativo Castel di Tora &#8211; Bar ristorante Dea CASA VACANZE Piazza San Giovanni 2 3287630820 (Viola) 11 Posti BB 40\u20ac supplemento riscaldamento 5\u20ac a persona Castel di Tora &#8211; La dimora del Turano CASA VACANZE Via Umberto I, 34 3471470162 (Massimiliano) ladimoradelturano@gmail.com 3 posti \u2013 Intero appartamento con cucina SGL 50\u20ac DBL 40\u20ac TPL(matrimoniale + singola) 35\u20ac Castel di Tora &#8211; Casa vacanze vista lago &#8220;Lake Holiday&#8221; CASA VACANZE Via Turano, 19 3473360719 (Giampaolo) turanoexperiences@gmail.com fino a 6 posti tra stanza e casa nel centro storico con terrazzo vista lago. Camera doppia con ingresso indipendente, bagno privato e colazione inclusa Prezzo riferito a due persone 70 \u20ac bassa stagione, 80 \u20ac alta stagione, 90 \u20ac altissima stagione. Eventuale supplemento riscaldamento su richiesta. Castel di Tora &#8211; Agriturismo La Posta AGRITURISMO Via Rio Snc \u2013 Loc. Campigliano a 500m dal paese, sul\u00a0sentiero 3467383799 (Francesca) 3381607521 (Paola) agriturismolaposta@gmail.com matrimoniale o doppia BB \u20ac 55, singola BB \u20ac 30, triple BB \u20ac 65, quadrupla BB \u20ac 75 Cena viandante \u20ac 15 \/ \u20ac 25 Pozzaglia Sabina &#8211; Suore della carit\u00e0 A DONATIVO Piazza Sant\u2019Agostina,7 0765934041 suore.pozzaglia@gmail.com Pernottamento con colazione ASSOLUTAMENTE PRENOTARE Donativo Orvinio &#8211; Souvenirs d&#8217;Antan B&amp;B Via Manenti, 9 3472291368 (Mariarita) maritafrancucci@gmail.com Uso cucina, Wi-Fi e TV BB 30\u20ac a persona Orvinio &#8211; Il sorriso dei monti B&amp;B Via Vincenzo Segni 20 3479206626 (Simonetta) 3337620639 (Maurizio) www.ilsorrisodeimonti.it info@ilsorrisodeimonti.it Supplemento riscaldamento a persona 5\u20ac. Trasporto zaini, servizio lavanderia, uso cucina, Wi-Fi e deposito biciclette BB 30\u20ac Singola 60\u20ac Doppia Orvinio &#8211; Casa dei ricordi B&amp;B Via Vincenzo Segni 26 3479206626 (Simonetta) 3337620639 (Maurizio) Supplemento riscaldamento a persona 5\u20ac. Trasporto zaini, servizio lavanderia, uso cucina, Wi-Fi e deposito biciclette BB 35\u20ac Singola 70\u20ac Doppia, Orvinio &#8211; Casa vacanze Il Sorriso CASA VACANZE 3479206626 (Simonetta) 3337620639 (Maurizio) Mini appartamento fino a 5 persone. Supplemento riscaldamento a persona 5\u20ac. Trasporto zaini, servizio lavanderia, uso cucina, Wi-Fi e deposito biciclette Fino a 2 persone 80\u20ac ogni persona in pi\u00f9 10\u20ac Orvinio &#8211; Ostello San Michele OSTELLO Localit\u00e0 Pratarella &#8211; Orvinio 3479206626 (Simonetta) 3337620639 (Maurizio) A 3 km sulla tappa successiva, disponibile servizio navetta, ideale per gruppi. Cucina e Wi- Fi. In camerata: SP senza biancheria 20\u20ac, BB e biancheria 25\u20ac.In camera con bagno: SGL 40 \u20ac, DBL 30\u20ac, Posto tenda 8\u20ac a persona. Questo sito propone un elenco di strutture di accoglienza pensato per sostenere i camminatori lungo il percorso. Le strutture che richiedono un contributo economico sono soggette, secondo la normativa vigente all\u2019obbligo di possedere un Codice Identificativo Nazionale (CIN). Si consiglia ai viandanti di richiedere il CIN direttamente al gestore per avere conferma della regolarit\u00e0 della struttura. \u00a0Il Cammino della Sirena Mit\u00ec non gestisce direttamente le strutture indicate e pubblica le informazioni a titolo esclusivamente informativo, senza assumersi responsabilit\u00e0 sulla gestione o sulla qualit\u00e0 dei servizi offerti. Per eventuali segnalazioni, aggiornamenti o modifiche relativi alle strutture, puoi contattarci tramite info@camminodellasibilla.com Cammina sereno, rispetta l\u2019ospitalit\u00e0 ricevuta\u2026 e buon Cammino! I nostri luoghi Castel di Tora Castel di Tora \u00e8 un comune italiano situato nella provincia di Rieti, nel Lazio, con una popolazione di 266 abitanti. \u00c8 considerato uno dei borghi pi\u00f9 belli d&#8217;Italia. Il paese si trova sulle sponde del lago del Turano, all&#8217;interno della Riserva naturale dei Monti Navegna e Cervia. La prima testimonianza storica di questo borgo risale al 1035, quando viene menzionato un Castrum Vetus de Ophiano nelle cronache dell&#8217;epoca. Fino al 1864, il paese era conosciuto come Castelvecchio. Il nome attuale \u00e8 stato scelto per richiamare un antico insediamento romano chiamato Tora, dove nel 251 d.C. si verific\u00f2 il martirio di Santa Anatolia, anche se avvenne nell&#8217;abitato omonimo contemporaneo. Di recente \u00e8 stata scoperta una necropoli di epoca imperiale (circa 200 d.C.) nelle vicinanze del paese. Monumenti e punti di interesse Edifici religiosi Santuario di Sant&#8217;Anatolia, situato su un&#8217;altra collina vicino al villaggio Chiesa parrocchiale di San Giovanni Evangelista Eremo di San Salvatore, risalente al XIV secolo Edifici civili Fontana del Tritone, costruita nel 1898 Edifici militari Del Castello, costruito intorno all&#8217;anno Mille, conserva solo la torre pentagonale, che un tempo era la torre principale della fortificazione. Altro Borgo medievale di Monte Antuni e palazzo dei principi Del Drago, risalenti al X-XVII secolo Siti archeologici Ruderi medievali di Cornito, visibili solo quando il livello del lago scende Necropoli romana dell&#8217;epoca imperiale. Pozzaglia Sabina Pozzaglia Sabina \u00e8 un piccolo comune situato nella provincia di Rieti, nel Lazio, che conta 306 abitanti.","og_url":"https:\/\/camminodellasibilla.com\/index.php\/le-tappe\/tappa-3\/","og_site_name":"camminodellasibilla.com","article_modified_time":"2026-03-25T18:58:46+00:00","og_image":[{"width":2560,"height":1312,"url":"https:\/\/camminodellasibilla.com\/wp-content\/uploads\/2026\/03\/mappacdstappa3-scaled.png","type":"image\/png"}],"twitter_card":"summary_large_image","twitter_misc":{"Tempo di lettura stimato":"11 minuti"},"schema":{"@context":"https:\/\/schema.org","@graph":[{"@type":"WebPage","@id":"https:\/\/camminodellasibilla.com\/index.php\/le-tappe\/tappa-3\/","url":"https:\/\/camminodellasibilla.com\/index.php\/le-tappe\/tappa-3\/","name":"Tappa 3 - camminodellasibilla.com","isPartOf":{"@id":"https:\/\/camminodellasibilla.com\/#website"},"primaryImageOfPage":{"@id":"https:\/\/camminodellasibilla.com\/index.php\/le-tappe\/tappa-3\/#primaryimage"},"image":{"@id":"https:\/\/camminodellasibilla.com\/index.php\/le-tappe\/tappa-3\/#primaryimage"},"thumbnailUrl":"https:\/\/camminodellasibilla.com\/wp-content\/uploads\/2026\/03\/mappacdstappa3-1024x525.png","datePublished":"2023-09-16T17:53:25+00:00","dateModified":"2026-03-25T18:58:46+00:00","breadcrumb":{"@id":"https:\/\/camminodellasibilla.com\/index.php\/le-tappe\/tappa-3\/#breadcrumb"},"inLanguage":"it-IT","potentialAction":[{"@type":"ReadAction","target":["https:\/\/camminodellasibilla.com\/index.php\/le-tappe\/tappa-3\/"]}]},{"@type":"ImageObject","inLanguage":"it-IT","@id":"https:\/\/camminodellasibilla.com\/index.php\/le-tappe\/tappa-3\/#primaryimage","url":"https:\/\/camminodellasibilla.com\/wp-content\/uploads\/2026\/03\/mappacdstappa3-scaled.png","contentUrl":"https:\/\/camminodellasibilla.com\/wp-content\/uploads\/2026\/03\/mappacdstappa3-scaled.png","width":2560,"height":1312},{"@type":"BreadcrumbList","@id":"https:\/\/camminodellasibilla.com\/index.php\/le-tappe\/tappa-3\/#breadcrumb","itemListElement":[{"@type":"ListItem","position":1,"name":"Home","item":"https:\/\/camminodellasibilla.com\/"},{"@type":"ListItem","position":2,"name":"Le tappe","item":"https:\/\/camminodellasibilla.com\/index.php\/le-tappe\/"},{"@type":"ListItem","position":3,"name":"Tappa 3"}]},{"@type":"WebSite","@id":"https:\/\/camminodellasibilla.com\/#website","url":"https:\/\/camminodellasibilla.com\/","name":"camminodellasibilla.com","description":"Cammino della Sibilla","publisher":{"@id":"https:\/\/camminodellasibilla.com\/#organization"},"potentialAction":[{"@type":"SearchAction","target":{"@type":"EntryPoint","urlTemplate":"https:\/\/camminodellasibilla.com\/?s={search_term_string}"},"query-input":{"@type":"PropertyValueSpecification","valueRequired":true,"valueName":"search_term_string"}}],"inLanguage":"it-IT"},{"@type":"Organization","@id":"https:\/\/camminodellasibilla.com\/#organization","name":"camminodellasibilla.com","url":"https:\/\/camminodellasibilla.com\/","logo":{"@type":"ImageObject","inLanguage":"it-IT","@id":"https:\/\/camminodellasibilla.com\/#\/schema\/logo\/image\/","url":"https:\/\/camminodellasibilla.com\/wp-content\/uploads\/2023\/05\/Cammino-della-sibila-no-bg-1-1.png","contentUrl":"https:\/\/camminodellasibilla.com\/wp-content\/uploads\/2023\/05\/Cammino-della-sibila-no-bg-1-1.png","width":3600,"height":3600,"caption":"camminodellasibilla.com"},"image":{"@id":"https:\/\/camminodellasibilla.com\/#\/schema\/logo\/image\/"}}]}},"_links":{"self":[{"href":"https:\/\/camminodellasibilla.com\/index.php\/wp-json\/wp\/v2\/pages\/1374","targetHints":{"allow":["GET"]}}],"collection":[{"href":"https:\/\/camminodellasibilla.com\/index.php\/wp-json\/wp\/v2\/pages"}],"about":[{"href":"https:\/\/camminodellasibilla.com\/index.php\/wp-json\/wp\/v2\/types\/page"}],"author":[{"embeddable":true,"href":"https:\/\/camminodellasibilla.com\/index.php\/wp-json\/wp\/v2\/users\/1"}],"replies":[{"embeddable":true,"href":"https:\/\/camminodellasibilla.com\/index.php\/wp-json\/wp\/v2\/comments?post=1374"}],"version-history":[{"count":115,"href":"https:\/\/camminodellasibilla.com\/index.php\/wp-json\/wp\/v2\/pages\/1374\/revisions"}],"predecessor-version":[{"id":3734,"href":"https:\/\/camminodellasibilla.com\/index.php\/wp-json\/wp\/v2\/pages\/1374\/revisions\/3734"}],"up":[{"embeddable":true,"href":"https:\/\/camminodellasibilla.com\/index.php\/wp-json\/wp\/v2\/pages\/16"}],"wp:attachment":[{"href":"https:\/\/camminodellasibilla.com\/index.php\/wp-json\/wp\/v2\/media?parent=1374"}],"curies":[{"name":"wp","href":"https:\/\/api.w.org\/{rel}","templated":true}]}}