{"id":689,"date":"2023-09-09T17:03:33","date_gmt":"2023-09-09T15:03:33","guid":{"rendered":"https:\/\/camminodellasibilla.com\/?page_id=689"},"modified":"2026-03-25T18:31:03","modified_gmt":"2026-03-25T17:31:03","slug":"tappa1","status":"publish","type":"page","link":"https:\/\/camminodellasibilla.com\/index.php\/le-tappe\/tappa1\/","title":{"rendered":"Tappa 1"},"content":{"rendered":"\t\t<div data-elementor-type=\"wp-page\" data-elementor-id=\"689\" class=\"elementor elementor-689\" data-elementor-post-type=\"page\">\n\t\t\t\t\t\t<section class=\"elementor-section elementor-top-section elementor-element elementor-element-fa164bb elementor-section-boxed elementor-section-height-default elementor-section-height-default wpr-particle-no wpr-jarallax-no wpr-parallax-no wpr-sticky-section-no\" data-id=\"fa164bb\" data-element_type=\"section\">\n\t\t\t\t\t\t<div class=\"elementor-container elementor-column-gap-default\">\n\t\t\t\t\t<div class=\"elementor-column elementor-col-100 elementor-top-column elementor-element elementor-element-4af0e2e\" data-id=\"4af0e2e\" data-element_type=\"column\">\n\t\t\t<div class=\"elementor-widget-wrap elementor-element-populated\">\n\t\t\t\t\t\t<div class=\"elementor-element elementor-element-e6074e3 elementor-widget elementor-widget-heading\" data-id=\"e6074e3\" data-element_type=\"widget\" data-widget_type=\"heading.default\">\n\t\t\t\t<div class=\"elementor-widget-container\">\n\t\t\t\t\t<h1 class=\"elementor-heading-title elementor-size-default\">Rieti - Rocca Sinibalda<\/h1>\t\t\t\t<\/div>\n\t\t\t\t<\/div>\n\t\t\t\t\t<\/div>\n\t\t<\/div>\n\t\t\t\t\t<\/div>\n\t\t<\/section>\n\t\t\t\t<section class=\"elementor-section elementor-top-section elementor-element elementor-element-2a2c5cf elementor-section-boxed elementor-section-height-default elementor-section-height-default wpr-particle-no wpr-jarallax-no wpr-parallax-no wpr-sticky-section-no\" data-id=\"2a2c5cf\" data-element_type=\"section\">\n\t\t\t\t\t\t<div class=\"elementor-container elementor-column-gap-default\">\n\t\t\t\t\t<div class=\"elementor-column elementor-col-50 elementor-top-column elementor-element elementor-element-61bca67\" data-id=\"61bca67\" data-element_type=\"column\">\n\t\t\t<div class=\"elementor-widget-wrap elementor-element-populated\">\n\t\t\t\t\t\t<div class=\"elementor-element elementor-element-6841615 elementor-widget elementor-widget-image\" data-id=\"6841615\" data-element_type=\"widget\" data-widget_type=\"image.default\">\n\t\t\t\t<div class=\"elementor-widget-container\">\n\t\t\t\t\t\t\t\t\t\t\t\t\t\t\t<img fetchpriority=\"high\" decoding=\"async\" width=\"2214\" height=\"1476\" src=\"https:\/\/camminodellasibilla.com\/wp-content\/uploads\/2026\/01\/mappacdstappa1-1.jpg\" class=\"attachment-full size-full wp-image-3601\" alt=\"\" srcset=\"https:\/\/camminodellasibilla.com\/wp-content\/uploads\/2026\/01\/mappacdstappa1-1.jpg 2214w, https:\/\/camminodellasibilla.com\/wp-content\/uploads\/2026\/01\/mappacdstappa1-1-300x200.jpg 300w, https:\/\/camminodellasibilla.com\/wp-content\/uploads\/2026\/01\/mappacdstappa1-1-1024x683.jpg 1024w, https:\/\/camminodellasibilla.com\/wp-content\/uploads\/2026\/01\/mappacdstappa1-1-768x512.jpg 768w, https:\/\/camminodellasibilla.com\/wp-content\/uploads\/2026\/01\/mappacdstappa1-1-1536x1024.jpg 1536w, https:\/\/camminodellasibilla.com\/wp-content\/uploads\/2026\/01\/mappacdstappa1-1-2048x1365.jpg 2048w\" sizes=\"(max-width: 2214px) 100vw, 2214px\" \/>\t\t\t\t\t\t\t\t\t\t\t\t\t\t\t<\/div>\n\t\t\t\t<\/div>\n\t\t\t\t<div class=\"elementor-element elementor-element-a35165a elementor-widget elementor-widget-image\" data-id=\"a35165a\" data-element_type=\"widget\" data-widget_type=\"image.default\">\n\t\t\t\t<div class=\"elementor-widget-container\">\n\t\t\t\t\t\t\t\t\t\t\t\t\t\t\t<img decoding=\"async\" width=\"374\" height=\"179\" src=\"https:\/\/camminodellasibilla.com\/wp-content\/uploads\/2026\/02\/daticdstappa1.png\" class=\"attachment-large size-large wp-image-3638\" alt=\"\" srcset=\"https:\/\/camminodellasibilla.com\/wp-content\/uploads\/2026\/02\/daticdstappa1.png 374w, https:\/\/camminodellasibilla.com\/wp-content\/uploads\/2026\/02\/daticdstappa1-300x144.png 300w\" sizes=\"(max-width: 374px) 100vw, 374px\" \/>\t\t\t\t\t\t\t\t\t\t\t\t\t\t\t<\/div>\n\t\t\t\t<\/div>\n\t\t\t\t\t<\/div>\n\t\t<\/div>\n\t\t\t\t<div class=\"elementor-column elementor-col-50 elementor-top-column elementor-element elementor-element-f63aee8\" data-id=\"f63aee8\" data-element_type=\"column\">\n\t\t\t<div class=\"elementor-widget-wrap elementor-element-populated\">\n\t\t\t\t\t\t<div class=\"elementor-element elementor-element-172ea35 elementor-widget__width-auto elementor-widget elementor-widget-text-editor\" data-id=\"172ea35\" data-element_type=\"widget\" data-widget_type=\"text-editor.default\">\n\t\t\t\t<div class=\"elementor-widget-container\">\n\t\t\t\t\t\t\t\t\t<p>La tappa di 20,4 km parte da Piazza San Rufo, una piazza nel centro di Rieti. Secondo un&#8217;antica tradizione risalente al Rinascimento, si crede che il centro d&#8217;Italia si trovi in questa piazza, basandosi sui classici della letteratura latina che indicavano il reatino come l&#8217;Umbilicus Italiae. Una volta lasciata Rieti, si segue il sentiero lungo il fiume Turano e si affronta una salita impegnativa fino a Belmonte in Sabina, un piccolo e pittoresco borgo con 627 abitanti. Questo borgo si trova su un crinale che affaccia su la Valle del Turano e la Salaria. Dopo Belmonte, si continua lungo un crinale panoramico fino a Rocca Sinibalda.<\/p>\t\t\t\t\t\t\t\t<\/div>\n\t\t\t\t<\/div>\n\t\t\t\t\t<\/div>\n\t\t<\/div>\n\t\t\t\t\t<\/div>\n\t\t<\/section>\n\t\t\t\t<section class=\"elementor-section elementor-top-section elementor-element elementor-element-6f2ab34 elementor-section-boxed elementor-section-height-default elementor-section-height-default wpr-particle-no wpr-jarallax-no wpr-parallax-no wpr-sticky-section-no\" data-id=\"6f2ab34\" data-element_type=\"section\">\n\t\t\t\t\t\t<div class=\"elementor-container elementor-column-gap-default\">\n\t\t\t\t\t<div class=\"elementor-column elementor-col-100 elementor-top-column elementor-element elementor-element-2d6916e\" data-id=\"2d6916e\" data-element_type=\"column\">\n\t\t\t<div class=\"elementor-widget-wrap elementor-element-populated\">\n\t\t\t\t\t\t<div class=\"elementor-element elementor-element-f43b491 elementor-widget elementor-widget-image\" data-id=\"f43b491\" data-element_type=\"widget\" data-widget_type=\"image.default\">\n\t\t\t\t<div class=\"elementor-widget-container\">\n\t\t\t\t\t\t\t\t\t\t\t\t\t\t\t<img decoding=\"async\" width=\"800\" height=\"127\" src=\"https:\/\/camminodellasibilla.com\/wp-content\/uploads\/2026\/02\/profilo-altcdstappa1-1024x163.png\" class=\"attachment-large size-large wp-image-3639\" alt=\"\" srcset=\"https:\/\/camminodellasibilla.com\/wp-content\/uploads\/2026\/02\/profilo-altcdstappa1-1024x163.png 1024w, https:\/\/camminodellasibilla.com\/wp-content\/uploads\/2026\/02\/profilo-altcdstappa1-300x48.png 300w, https:\/\/camminodellasibilla.com\/wp-content\/uploads\/2026\/02\/profilo-altcdstappa1-768x122.png 768w, https:\/\/camminodellasibilla.com\/wp-content\/uploads\/2026\/02\/profilo-altcdstappa1-1536x244.png 1536w, https:\/\/camminodellasibilla.com\/wp-content\/uploads\/2026\/02\/profilo-altcdstappa1.png 1936w\" sizes=\"(max-width: 800px) 100vw, 800px\" \/>\t\t\t\t\t\t\t\t\t\t\t\t\t\t\t<\/div>\n\t\t\t\t<\/div>\n\t\t\t\t\t<\/div>\n\t\t<\/div>\n\t\t\t\t\t<\/div>\n\t\t<\/section>\n\t\t\t\t<section class=\"elementor-section elementor-top-section elementor-element elementor-element-7a7e2d1 elementor-section-boxed elementor-section-height-default elementor-section-height-default wpr-particle-no wpr-jarallax-no wpr-parallax-no wpr-sticky-section-no\" data-id=\"7a7e2d1\" data-element_type=\"section\">\n\t\t\t\t\t\t<div class=\"elementor-container elementor-column-gap-default\">\n\t\t\t\t\t<div class=\"elementor-column elementor-col-50 elementor-top-column elementor-element elementor-element-65bebfa\" data-id=\"65bebfa\" data-element_type=\"column\">\n\t\t\t<div class=\"elementor-widget-wrap elementor-element-populated\">\n\t\t\t\t\t\t<div class=\"elementor-element elementor-element-b823e74 elementor-headline--style-highlight elementor-widget elementor-widget-animated-headline\" data-id=\"b823e74\" data-element_type=\"widget\" data-settings=\"{&quot;highlighted_text&quot;:&quot;la traccia&quot;,&quot;headline_style&quot;:&quot;highlight&quot;,&quot;marker&quot;:&quot;circle&quot;,&quot;loop&quot;:&quot;yes&quot;,&quot;highlight_animation_duration&quot;:1200,&quot;highlight_iteration_delay&quot;:8000}\" data-widget_type=\"animated-headline.default\">\n\t\t\t\t<div class=\"elementor-widget-container\">\n\t\t\t\t\t\t\t<h3 class=\"elementor-headline\">\n\t\t\t\t\t<span class=\"elementor-headline-plain-text elementor-headline-text-wrapper\">Scarica<\/span>\n\t\t\t\t<span class=\"elementor-headline-dynamic-wrapper elementor-headline-text-wrapper\">\n\t\t\t\t\t<span class=\"elementor-headline-dynamic-text elementor-headline-text-active\">la traccia<\/span>\n\t\t\t\t<\/span>\n\t\t\t\t\t<span class=\"elementor-headline-plain-text elementor-headline-text-wrapper\">GPX<\/span>\n\t\t\t\t\t<\/h3>\n\t\t\t\t\t\t<\/div>\n\t\t\t\t<\/div>\n\t\t\t\t\t<\/div>\n\t\t<\/div>\n\t\t\t\t<div class=\"elementor-column elementor-col-50 elementor-top-column elementor-element elementor-element-3582a3d\" data-id=\"3582a3d\" data-element_type=\"column\">\n\t\t\t<div class=\"elementor-widget-wrap elementor-element-populated\">\n\t\t\t\t\t\t<div class=\"elementor-element elementor-element-3c95696 elementor-align-center elementor-widget elementor-widget-button\" data-id=\"3c95696\" data-element_type=\"widget\" data-widget_type=\"button.default\">\n\t\t\t\t<div class=\"elementor-widget-container\">\n\t\t\t\t\t\t\t\t\t<div class=\"elementor-button-wrapper\">\n\t\t\t\t\t<a class=\"elementor-button elementor-button-link elementor-size-xl elementor-animation-grow\" href=\"https:\/\/camminodellasibilla.com\/wp-content\/uploads\/2026\/02\/Rieti-Rocca-Sinibalda.zip\">\n\t\t\t\t\t\t<span class=\"elementor-button-content-wrapper\">\n\t\t\t\t\t\t\t\t\t<span class=\"elementor-button-text\">Download<\/span>\n\t\t\t\t\t<\/span>\n\t\t\t\t\t<\/a>\n\t\t\t\t<\/div>\n\t\t\t\t\t\t\t\t<\/div>\n\t\t\t\t<\/div>\n\t\t\t\t\t<\/div>\n\t\t<\/div>\n\t\t\t\t\t<\/div>\n\t\t<\/section>\n\t\t\t\t<section class=\"elementor-section elementor-top-section elementor-element elementor-element-b47f635 elementor-section-boxed elementor-section-height-default elementor-section-height-default wpr-particle-no wpr-jarallax-no wpr-parallax-no wpr-sticky-section-no\" data-id=\"b47f635\" data-element_type=\"section\">\n\t\t\t\t\t\t<div class=\"elementor-container elementor-column-gap-default\">\n\t\t\t\t\t<div class=\"elementor-column elementor-col-100 elementor-top-column elementor-element elementor-element-3c9502f\" data-id=\"3c9502f\" data-element_type=\"column\">\n\t\t\t<div class=\"elementor-widget-wrap elementor-element-populated\">\n\t\t\t\t\t\t<div class=\"elementor-element elementor-element-5ff1625 elementor-widget elementor-widget-gallery\" data-id=\"5ff1625\" data-element_type=\"widget\" data-settings=\"{&quot;lazyload&quot;:&quot;yes&quot;,&quot;gallery_layout&quot;:&quot;grid&quot;,&quot;columns&quot;:4,&quot;columns_tablet&quot;:2,&quot;columns_mobile&quot;:1,&quot;gap&quot;:{&quot;unit&quot;:&quot;px&quot;,&quot;size&quot;:10,&quot;sizes&quot;:[]},&quot;gap_tablet&quot;:{&quot;unit&quot;:&quot;px&quot;,&quot;size&quot;:10,&quot;sizes&quot;:[]},&quot;gap_mobile&quot;:{&quot;unit&quot;:&quot;px&quot;,&quot;size&quot;:10,&quot;sizes&quot;:[]},&quot;link_to&quot;:&quot;file&quot;,&quot;aspect_ratio&quot;:&quot;3:2&quot;,&quot;overlay_background&quot;:&quot;yes&quot;,&quot;content_hover_animation&quot;:&quot;fade-in&quot;}\" data-widget_type=\"gallery.default\">\n\t\t\t\t<div class=\"elementor-widget-container\">\n\t\t\t\t\t\t\t<div class=\"elementor-gallery__container\">\n\t\t\t\t\t\t\t<a class=\"e-gallery-item elementor-gallery-item elementor-animated-content\" href=\"https:\/\/camminodellasibilla.com\/wp-content\/uploads\/2023\/09\/rietirocca1.png\" data-elementor-open-lightbox=\"yes\" data-elementor-lightbox-slideshow=\"5ff1625\" data-elementor-lightbox-title=\"rietirocca1\" data-e-action-hash=\"#elementor-action%3Aaction%3Dlightbox%26settings%3DeyJpZCI6NzU5LCJ1cmwiOiJodHRwczpcL1wvY2FtbWlub2RlbGxhc2liaWxsYS5jb21cL3dwLWNvbnRlbnRcL3VwbG9hZHNcLzIwMjNcLzA5XC9yaWV0aXJvY2NhMS5wbmciLCJzbGlkZXNob3ciOiI1ZmYxNjI1In0%3D\">\n\t\t\t\t\t<div class=\"e-gallery-image elementor-gallery-item__image\" data-thumbnail=\"https:\/\/camminodellasibilla.com\/wp-content\/uploads\/2023\/09\/rietirocca1-300x200.png\" data-width=\"300\" data-height=\"200\" aria-label=\"\" role=\"img\" ><\/div>\n\t\t\t\t\t\t\t\t\t\t\t<div class=\"elementor-gallery-item__overlay\"><\/div>\n\t\t\t\t\t\t\t\t\t\t\t\t\t\t<\/a>\n\t\t\t\t\t\t\t<a class=\"e-gallery-item elementor-gallery-item elementor-animated-content\" href=\"https:\/\/camminodellasibilla.com\/wp-content\/uploads\/2023\/09\/rietirocca2.png\" data-elementor-open-lightbox=\"yes\" data-elementor-lightbox-slideshow=\"5ff1625\" data-elementor-lightbox-title=\"rietirocca2\" data-e-action-hash=\"#elementor-action%3Aaction%3Dlightbox%26settings%3DeyJpZCI6NzYwLCJ1cmwiOiJodHRwczpcL1wvY2FtbWlub2RlbGxhc2liaWxsYS5jb21cL3dwLWNvbnRlbnRcL3VwbG9hZHNcLzIwMjNcLzA5XC9yaWV0aXJvY2NhMi5wbmciLCJzbGlkZXNob3ciOiI1ZmYxNjI1In0%3D\">\n\t\t\t\t\t<div class=\"e-gallery-image elementor-gallery-item__image\" data-thumbnail=\"https:\/\/camminodellasibilla.com\/wp-content\/uploads\/2023\/09\/rietirocca2-300x200.png\" data-width=\"300\" data-height=\"200\" aria-label=\"\" role=\"img\" ><\/div>\n\t\t\t\t\t\t\t\t\t\t\t<div class=\"elementor-gallery-item__overlay\"><\/div>\n\t\t\t\t\t\t\t\t\t\t\t\t\t\t<\/a>\n\t\t\t\t\t\t\t<a class=\"e-gallery-item elementor-gallery-item elementor-animated-content\" href=\"https:\/\/camminodellasibilla.com\/wp-content\/uploads\/2023\/09\/rietirocca3.png\" data-elementor-open-lightbox=\"yes\" data-elementor-lightbox-slideshow=\"5ff1625\" data-elementor-lightbox-title=\"rietirocca3\" data-e-action-hash=\"#elementor-action%3Aaction%3Dlightbox%26settings%3DeyJpZCI6NzYxLCJ1cmwiOiJodHRwczpcL1wvY2FtbWlub2RlbGxhc2liaWxsYS5jb21cL3dwLWNvbnRlbnRcL3VwbG9hZHNcLzIwMjNcLzA5XC9yaWV0aXJvY2NhMy5wbmciLCJzbGlkZXNob3ciOiI1ZmYxNjI1In0%3D\">\n\t\t\t\t\t<div class=\"e-gallery-image elementor-gallery-item__image\" data-thumbnail=\"https:\/\/camminodellasibilla.com\/wp-content\/uploads\/2023\/09\/rietirocca3-300x200.png\" data-width=\"300\" data-height=\"200\" aria-label=\"\" role=\"img\" ><\/div>\n\t\t\t\t\t\t\t\t\t\t\t<div class=\"elementor-gallery-item__overlay\"><\/div>\n\t\t\t\t\t\t\t\t\t\t\t\t\t\t<\/a>\n\t\t\t\t\t\t\t<a class=\"e-gallery-item elementor-gallery-item elementor-animated-content\" href=\"https:\/\/camminodellasibilla.com\/wp-content\/uploads\/2023\/09\/rietirocca4.png\" data-elementor-open-lightbox=\"yes\" data-elementor-lightbox-slideshow=\"5ff1625\" data-elementor-lightbox-title=\"rietirocca4\" data-e-action-hash=\"#elementor-action%3Aaction%3Dlightbox%26settings%3DeyJpZCI6NzYyLCJ1cmwiOiJodHRwczpcL1wvY2FtbWlub2RlbGxhc2liaWxsYS5jb21cL3dwLWNvbnRlbnRcL3VwbG9hZHNcLzIwMjNcLzA5XC9yaWV0aXJvY2NhNC5wbmciLCJzbGlkZXNob3ciOiI1ZmYxNjI1In0%3D\">\n\t\t\t\t\t<div class=\"e-gallery-image elementor-gallery-item__image\" data-thumbnail=\"https:\/\/camminodellasibilla.com\/wp-content\/uploads\/2023\/09\/rietirocca4-300x200.png\" data-width=\"300\" data-height=\"200\" aria-label=\"\" role=\"img\" ><\/div>\n\t\t\t\t\t\t\t\t\t\t\t<div class=\"elementor-gallery-item__overlay\"><\/div>\n\t\t\t\t\t\t\t\t\t\t\t\t\t\t<\/a>\n\t\t\t\t\t<\/div>\n\t\t\t\t\t<\/div>\n\t\t\t\t<\/div>\n\t\t\t\t\t<\/div>\n\t\t<\/div>\n\t\t\t\t\t<\/div>\n\t\t<\/section>\n\t\t\t\t<section class=\"elementor-section elementor-top-section elementor-element elementor-element-98ea573 elementor-section-boxed elementor-section-height-default elementor-section-height-default wpr-particle-no wpr-jarallax-no wpr-parallax-no wpr-sticky-section-no\" data-id=\"98ea573\" data-element_type=\"section\">\n\t\t\t\t\t\t<div class=\"elementor-container elementor-column-gap-default\">\n\t\t\t\t\t<div class=\"elementor-column elementor-col-100 elementor-top-column elementor-element elementor-element-52c7186\" data-id=\"52c7186\" data-element_type=\"column\">\n\t\t\t<div class=\"elementor-widget-wrap elementor-element-populated\">\n\t\t\t\t\t\t<div class=\"elementor-element elementor-element-e644358 elementor-widget elementor-widget-heading\" data-id=\"e644358\" data-element_type=\"widget\" data-widget_type=\"heading.default\">\n\t\t\t\t<div class=\"elementor-widget-container\">\n\t\t\t\t\t<h2 class=\"elementor-heading-title elementor-size-default\">Timbro di tappa<\/h2>\t\t\t\t<\/div>\n\t\t\t\t<\/div>\n\t\t\t\t\t<\/div>\n\t\t<\/div>\n\t\t\t\t\t<\/div>\n\t\t<\/section>\n\t\t\t\t<section class=\"elementor-section elementor-top-section elementor-element elementor-element-92e775c elementor-section-boxed elementor-section-height-default elementor-section-height-default wpr-particle-no wpr-jarallax-no wpr-parallax-no wpr-sticky-section-no\" data-id=\"92e775c\" data-element_type=\"section\">\n\t\t\t\t\t\t<div class=\"elementor-container elementor-column-gap-default\">\n\t\t\t\t\t<div class=\"elementor-column elementor-col-50 elementor-top-column elementor-element elementor-element-8d9cc4f\" data-id=\"8d9cc4f\" data-element_type=\"column\">\n\t\t\t<div class=\"elementor-widget-wrap elementor-element-populated\">\n\t\t\t\t\t\t<div class=\"elementor-element elementor-element-999a48b elementor-widget elementor-widget-text-editor\" data-id=\"999a48b\" data-element_type=\"widget\" data-widget_type=\"text-editor.default\">\n\t\t\t\t<div class=\"elementor-widget-container\">\n\t\t\t\t\t\t\t\t\t<p>RIETI<\/p><p>Ufficio Turistico del comune di Rieti<\/p><p>Piazza Vittorio Emanuele II<\/p><p>\u00a0<\/p><p>Rieti da scoprire<\/p><p>Via Pellicceria, 5<\/p>\t\t\t\t\t\t\t\t<\/div>\n\t\t\t\t<\/div>\n\t\t\t\t\t<\/div>\n\t\t<\/div>\n\t\t\t\t<div class=\"elementor-column elementor-col-50 elementor-top-column elementor-element elementor-element-2ef0cdc\" data-id=\"2ef0cdc\" data-element_type=\"column\">\n\t\t\t<div class=\"elementor-widget-wrap elementor-element-populated\">\n\t\t\t\t\t\t<div class=\"elementor-element elementor-element-184167e elementor-widget elementor-widget-text-editor\" data-id=\"184167e\" data-element_type=\"widget\" data-widget_type=\"text-editor.default\">\n\t\t\t\t<div class=\"elementor-widget-container\">\n\t\t\t\t\t\t\t\t\t<p>BELMONTE IN SABINA<\/p><p>Casa del cammintore<\/p><p>Dorina Van den Bradeler<\/p><p>Via V. Veneto, 9<\/p><p>3386523677 (solo Whatsapp)<\/p><p>&#8211;<\/p><p>ROCCA SINIBALDA<\/p><p>Bar L&#8217;incontro<\/p><p>Via Roma, 7<\/p>\t\t\t\t\t\t\t\t<\/div>\n\t\t\t\t<\/div>\n\t\t\t\t\t<\/div>\n\t\t<\/div>\n\t\t\t\t\t<\/div>\n\t\t<\/section>\n\t\t\t\t<section class=\"elementor-section elementor-top-section elementor-element elementor-element-6e26303 elementor-section-boxed elementor-section-height-default elementor-section-height-default wpr-particle-no wpr-jarallax-no wpr-parallax-no wpr-sticky-section-no\" data-id=\"6e26303\" data-element_type=\"section\">\n\t\t\t\t\t\t<div class=\"elementor-container elementor-column-gap-default\">\n\t\t\t\t\t<div class=\"elementor-column elementor-col-100 elementor-top-column elementor-element elementor-element-1cfd021\" data-id=\"1cfd021\" data-element_type=\"column\">\n\t\t\t<div class=\"elementor-widget-wrap elementor-element-populated\">\n\t\t\t\t\t\t<div class=\"elementor-element elementor-element-266be3b elementor-widget elementor-widget-heading\" data-id=\"266be3b\" data-element_type=\"widget\" data-widget_type=\"heading.default\">\n\t\t\t\t<div class=\"elementor-widget-container\">\n\t\t\t\t\t<h2 class=\"elementor-heading-title elementor-size-default\">Dove dormire<\/h2>\t\t\t\t<\/div>\n\t\t\t\t<\/div>\n\t\t\t\t\t<\/div>\n\t\t<\/div>\n\t\t\t\t\t<\/div>\n\t\t<\/section>\n\t\t\t\t<section class=\"elementor-section elementor-top-section elementor-element elementor-element-97a9748 elementor-section-full_width elementor-section-height-default elementor-section-height-default wpr-particle-no wpr-jarallax-no wpr-parallax-no wpr-sticky-section-no\" data-id=\"97a9748\" data-element_type=\"section\" data-settings=\"{&quot;background_background&quot;:&quot;classic&quot;}\">\n\t\t\t\t\t\t<div class=\"elementor-container elementor-column-gap-default\">\n\t\t\t\t\t<div class=\"elementor-column elementor-col-100 elementor-top-column elementor-element elementor-element-00e5f7f\" data-id=\"00e5f7f\" data-element_type=\"column\">\n\t\t\t<div class=\"elementor-widget-wrap elementor-element-populated\">\n\t\t\t\t\t\t<div class=\"elementor-element elementor-element-8704184 elementor-widget elementor-widget-eael-adv-accordion\" data-id=\"8704184\" data-element_type=\"widget\" data-widget_type=\"eael-adv-accordion.default\">\n\t\t\t\t<div class=\"elementor-widget-container\">\n\t\t\t\t\t        <div class=\"eael-adv-accordion\" id=\"eael-adv-accordion-8704184\" data-scroll-on-click=\"no\" data-scroll-speed=\"300\" data-accordion-id=\"8704184\" data-accordion-type=\"accordion\" data-toogle-speed=\"300\">\n    <div class=\"eael-accordion-list\">\n                <div id=\"rieti-la-terrazza-fiorita-\" class=\"elementor-tab-title eael-accordion-header\" tabindex=\"0\" data-tab=\"1\" aria-controls=\"elementor-tab-content-1411\"><span class=\"eael-advanced-accordion-icon-closed\"><i aria-hidden=\"true\" class=\"fa-accordion-icon fas fa-plus\"><\/i><\/span><span class=\"eael-advanced-accordion-icon-opened\"><i aria-hidden=\"true\" class=\"fa-accordion-icon fas fa-minus\"><\/i><\/span><h3 class=\"eael-accordion-tab-title\">Rieti - La Terrazza Fiorita <\/h3><i aria-hidden=\"true\" class=\"fa-toggle fas fa-angle-right\"><\/i><\/div><div id=\"elementor-tab-content-1411\" class=\"eael-accordion-content clearfix\" data-tab=\"1\" aria-labelledby=\"rieti-la-terrazza-fiorita-\"><p class=\"p1\">B&amp;B e appartamenti<\/p><p class=\"p1\">Via Pellicceria, 3<\/p><p class=\"p1\">0746296949 (Rita) 3477279591 &#8211; 3505996168 (Rita)<\/p><p class=\"p1\">www.rietidascoprire.it rietidascoprire@rietidascoprire.it<\/p><p class=\"p1\">Ospitalit\u00e0 di\ufb00usa in centro storico con uso cucina e colazione<\/p><p class=\"p1\">BB DBL 30\u20ac SGL 35\u20ac<\/p><\/div>\n                <\/div><div class=\"eael-accordion-list\">\n                <div id=\"belmonte-in-sabina-casa-del-camminatore-dorina-van-den-bradeler\" class=\"elementor-tab-title eael-accordion-header\" tabindex=\"0\" data-tab=\"2\" aria-controls=\"elementor-tab-content-1412\"><span class=\"eael-advanced-accordion-icon-closed\"><i aria-hidden=\"true\" class=\"fa-accordion-icon fas fa-plus\"><\/i><\/span><span class=\"eael-advanced-accordion-icon-opened\"><i aria-hidden=\"true\" class=\"fa-accordion-icon fas fa-minus\"><\/i><\/span><h3 class=\"eael-accordion-tab-title\">Belmonte in Sabina - Casa del camminatore (Dorina van den Bradeler)<\/h3><i aria-hidden=\"true\" class=\"fa-toggle fas fa-angle-right\"><\/i><\/div><div id=\"elementor-tab-content-1412\" class=\"eael-accordion-content clearfix\" data-tab=\"2\" aria-labelledby=\"belmonte-in-sabina-casa-del-camminatore-dorina-van-den-bradeler\"><p class=\"p1\">OSPITALITA\u2019 A DONATIVO<\/p><p class=\"p1\">Via Vittorio Veneto, 9<\/p><p class=\"p1\">3386523677 (Dorina, chiamare solo via Whatsapp) dorvdb@gmail.com<\/p><p class=\"p1\">8 posti letto, 2 bagni. Cena e colazione a donativo. Prenotare sempre con almeno 48 ore di anticipo<\/p><p>A donativo<\/p><\/div>\n                <\/div><div class=\"eael-accordion-list\">\n                <div id=\"rocca-sinibalda-il-conventaccio-\" class=\"elementor-tab-title eael-accordion-header\" tabindex=\"0\" data-tab=\"3\" aria-controls=\"elementor-tab-content-1413\"><span class=\"eael-advanced-accordion-icon-closed\"><i aria-hidden=\"true\" class=\"fa-accordion-icon fas fa-plus\"><\/i><\/span><span class=\"eael-advanced-accordion-icon-opened\"><i aria-hidden=\"true\" class=\"fa-accordion-icon fas fa-minus\"><\/i><\/span><h3 class=\"eael-accordion-tab-title\">Rocca Sinibalda - Il Conventaccio <\/h3><i aria-hidden=\"true\" class=\"fa-toggle fas fa-angle-right\"><\/i><\/div><div id=\"elementor-tab-content-1413\" class=\"eael-accordion-content clearfix\" data-tab=\"3\" aria-labelledby=\"rocca-sinibalda-il-conventaccio-\"><p class=\"p1\">AFFITTACAMERE<\/p><p class=\"p1\">Via Turanense km 13<\/p><p class=\"p1\">3205796190 (Silvia) 3387528770 (Augusto)<\/p><p class=\"p1\">14 posti in camere con bagno. In inverno apertura solo a gruppi minimo 8 persone con supplemento riscaldamento.<\/p><p class=\"p1\">SP 30\u20ac (supplemento SGL 5\u20ac).<\/p><\/div>\n                <\/div><div class=\"eael-accordion-list\">\n                <div id=\"rocca-sinibalda-ospitalit-fonterita\" class=\"elementor-tab-title eael-accordion-header\" tabindex=\"0\" data-tab=\"4\" aria-controls=\"elementor-tab-content-1414\"><span class=\"eael-advanced-accordion-icon-closed\"><i aria-hidden=\"true\" class=\"fa-accordion-icon fas fa-plus\"><\/i><\/span><span class=\"eael-advanced-accordion-icon-opened\"><i aria-hidden=\"true\" class=\"fa-accordion-icon fas fa-minus\"><\/i><\/span><h3 class=\"eael-accordion-tab-title\">Rocca Sinibalda - Ospitalit\u00e0 Fonterita<\/h3><i aria-hidden=\"true\" class=\"fa-toggle fas fa-angle-right\"><\/i><\/div><div id=\"elementor-tab-content-1414\" class=\"eael-accordion-content clearfix\" data-tab=\"4\" aria-labelledby=\"rocca-sinibalda-ospitalit-fonterita\"><p class=\"p1\">OSPITALITA\u2019 A DONATIVO<\/p><p class=\"p1\">Localit\u00e0 Castello 14, Via Fonterita<\/p><p class=\"p1\">3274423210 (Sandra)<\/p><p class=\"p1\">2 Km dal centro del paese, sul percorso del cammino con navetta disponibile<\/p><p>A Donativo<\/p><\/div>\n                <\/div><\/div>\t\t\t\t<\/div>\n\t\t\t\t<\/div>\n\t\t\t\t\t<\/div>\n\t\t<\/div>\n\t\t\t\t\t<\/div>\n\t\t<\/section>\n\t\t\t\t<section class=\"elementor-section elementor-top-section elementor-element elementor-element-070c4b6 elementor-section-boxed elementor-section-height-default elementor-section-height-default wpr-particle-no wpr-jarallax-no wpr-parallax-no wpr-sticky-section-no\" data-id=\"070c4b6\" data-element_type=\"section\">\n\t\t\t\t\t\t<div class=\"elementor-container elementor-column-gap-default\">\n\t\t\t\t\t<div class=\"elementor-column elementor-col-100 elementor-top-column elementor-element elementor-element-bc75adb\" data-id=\"bc75adb\" data-element_type=\"column\">\n\t\t\t<div class=\"elementor-widget-wrap elementor-element-populated\">\n\t\t\t\t\t\t<div class=\"elementor-element elementor-element-e9407ea elementor-widget elementor-widget-text-editor\" data-id=\"e9407ea\" data-element_type=\"widget\" data-widget_type=\"text-editor.default\">\n\t\t\t\t<div class=\"elementor-widget-container\">\n\t\t\t\t\t\t\t\t\t<p class=\"\" style=\"color: #ff5a5f; font-size: 12px;\" data-start=\"346\" data-end=\"460\">Questo sito propone un elenco di strutture di accoglienza pensato per sostenere i camminatori lungo il percorso. Le strutture che richiedono un contributo economico sono soggette, secondo la normativa vigente all\u2019obbligo di possedere un Codice Identificativo Nazionale (CIN). Si consiglia ai viandanti di richiedere il CIN direttamente al gestore per avere conferma della regolarit\u00e0 della struttura. \u00a0Il Cammino della Sirena Mit\u00ec non gestisce direttamente le strutture indicate e pubblica le informazioni a titolo esclusivamente informativo, senza assumersi responsabilit\u00e0 sulla gestione o sulla qualit\u00e0 dei servizi offerti. Per eventuali segnalazioni, aggiornamenti o modifiche relativi alle strutture, puoi contattarci tramite info@camminodellasibilla.com<\/p><p class=\"\" style=\"color: #ff5a5f; font-size: 12px;\" data-start=\"346\" data-end=\"460\">Cammina sereno, rispetta l\u2019ospitalit\u00e0 ricevuta\u2026 e buon Cammino!<\/p>\t\t\t\t\t\t\t\t<\/div>\n\t\t\t\t<\/div>\n\t\t\t\t\t<\/div>\n\t\t<\/div>\n\t\t\t\t\t<\/div>\n\t\t<\/section>\n\t\t\t\t<section class=\"elementor-section elementor-top-section elementor-element elementor-element-e01a061 elementor-section-boxed elementor-section-height-default elementor-section-height-default wpr-particle-no wpr-jarallax-no wpr-parallax-no wpr-sticky-section-no\" data-id=\"e01a061\" data-element_type=\"section\">\n\t\t\t\t\t\t<div class=\"elementor-container elementor-column-gap-default\">\n\t\t\t\t\t<div class=\"elementor-column elementor-col-100 elementor-top-column elementor-element elementor-element-f3ff598\" data-id=\"f3ff598\" data-element_type=\"column\">\n\t\t\t<div class=\"elementor-widget-wrap elementor-element-populated\">\n\t\t\t\t\t\t<div class=\"elementor-element elementor-element-e3910ed elementor-headline--style-highlight elementor-widget elementor-widget-animated-headline\" data-id=\"e3910ed\" data-element_type=\"widget\" data-settings=\"{&quot;highlighted_text&quot;:&quot;luoghi&quot;,&quot;highlight_animation_duration&quot;:1309,&quot;headline_style&quot;:&quot;highlight&quot;,&quot;marker&quot;:&quot;circle&quot;,&quot;loop&quot;:&quot;yes&quot;,&quot;highlight_iteration_delay&quot;:8000}\" data-widget_type=\"animated-headline.default\">\n\t\t\t\t<div class=\"elementor-widget-container\">\n\t\t\t\t\t\t\t<h3 class=\"elementor-headline\">\n\t\t\t\t\t<span class=\"elementor-headline-plain-text elementor-headline-text-wrapper\">I nostri<\/span>\n\t\t\t\t<span class=\"elementor-headline-dynamic-wrapper elementor-headline-text-wrapper\">\n\t\t\t\t\t<span class=\"elementor-headline-dynamic-text elementor-headline-text-active\">luoghi<\/span>\n\t\t\t\t<\/span>\n\t\t\t\t<\/h3>\n\t\t\t\t\t\t<\/div>\n\t\t\t\t<\/div>\n\t\t\t\t\t<\/div>\n\t\t<\/div>\n\t\t\t\t\t<\/div>\n\t\t<\/section>\n\t\t\t\t<section class=\"elementor-section elementor-top-section elementor-element elementor-element-9aedb90 elementor-section-boxed elementor-section-height-default elementor-section-height-default wpr-particle-no wpr-jarallax-no wpr-parallax-no wpr-sticky-section-no\" data-id=\"9aedb90\" data-element_type=\"section\">\n\t\t\t\t\t\t<div class=\"elementor-container elementor-column-gap-default\">\n\t\t\t\t\t<div class=\"elementor-column elementor-col-33 elementor-top-column elementor-element elementor-element-df59a8c\" data-id=\"df59a8c\" data-element_type=\"column\">\n\t\t\t<div class=\"elementor-widget-wrap elementor-element-populated\">\n\t\t\t\t\t\t<div class=\"elementor-element elementor-element-8783228 elementor-widget elementor-widget-image\" data-id=\"8783228\" data-element_type=\"widget\" data-widget_type=\"image.default\">\n\t\t\t\t<div class=\"elementor-widget-container\">\n\t\t\t\t\t\t\t\t\t\t\t\t\t\t\t<img loading=\"lazy\" decoding=\"async\" width=\"800\" height=\"533\" src=\"https:\/\/camminodellasibilla.com\/wp-content\/uploads\/2023\/09\/rietirocca1-1024x682.png\" class=\"attachment-large size-large wp-image-759\" alt=\"\" srcset=\"https:\/\/camminodellasibilla.com\/wp-content\/uploads\/2023\/09\/rietirocca1-1024x682.png 1024w, https:\/\/camminodellasibilla.com\/wp-content\/uploads\/2023\/09\/rietirocca1-300x200.png 300w, https:\/\/camminodellasibilla.com\/wp-content\/uploads\/2023\/09\/rietirocca1-768x512.png 768w, https:\/\/camminodellasibilla.com\/wp-content\/uploads\/2023\/09\/rietirocca1-1536x1023.png 1536w, https:\/\/camminodellasibilla.com\/wp-content\/uploads\/2023\/09\/rietirocca1.png 1857w\" sizes=\"(max-width: 800px) 100vw, 800px\" \/>\t\t\t\t\t\t\t\t\t\t\t\t\t\t\t<\/div>\n\t\t\t\t<\/div>\n\t\t\t\t<div class=\"elementor-element elementor-element-228e524 elementor-widget elementor-widget-heading\" data-id=\"228e524\" data-element_type=\"widget\" data-widget_type=\"heading.default\">\n\t\t\t\t<div class=\"elementor-widget-container\">\n\t\t\t\t\t<h2 class=\"elementor-heading-title elementor-size-default\">Rieti<\/h2>\t\t\t\t<\/div>\n\t\t\t\t<\/div>\n\t\t\t\t\t<\/div>\n\t\t<\/div>\n\t\t\t\t<div class=\"elementor-column elementor-col-66 elementor-top-column elementor-element elementor-element-769ea40\" data-id=\"769ea40\" data-element_type=\"column\">\n\t\t\t<div class=\"elementor-widget-wrap elementor-element-populated\">\n\t\t\t\t\t\t<div class=\"elementor-element elementor-element-4f539db elementor-widget elementor-widget-text-editor\" data-id=\"4f539db\" data-element_type=\"widget\" data-widget_type=\"text-editor.default\">\n\t\t\t\t<div class=\"elementor-widget-container\">\n\t\t\t\t\t\t\t\t\t<p>Rieti \u00e8 un comune italiano situato nel Lazio, con una popolazione di 45.170 abitanti. \u00c8 il capoluogo della provincia omonima. Il termine &#8220;reatini&#8221; deriva dal nome latino della citt\u00e0, Reate, che era un municipio durante l&#8217;Impero Romano. Rieti \u00e8 tradizionalmente conosciuta come l&#8217;umbilicus Italiae, ovvero l'&#8221;ombelico d&#8217;Italia&#8221;.<\/p><p>Si trova nella fertile Piana Reatina, ai piedi del Monte Terminillo, lungo le rive del fiume Velino. Questa zona \u00e8 ricca di risorse idriche, che forniscono una grande quantit\u00e0 di acqua potabile alla capitale. La citt\u00e0 \u00e8 stata fondata all&#8217;inizio dell&#8217;et\u00e0 del ferro, probabilmente da popolazioni di cultura appenninica, Osco-Umbra, conosciute come gli Aborigeni, e successivamente occupata dai Sabini. \u00c8 stata conquistata dai Romani nel 290 a.C. e, dopo la caduta dell&#8217;Impero, dai Visigoti. Durante il periodo longobardo, \u00e8 stata governata dal Ducato di Spoleto. Successivamente, \u00e8 entrata a far parte dello Stato Pontificio e ha costituito un territorio di confine con il Regno di Napoli. Nel XIII secolo, \u00e8 stata spesso sede papale. Dopo l&#8217;annessione al Regno di Sardegna nel 1860, Rieti \u00e8 stata aggregata alla provincia di Perugia, in Umbria. Tuttavia, nel 1923 \u00e8 passata al Lazio, prima come parte della provincia di Roma e poi, nel 1927, con l&#8217;istituzione della provincia di Rieti.<\/p>\t\t\t\t\t\t\t\t<\/div>\n\t\t\t\t<\/div>\n\t\t\t\t\t<\/div>\n\t\t<\/div>\n\t\t\t\t\t<\/div>\n\t\t<\/section>\n\t\t\t\t<section class=\"elementor-section elementor-top-section elementor-element elementor-element-a08dd1f elementor-section-boxed elementor-section-height-default elementor-section-height-default wpr-particle-no wpr-jarallax-no wpr-parallax-no wpr-sticky-section-no\" data-id=\"a08dd1f\" data-element_type=\"section\">\n\t\t\t\t\t\t<div class=\"elementor-container elementor-column-gap-default\">\n\t\t\t\t\t<div class=\"elementor-column elementor-col-100 elementor-top-column elementor-element elementor-element-6ef12df\" data-id=\"6ef12df\" data-element_type=\"column\">\n\t\t\t<div class=\"elementor-widget-wrap elementor-element-populated\">\n\t\t\t\t\t\t<div class=\"elementor-element elementor-element-d332c80 elementor-widget elementor-widget-text-editor\" data-id=\"d332c80\" data-element_type=\"widget\" data-widget_type=\"text-editor.default\">\n\t\t\t\t<div class=\"elementor-widget-container\">\n\t\t\t\t\t\t\t\t\t<p><b>Luoghi di interesse e monumenti\u00a0<\/b><\/p><p>Il centro storico \u00e8 caratteristico, situato su una leggera collina ai margini della conca reatina, protetto da un lato da una cinta muraria medievale ancora ben conservata. Via Roma, una delle strade pi\u00f9 vivaci del centro, divide la citt\u00e0 nei quartieri medievali di San Francesco, San Rufo, della Verdura e Santa Lucia. La citt\u00e0 vanta la presenza di due santuari francescani, Fonte Colombo e La Foresta, e si trova vicino ad altri due siti nei comuni limitrofi di Greccio e Poggio Bustone. Molti pellegrini arrivano nella &#8220;Valle Santa&#8221; per seguire le orme di San Francesco lungo il Cammino di Francesco, rivivendo le gesta e i momenti della vita del Santo di Assisi.<\/p><h6><strong>La Cattedrale basilica di Santa Maria Assunta<\/strong><\/h6><p>Costruita tra il 1109 e il 1225, ha un esterno in stile romanico e un interno barocco. Il complesso comprende una cripta, la torre campanaria del 1252, il battistero (che ospita il Museo diocesano di Rieti), il portico del 1458 e diverse cappelle settecentesche, tra cui quella dedicata a Santa Barbara, progettata dal Bernini. All&#8217;interno si trovano sculture di Gian Lorenzo Bernini, Giovanni Antonio Mari, Lorenzo Ottoni, Federico di Filippo di Ubaldo da Firenze e dipinti di Antoniazzo Romano, del figlio Marcantonio Aquili, di Lorenzo Torresani, Andrea Sacchi, Giovan Francesco Romanelli, Lattanzio Niccoli e Vincenzo Manenti.<\/p><h6><strong>La basilica di Sant&#8217;Agostino.<\/strong><\/h6><p>Innalzata a met\u00e0 del XIII secolo, \u00e8 una delle pi\u00f9 importanti chiese di Rieti. La facciata, in stile romanico-gotico, \u00e8 in pietra e presenta un portale di ingresso sovrastato da un timpano ed un rosone, e termina con un attico leggermente sporgente. L&#8217;interno, a navata unica, \u00e8 sormontato da capriate in legno e termina in tre absidi sulle quali si aprono una finestra trifora e due bifore.<\/p><h6><strong>I resti del Ponte Romano<\/strong><\/h6><p>Costruito nel III secolo a.C. come parte della Via Salaria, sono visibili nel fondale del Velino accanto al ponte moderno.<\/p><h6><strong>Il Teatro Flavio Vespasiano<\/strong><\/h6><p>Situato lungo Via Garibaldi, \u00e8 famoso per la sua acustica eccezionale.<\/p><h6><strong>Il Palazzo Vescovile<\/strong><\/h6><p>Costruito nel 1283 come dimora dei pontefici, ospita oggi la pinacoteca del museo diocesano.<\/p><h6><strong>Il Palazzo Comunale<\/strong><\/h6><p>Sede del municipio e del Museo civico, \u00e8 stato ampliato e ristrutturato molte volte dal XIII secolo ed \u00e8 caratterizzato da una facciata tardo barocca con un portico al pianterreno e una torre di cinque piani in travertino sul lato sinistro.<\/p><h6><strong>Mura romane<\/strong><\/h6><p>Gran parte delle antiche mura romane sono scomparse, ma sono ancora visibili numerosi resti, soprattutto quando gli edifici successivi hanno riutilizzato i blocchi.<\/p><h6><strong>Mura medievali<\/strong><\/h6><p>Risalenti al XIII secolo, le mura medievali sono considerate tra le pi\u00f9 imponenti e meglio conservate del Lazio. Circondano la citt\u00e0 lungo il lato settentrionale e insieme al fiume Velino e alle cavatelle del Borgo e di Fiume de&#8217; Nobili, costituivano un efficace sistema difensivo. Lungo le mura si trovano cinque porte: &#8211; Porta d&#8217;Arci, ad est, sulla Via Salaria per Cittaducale, L&#8217;Aquila e Ascoli Piceno; &#8211; Porta Conca, a nord, che conserva ancora le imposte in legno del Cinquecento; &#8211; Porta San Giovanni, a nord, all&#8217;estremit\u00e0 di via Pennina che forma con via Roma l&#8217;asse nord-sud del centro storico. Murata nel XV secolo, le sue tracce sono ancora visibili e c&#8217;\u00e8 un piccolo passaggio pedonale; &#8211; Porta Cintia, a nord-ovest, sulla strada per Terni. Durante la seconda guerra mondiale \u00e8 stata distrutta e al suo posto ci sono ora due edifici in cemento armato in stile razionalista; &#8211; Porta Romana, a sud, oltre il fiume, sulla Via Salaria per Roma.<\/p><h6><strong> Piazza San Rufo <\/strong><\/h6><p>Centro d&#8217;Italia Piazza San Rufo \u00e8 una piccola piazzetta tipicamente medievale, raggiungibile attraverso quattro stretti vicoli. Oltre alla chiesa omonima (descritta in precedenza), in questa piazza si trova il punto esatto del centro geografico della penisola italiana (Umbilicus Italiae), come vuole la tradizione. Per commemorarlo, sono presenti un monumento (realizzato nel 2001 e scherzosamente chiamato &#8220;la caciotta&#8221; per la sua forma circolare e bassa che ricorda un formaggio) e una targa.<\/p>\t\t\t\t\t\t\t\t<\/div>\n\t\t\t\t<\/div>\n\t\t\t\t\t<\/div>\n\t\t<\/div>\n\t\t\t\t\t<\/div>\n\t\t<\/section>\n\t\t\t\t<section class=\"elementor-section elementor-top-section elementor-element elementor-element-a8107cb elementor-section-boxed elementor-section-height-default elementor-section-height-default wpr-particle-no wpr-jarallax-no wpr-parallax-no wpr-sticky-section-no\" data-id=\"a8107cb\" data-element_type=\"section\">\n\t\t\t\t\t\t<div class=\"elementor-container elementor-column-gap-default\">\n\t\t\t\t\t<div class=\"elementor-column elementor-col-100 elementor-top-column elementor-element elementor-element-9af45db\" data-id=\"9af45db\" data-element_type=\"column\">\n\t\t\t<div class=\"elementor-widget-wrap elementor-element-populated\">\n\t\t\t\t\t\t<div class=\"elementor-element elementor-element-b22f3cd elementor-widget-divider--view-line elementor-widget elementor-widget-divider\" data-id=\"b22f3cd\" data-element_type=\"widget\" data-widget_type=\"divider.default\">\n\t\t\t\t<div class=\"elementor-widget-container\">\n\t\t\t\t\t\t\t<div class=\"elementor-divider\">\n\t\t\t<span class=\"elementor-divider-separator\">\n\t\t\t\t\t\t<\/span>\n\t\t<\/div>\n\t\t\t\t\t\t<\/div>\n\t\t\t\t<\/div>\n\t\t\t\t\t<\/div>\n\t\t<\/div>\n\t\t\t\t\t<\/div>\n\t\t<\/section>\n\t\t\t\t<section class=\"elementor-section elementor-top-section elementor-element elementor-element-2500bdd elementor-section-boxed elementor-section-height-default elementor-section-height-default wpr-particle-no wpr-jarallax-no wpr-parallax-no wpr-sticky-section-no\" data-id=\"2500bdd\" data-element_type=\"section\">\n\t\t\t\t\t\t<div class=\"elementor-container elementor-column-gap-default\">\n\t\t\t\t\t<div class=\"elementor-column elementor-col-33 elementor-top-column elementor-element elementor-element-3d932e5\" data-id=\"3d932e5\" data-element_type=\"column\">\n\t\t\t<div class=\"elementor-widget-wrap elementor-element-populated\">\n\t\t\t\t\t\t<div class=\"elementor-element elementor-element-7fa4ecc elementor-widget elementor-widget-image\" data-id=\"7fa4ecc\" data-element_type=\"widget\" data-widget_type=\"image.default\">\n\t\t\t\t<div class=\"elementor-widget-container\">\n\t\t\t\t\t\t\t\t\t\t\t\t\t\t\t<img loading=\"lazy\" decoding=\"async\" width=\"800\" height=\"533\" src=\"https:\/\/camminodellasibilla.com\/wp-content\/uploads\/2023\/09\/rietirocca3-1024x682.png\" class=\"attachment-large size-large wp-image-761\" alt=\"\" srcset=\"https:\/\/camminodellasibilla.com\/wp-content\/uploads\/2023\/09\/rietirocca3-1024x682.png 1024w, https:\/\/camminodellasibilla.com\/wp-content\/uploads\/2023\/09\/rietirocca3-300x200.png 300w, https:\/\/camminodellasibilla.com\/wp-content\/uploads\/2023\/09\/rietirocca3-768x511.png 768w, https:\/\/camminodellasibilla.com\/wp-content\/uploads\/2023\/09\/rietirocca3-1536x1023.png 1536w, https:\/\/camminodellasibilla.com\/wp-content\/uploads\/2023\/09\/rietirocca3.png 1949w\" sizes=\"(max-width: 800px) 100vw, 800px\" \/>\t\t\t\t\t\t\t\t\t\t\t\t\t\t\t<\/div>\n\t\t\t\t<\/div>\n\t\t\t\t<div class=\"elementor-element elementor-element-cea5e51 elementor-widget elementor-widget-heading\" data-id=\"cea5e51\" data-element_type=\"widget\" data-widget_type=\"heading.default\">\n\t\t\t\t<div class=\"elementor-widget-container\">\n\t\t\t\t\t<h2 class=\"elementor-heading-title elementor-size-default\">Belmonte\nin Sabina<\/h2>\t\t\t\t<\/div>\n\t\t\t\t<\/div>\n\t\t\t\t\t<\/div>\n\t\t<\/div>\n\t\t\t\t<div class=\"elementor-column elementor-col-66 elementor-top-column elementor-element elementor-element-1e6d815\" data-id=\"1e6d815\" data-element_type=\"column\">\n\t\t\t<div class=\"elementor-widget-wrap elementor-element-populated\">\n\t\t\t\t\t\t<div class=\"elementor-element elementor-element-077a23a elementor-widget elementor-widget-text-editor\" data-id=\"077a23a\" data-element_type=\"widget\" data-widget_type=\"text-editor.default\">\n\t\t\t\t<div class=\"elementor-widget-container\">\n\t\t\t\t\t\t\t\t\t<p>Belmonte in Sabina, conosciuto anche come Berm\u00f2nt\u00eb nel dialetto locale, \u00e8 un grazioso comune italiano situato nella provincia di Rieti, nel cuore del Lazio. Questo incantevole paese conta una popolazione di 643 abitanti.<\/p><h6><strong>Monumenti e luoghi di interesse<\/strong><\/h6><p>Dal punto di vista artistico, nel nostro paese c&#8217;\u00e8 qualcosa di interessante da vedere. La Parrocchiale di San Salvatore \u00e8 un luogo da non perdere, con un affresco raffigurante San Giovanni Battista risalente al primo Cinquecento e una copia di ottima qualit\u00e0 del San Michele Arcangelo di Guido Reni (la copia fu commissionata dai fedeli nel XVIII secolo). In passato, la chiesa possedeva anche una bellissima croce astile creata da un orafo abruzzese del Cinquecento, ma ora si trova a Rieti.<\/p><p>Non lontano da Belmonte, nella zona di Terze Ville, si trova un muraglione in opera poligonale di III &#8211; IV maniera. Lungo circa 20 metri e alto 4, risale alla fine del II o agli inizi del I secolo a.C. Queste mura erano probabilmente utilizzate per sostenere un terrazzamento agricolo o abitativo. La presenza di queste strutture in opera poligonale conferma che il sito era ancora abitato durante l&#8217;et\u00e0 repubblicana, come affermato da Dionigi che riporta Palatium &#8220;abitata dai Romani fino ai miei giorni&#8221;.<\/p><p>La chiesetta di Sant&#8217;Elena, nelle vicinanze, \u00e8 stata costruita sopra un antico tempietto romano. Ancora oggi \u00e8 possibile ammirare alcuni elementi architettonici in marmo che sono stati conservati sul posto.<\/p>\t\t\t\t\t\t\t\t<\/div>\n\t\t\t\t<\/div>\n\t\t\t\t\t<\/div>\n\t\t<\/div>\n\t\t\t\t\t<\/div>\n\t\t<\/section>\n\t\t\t\t<section class=\"elementor-section elementor-top-section elementor-element elementor-element-5145ebf elementor-section-boxed elementor-section-height-default elementor-section-height-default wpr-particle-no wpr-jarallax-no wpr-parallax-no wpr-sticky-section-no\" data-id=\"5145ebf\" data-element_type=\"section\">\n\t\t\t\t\t\t<div class=\"elementor-container elementor-column-gap-default\">\n\t\t\t\t\t<div class=\"elementor-column elementor-col-100 elementor-top-column elementor-element elementor-element-392479d\" data-id=\"392479d\" data-element_type=\"column\">\n\t\t\t<div class=\"elementor-widget-wrap elementor-element-populated\">\n\t\t\t\t\t\t<div class=\"elementor-element elementor-element-a6a67d9 elementor-widget-divider--view-line elementor-widget elementor-widget-divider\" data-id=\"a6a67d9\" data-element_type=\"widget\" data-widget_type=\"divider.default\">\n\t\t\t\t<div class=\"elementor-widget-container\">\n\t\t\t\t\t\t\t<div class=\"elementor-divider\">\n\t\t\t<span class=\"elementor-divider-separator\">\n\t\t\t\t\t\t<\/span>\n\t\t<\/div>\n\t\t\t\t\t\t<\/div>\n\t\t\t\t<\/div>\n\t\t\t\t\t<\/div>\n\t\t<\/div>\n\t\t\t\t\t<\/div>\n\t\t<\/section>\n\t\t\t\t<section class=\"elementor-section elementor-top-section elementor-element elementor-element-3f30da4 elementor-section-boxed elementor-section-height-default elementor-section-height-default wpr-particle-no wpr-jarallax-no wpr-parallax-no wpr-sticky-section-no\" data-id=\"3f30da4\" data-element_type=\"section\">\n\t\t\t\t\t\t<div class=\"elementor-container elementor-column-gap-default\">\n\t\t\t\t\t<div class=\"elementor-column elementor-col-33 elementor-top-column elementor-element elementor-element-e0451da\" data-id=\"e0451da\" data-element_type=\"column\">\n\t\t\t<div class=\"elementor-widget-wrap elementor-element-populated\">\n\t\t\t\t\t\t<div class=\"elementor-element elementor-element-ef1d626 elementor-widget elementor-widget-image\" data-id=\"ef1d626\" data-element_type=\"widget\" data-widget_type=\"image.default\">\n\t\t\t\t<div class=\"elementor-widget-container\">\n\t\t\t\t\t\t\t\t\t\t\t\t\t\t\t<img loading=\"lazy\" decoding=\"async\" width=\"800\" height=\"533\" src=\"https:\/\/camminodellasibilla.com\/wp-content\/uploads\/2023\/09\/rietirocca4-1024x682.png\" class=\"attachment-large size-large wp-image-762\" alt=\"\" srcset=\"https:\/\/camminodellasibilla.com\/wp-content\/uploads\/2023\/09\/rietirocca4-1024x682.png 1024w, https:\/\/camminodellasibilla.com\/wp-content\/uploads\/2023\/09\/rietirocca4-300x200.png 300w, https:\/\/camminodellasibilla.com\/wp-content\/uploads\/2023\/09\/rietirocca4-768x512.png 768w, https:\/\/camminodellasibilla.com\/wp-content\/uploads\/2023\/09\/rietirocca4-1536x1023.png 1536w, https:\/\/camminodellasibilla.com\/wp-content\/uploads\/2023\/09\/rietirocca4.png 1800w\" sizes=\"(max-width: 800px) 100vw, 800px\" \/>\t\t\t\t\t\t\t\t\t\t\t\t\t\t\t<\/div>\n\t\t\t\t<\/div>\n\t\t\t\t<div class=\"elementor-element elementor-element-ba59c76 elementor-widget elementor-widget-heading\" data-id=\"ba59c76\" data-element_type=\"widget\" data-widget_type=\"heading.default\">\n\t\t\t\t<div class=\"elementor-widget-container\">\n\t\t\t\t\t<h2 class=\"elementor-heading-title elementor-size-default\">Rocca Sinibalda<\/h2>\t\t\t\t<\/div>\n\t\t\t\t<\/div>\n\t\t\t\t\t<\/div>\n\t\t<\/div>\n\t\t\t\t<div class=\"elementor-column elementor-col-66 elementor-top-column elementor-element elementor-element-bbf263d\" data-id=\"bbf263d\" data-element_type=\"column\">\n\t\t\t<div class=\"elementor-widget-wrap elementor-element-populated\">\n\t\t\t\t\t\t<div class=\"elementor-element elementor-element-2667284 elementor-widget elementor-widget-text-editor\" data-id=\"2667284\" data-element_type=\"widget\" data-widget_type=\"text-editor.default\">\n\t\t\t\t<div class=\"elementor-widget-container\">\n\t\t\t\t\t\t\t\t\t<p>Rocca Sinibalda, un bellissimo paese italiano situato nella provincia di Rieti nel Lazio, conta una popolazione di 793 abitanti.<\/p><p>Rocca Sinibalda si trova nella Sabina orientale, in una zona collinare, nella valle del Turano, che \u00e8 il corridoio naturale che va dai margini sud-orientali della Piana di Rieti verso Carsoli, passando per il lago del Turano. La citt\u00e0 \u00e8 circondata da folti boschi, interrotti solo da alcune aree prative. Alle spalle, a sud-est, si erge il gruppo montuoso del Monte Navegna e Monte Cervia, che la separano dalla zona del lago del Salto.<\/p><h6><strong>Luoghi da visitare<\/strong><\/h6><h6><strong> Il Castello Cesarini <\/strong><\/h6><p>\u00e8 un&#8217;imponente struttura che risale al 1085 e fu ricostruito come fortezza dall&#8217;architetto Baldassarre Peruzzi per volere del cardinale Alessandro Cesarini nel XVI secolo. Nel corso dei secoli, il castello \u00e8 stato feudo di diverse famiglie nobiliari e ha subito importanti interventi di restauro e abbellimento degli interni con affreschi. Nel XX secolo, \u00e8 stato acquistato dalla scrittrice americana Caresse Crosby, che lo utilizz\u00f2 come luogo d&#8217;incontro per artisti. Oggi, il castello \u00e8 stato classificato come monumento nazionale e restaurato completamente, riaprendo al pubblico nel 2014. Non perdete l&#8217;occasione di visitare questo luogo storico di grande fascino.<\/p>\t\t\t\t\t\t\t\t<\/div>\n\t\t\t\t<\/div>\n\t\t\t\t\t<\/div>\n\t\t<\/div>\n\t\t\t\t\t<\/div>\n\t\t<\/section>\n\t\t\t\t<\/div>\n\t\t","protected":false},"excerpt":{"rendered":"<p>Rieti &#8211; Rocca Sinibalda La tappa di 20,4 km parte da Piazza San Rufo, una piazza nel centro di Rieti. Secondo un&#8217;antica tradizione risalente al Rinascimento, si crede che il centro d&#8217;Italia si trovi in questa piazza, basandosi sui classici della letteratura latina che indicavano il reatino come l&#8217;Umbilicus Italiae. Una volta lasciata Rieti, si segue il sentiero lungo il fiume Turano e si affronta una salita impegnativa fino a Belmonte in Sabina, un piccolo e pittoresco borgo con 627 abitanti. Questo borgo si trova su un crinale che affaccia su la Valle del Turano e la Salaria. Dopo Belmonte, si continua lungo un crinale panoramico fino a Rocca Sinibalda. Scarica la traccia GPX Download Timbro di tappa RIETI Ufficio Turistico del comune di Rieti Piazza Vittorio Emanuele II \u00a0 Rieti da scoprire Via Pellicceria, 5 BELMONTE IN SABINA Casa del cammintore Dorina Van den Bradeler Via V. Veneto, 9 3386523677 (solo Whatsapp) &#8211; ROCCA SINIBALDA Bar L&#8217;incontro Via Roma, 7 Dove dormire Rieti &#8211; La Terrazza Fiorita B&amp;B e appartamenti Via Pellicceria, 3 0746296949 (Rita) 3477279591 &#8211; 3505996168 (Rita) www.rietidascoprire.it rietidascoprire@rietidascoprire.it Ospitalit\u00e0 di\ufb00usa in centro storico con uso cucina e colazione BB DBL 30\u20ac SGL 35\u20ac Belmonte in Sabina &#8211; Casa del camminatore (Dorina van den Bradeler) OSPITALITA\u2019 A DONATIVO Via Vittorio Veneto, 9 3386523677 (Dorina, chiamare solo via Whatsapp) dorvdb@gmail.com 8 posti letto, 2 bagni. Cena e colazione a donativo. Prenotare sempre con almeno 48 ore di anticipo A donativo Rocca Sinibalda &#8211; Il Conventaccio AFFITTACAMERE Via Turanense km 13 3205796190 (Silvia) 3387528770 (Augusto) 14 posti in camere con bagno. In inverno apertura solo a gruppi minimo 8 persone con supplemento riscaldamento. SP 30\u20ac (supplemento SGL 5\u20ac). Rocca Sinibalda &#8211; Ospitalit\u00e0 Fonterita OSPITALITA\u2019 A DONATIVO Localit\u00e0 Castello 14, Via Fonterita 3274423210 (Sandra) 2 Km dal centro del paese, sul percorso del cammino con navetta disponibile A Donativo Questo sito propone un elenco di strutture di accoglienza pensato per sostenere i camminatori lungo il percorso. Le strutture che richiedono un contributo economico sono soggette, secondo la normativa vigente all\u2019obbligo di possedere un Codice Identificativo Nazionale (CIN). Si consiglia ai viandanti di richiedere il CIN direttamente al gestore per avere conferma della regolarit\u00e0 della struttura. \u00a0Il Cammino della Sirena Mit\u00ec non gestisce direttamente le strutture indicate e pubblica le informazioni a titolo esclusivamente informativo, senza assumersi responsabilit\u00e0 sulla gestione o sulla qualit\u00e0 dei servizi offerti. Per eventuali segnalazioni, aggiornamenti o modifiche relativi alle strutture, puoi contattarci tramite info@camminodellasibilla.com Cammina sereno, rispetta l\u2019ospitalit\u00e0 ricevuta\u2026 e buon Cammino! I nostri luoghi Rieti Rieti \u00e8 un comune italiano situato nel Lazio, con una popolazione di 45.170 abitanti. \u00c8 il capoluogo della provincia omonima. Il termine &#8220;reatini&#8221; deriva dal nome latino della citt\u00e0, Reate, che era un municipio durante l&#8217;Impero Romano. Rieti \u00e8 tradizionalmente conosciuta come l&#8217;umbilicus Italiae, ovvero l&#8217;&#8221;ombelico d&#8217;Italia&#8221;. Si trova nella fertile Piana Reatina, ai piedi del Monte Terminillo, lungo le rive del fiume Velino. Questa zona \u00e8 ricca di risorse idriche, che forniscono una grande quantit\u00e0 di acqua potabile alla capitale. La citt\u00e0 \u00e8 stata fondata all&#8217;inizio dell&#8217;et\u00e0 del ferro, probabilmente da popolazioni di cultura appenninica, Osco-Umbra, conosciute come gli Aborigeni, e successivamente occupata dai Sabini. \u00c8 stata conquistata dai Romani nel 290 a.C. e, dopo la caduta dell&#8217;Impero, dai Visigoti. Durante il periodo longobardo, \u00e8 stata governata dal Ducato di Spoleto. Successivamente, \u00e8 entrata a far parte dello Stato Pontificio e ha costituito un territorio di confine con il Regno di Napoli. Nel XIII secolo, \u00e8 stata spesso sede papale. Dopo l&#8217;annessione al Regno di Sardegna nel 1860, Rieti \u00e8 stata aggregata alla provincia di Perugia, in Umbria. Tuttavia, nel 1923 \u00e8 passata al Lazio, prima come parte della provincia di Roma e poi, nel 1927, con l&#8217;istituzione della provincia di Rieti. Luoghi di interesse e monumenti\u00a0 Il centro storico \u00e8 caratteristico, situato su una leggera collina ai margini della conca reatina, protetto da un lato da una cinta muraria medievale ancora ben conservata. Via Roma, una delle strade pi\u00f9 vivaci del centro, divide la citt\u00e0 nei quartieri medievali di San Francesco, San Rufo, della Verdura e Santa Lucia. La citt\u00e0 vanta la presenza di due santuari francescani, Fonte Colombo e La Foresta, e si trova vicino ad altri due siti nei comuni limitrofi di Greccio e Poggio Bustone. Molti pellegrini arrivano nella &#8220;Valle Santa&#8221; per seguire le orme di San Francesco lungo il Cammino di Francesco, rivivendo le gesta e i momenti della vita del Santo di Assisi. La Cattedrale basilica di Santa Maria Assunta Costruita tra il 1109 e il 1225, ha un esterno in stile romanico e un interno barocco. Il complesso comprende una cripta, la torre campanaria del 1252, il battistero (che ospita il Museo diocesano di Rieti), il portico del 1458 e diverse cappelle settecentesche, tra cui quella dedicata a Santa Barbara, progettata dal Bernini. All&#8217;interno si trovano sculture di Gian Lorenzo Bernini, Giovanni Antonio Mari, Lorenzo Ottoni, Federico di Filippo di Ubaldo da Firenze e dipinti di Antoniazzo Romano, del figlio Marcantonio Aquili, di Lorenzo Torresani, Andrea Sacchi, Giovan Francesco Romanelli, Lattanzio Niccoli e Vincenzo Manenti. La basilica di Sant&#8217;Agostino. Innalzata a met\u00e0 del XIII secolo, \u00e8 una delle pi\u00f9 importanti chiese di Rieti. La facciata, in stile romanico-gotico, \u00e8 in pietra e presenta un portale di ingresso sovrastato da un timpano ed un rosone, e termina con un attico leggermente sporgente. L&#8217;interno, a navata unica, \u00e8 sormontato da capriate in legno e termina in tre absidi sulle quali si aprono una finestra trifora e due bifore. I resti del Ponte Romano Costruito nel III secolo a.C. come parte della Via Salaria, sono visibili nel fondale del Velino accanto al ponte moderno. Il Teatro Flavio Vespasiano Situato lungo Via Garibaldi, \u00e8 famoso per la sua acustica eccezionale. Il Palazzo Vescovile Costruito nel 1283 come dimora dei pontefici, ospita oggi la pinacoteca del museo diocesano. Il Palazzo Comunale Sede del municipio e del Museo civico, \u00e8 stato ampliato e ristrutturato molte volte dal XIII secolo ed \u00e8 caratterizzato da una facciata tardo barocca<\/p>\n","protected":false},"author":1,"featured_media":0,"parent":16,"menu_order":0,"comment_status":"closed","ping_status":"closed","template":"","meta":{"footnotes":""},"class_list":["post-689","page","type-page","status-publish","hentry"],"yoast_head":"<!-- This site is optimized with the Yoast SEO plugin v24.5 - https:\/\/yoast.com\/wordpress\/plugins\/seo\/ -->\n<title>Tappa 1 - camminodellasibilla.com<\/title>\n<meta name=\"robots\" content=\"index, follow, max-snippet:-1, max-image-preview:large, max-video-preview:-1\" \/>\n<link rel=\"canonical\" href=\"https:\/\/camminodellasibilla.com\/index.php\/le-tappe\/tappa1\/\" \/>\n<meta property=\"og:locale\" content=\"it_IT\" \/>\n<meta property=\"og:type\" content=\"article\" \/>\n<meta property=\"og:title\" content=\"Tappa 1 - camminodellasibilla.com\" \/>\n<meta property=\"og:description\" content=\"Rieti &#8211; Rocca Sinibalda La tappa di 20,4 km parte da Piazza San Rufo, una piazza nel centro di Rieti. Secondo un&#8217;antica tradizione risalente al Rinascimento, si crede che il centro d&#8217;Italia si trovi in questa piazza, basandosi sui classici della letteratura latina che indicavano il reatino come l&#8217;Umbilicus Italiae. Una volta lasciata Rieti, si segue il sentiero lungo il fiume Turano e si affronta una salita impegnativa fino a Belmonte in Sabina, un piccolo e pittoresco borgo con 627 abitanti. Questo borgo si trova su un crinale che affaccia su la Valle del Turano e la Salaria. Dopo Belmonte, si continua lungo un crinale panoramico fino a Rocca Sinibalda. Scarica la traccia GPX Download Timbro di tappa RIETI Ufficio Turistico del comune di Rieti Piazza Vittorio Emanuele II \u00a0 Rieti da scoprire Via Pellicceria, 5 BELMONTE IN SABINA Casa del cammintore Dorina Van den Bradeler Via V. Veneto, 9 3386523677 (solo Whatsapp) &#8211; ROCCA SINIBALDA Bar L&#8217;incontro Via Roma, 7 Dove dormire Rieti &#8211; La Terrazza Fiorita B&amp;B e appartamenti Via Pellicceria, 3 0746296949 (Rita) 3477279591 &#8211; 3505996168 (Rita) www.rietidascoprire.it rietidascoprire@rietidascoprire.it Ospitalit\u00e0 di\ufb00usa in centro storico con uso cucina e colazione BB DBL 30\u20ac SGL 35\u20ac Belmonte in Sabina &#8211; Casa del camminatore (Dorina van den Bradeler) OSPITALITA\u2019 A DONATIVO Via Vittorio Veneto, 9 3386523677 (Dorina, chiamare solo via Whatsapp) dorvdb@gmail.com 8 posti letto, 2 bagni. Cena e colazione a donativo. Prenotare sempre con almeno 48 ore di anticipo A donativo Rocca Sinibalda &#8211; Il Conventaccio AFFITTACAMERE Via Turanense km 13 3205796190 (Silvia) 3387528770 (Augusto) 14 posti in camere con bagno. In inverno apertura solo a gruppi minimo 8 persone con supplemento riscaldamento. SP 30\u20ac (supplemento SGL 5\u20ac). Rocca Sinibalda &#8211; Ospitalit\u00e0 Fonterita OSPITALITA\u2019 A DONATIVO Localit\u00e0 Castello 14, Via Fonterita 3274423210 (Sandra) 2 Km dal centro del paese, sul percorso del cammino con navetta disponibile A Donativo Questo sito propone un elenco di strutture di accoglienza pensato per sostenere i camminatori lungo il percorso. Le strutture che richiedono un contributo economico sono soggette, secondo la normativa vigente all\u2019obbligo di possedere un Codice Identificativo Nazionale (CIN). Si consiglia ai viandanti di richiedere il CIN direttamente al gestore per avere conferma della regolarit\u00e0 della struttura. \u00a0Il Cammino della Sirena Mit\u00ec non gestisce direttamente le strutture indicate e pubblica le informazioni a titolo esclusivamente informativo, senza assumersi responsabilit\u00e0 sulla gestione o sulla qualit\u00e0 dei servizi offerti. Per eventuali segnalazioni, aggiornamenti o modifiche relativi alle strutture, puoi contattarci tramite info@camminodellasibilla.com Cammina sereno, rispetta l\u2019ospitalit\u00e0 ricevuta\u2026 e buon Cammino! I nostri luoghi Rieti Rieti \u00e8 un comune italiano situato nel Lazio, con una popolazione di 45.170 abitanti. \u00c8 il capoluogo della provincia omonima. Il termine &#8220;reatini&#8221; deriva dal nome latino della citt\u00e0, Reate, che era un municipio durante l&#8217;Impero Romano. Rieti \u00e8 tradizionalmente conosciuta come l&#8217;umbilicus Italiae, ovvero l&#039;&#8221;ombelico d&#8217;Italia&#8221;. Si trova nella fertile Piana Reatina, ai piedi del Monte Terminillo, lungo le rive del fiume Velino. Questa zona \u00e8 ricca di risorse idriche, che forniscono una grande quantit\u00e0 di acqua potabile alla capitale. La citt\u00e0 \u00e8 stata fondata all&#8217;inizio dell&#8217;et\u00e0 del ferro, probabilmente da popolazioni di cultura appenninica, Osco-Umbra, conosciute come gli Aborigeni, e successivamente occupata dai Sabini. \u00c8 stata conquistata dai Romani nel 290 a.C. e, dopo la caduta dell&#8217;Impero, dai Visigoti. Durante il periodo longobardo, \u00e8 stata governata dal Ducato di Spoleto. Successivamente, \u00e8 entrata a far parte dello Stato Pontificio e ha costituito un territorio di confine con il Regno di Napoli. Nel XIII secolo, \u00e8 stata spesso sede papale. Dopo l&#8217;annessione al Regno di Sardegna nel 1860, Rieti \u00e8 stata aggregata alla provincia di Perugia, in Umbria. Tuttavia, nel 1923 \u00e8 passata al Lazio, prima come parte della provincia di Roma e poi, nel 1927, con l&#8217;istituzione della provincia di Rieti. Luoghi di interesse e monumenti\u00a0 Il centro storico \u00e8 caratteristico, situato su una leggera collina ai margini della conca reatina, protetto da un lato da una cinta muraria medievale ancora ben conservata. Via Roma, una delle strade pi\u00f9 vivaci del centro, divide la citt\u00e0 nei quartieri medievali di San Francesco, San Rufo, della Verdura e Santa Lucia. La citt\u00e0 vanta la presenza di due santuari francescani, Fonte Colombo e La Foresta, e si trova vicino ad altri due siti nei comuni limitrofi di Greccio e Poggio Bustone. Molti pellegrini arrivano nella &#8220;Valle Santa&#8221; per seguire le orme di San Francesco lungo il Cammino di Francesco, rivivendo le gesta e i momenti della vita del Santo di Assisi. La Cattedrale basilica di Santa Maria Assunta Costruita tra il 1109 e il 1225, ha un esterno in stile romanico e un interno barocco. Il complesso comprende una cripta, la torre campanaria del 1252, il battistero (che ospita il Museo diocesano di Rieti), il portico del 1458 e diverse cappelle settecentesche, tra cui quella dedicata a Santa Barbara, progettata dal Bernini. All&#8217;interno si trovano sculture di Gian Lorenzo Bernini, Giovanni Antonio Mari, Lorenzo Ottoni, Federico di Filippo di Ubaldo da Firenze e dipinti di Antoniazzo Romano, del figlio Marcantonio Aquili, di Lorenzo Torresani, Andrea Sacchi, Giovan Francesco Romanelli, Lattanzio Niccoli e Vincenzo Manenti. La basilica di Sant&#8217;Agostino. Innalzata a met\u00e0 del XIII secolo, \u00e8 una delle pi\u00f9 importanti chiese di Rieti. La facciata, in stile romanico-gotico, \u00e8 in pietra e presenta un portale di ingresso sovrastato da un timpano ed un rosone, e termina con un attico leggermente sporgente. L&#8217;interno, a navata unica, \u00e8 sormontato da capriate in legno e termina in tre absidi sulle quali si aprono una finestra trifora e due bifore. I resti del Ponte Romano Costruito nel III secolo a.C. come parte della Via Salaria, sono visibili nel fondale del Velino accanto al ponte moderno. Il Teatro Flavio Vespasiano Situato lungo Via Garibaldi, \u00e8 famoso per la sua acustica eccezionale. Il Palazzo Vescovile Costruito nel 1283 come dimora dei pontefici, ospita oggi la pinacoteca del museo diocesano. Il Palazzo Comunale Sede del municipio e del Museo civico, \u00e8 stato ampliato e ristrutturato molte volte dal XIII secolo ed \u00e8 caratterizzato da una facciata tardo barocca\" \/>\n<meta property=\"og:url\" content=\"https:\/\/camminodellasibilla.com\/index.php\/le-tappe\/tappa1\/\" \/>\n<meta property=\"og:site_name\" content=\"camminodellasibilla.com\" \/>\n<meta property=\"article:modified_time\" content=\"2026-03-25T17:31:03+00:00\" \/>\n<meta property=\"og:image\" content=\"https:\/\/camminodellasibilla.com\/wp-content\/uploads\/2026\/01\/mappacdstappa1-1.jpg\" \/>\n\t<meta property=\"og:image:width\" content=\"2214\" \/>\n\t<meta property=\"og:image:height\" content=\"1476\" \/>\n\t<meta property=\"og:image:type\" content=\"image\/jpeg\" \/>\n<meta name=\"twitter:card\" content=\"summary_large_image\" \/>\n<meta name=\"twitter:label1\" content=\"Tempo di lettura stimato\" \/>\n\t<meta name=\"twitter:data1\" content=\"11 minuti\" \/>\n<script type=\"application\/ld+json\" class=\"yoast-schema-graph\">{\"@context\":\"https:\/\/schema.org\",\"@graph\":[{\"@type\":\"WebPage\",\"@id\":\"https:\/\/camminodellasibilla.com\/index.php\/le-tappe\/tappa1\/\",\"url\":\"https:\/\/camminodellasibilla.com\/index.php\/le-tappe\/tappa1\/\",\"name\":\"Tappa 1 - camminodellasibilla.com\",\"isPartOf\":{\"@id\":\"https:\/\/camminodellasibilla.com\/#website\"},\"primaryImageOfPage\":{\"@id\":\"https:\/\/camminodellasibilla.com\/index.php\/le-tappe\/tappa1\/#primaryimage\"},\"image\":{\"@id\":\"https:\/\/camminodellasibilla.com\/index.php\/le-tappe\/tappa1\/#primaryimage\"},\"thumbnailUrl\":\"https:\/\/camminodellasibilla.com\/wp-content\/uploads\/2026\/01\/mappacdstappa1-1.jpg\",\"datePublished\":\"2023-09-09T15:03:33+00:00\",\"dateModified\":\"2026-03-25T17:31:03+00:00\",\"breadcrumb\":{\"@id\":\"https:\/\/camminodellasibilla.com\/index.php\/le-tappe\/tappa1\/#breadcrumb\"},\"inLanguage\":\"it-IT\",\"potentialAction\":[{\"@type\":\"ReadAction\",\"target\":[\"https:\/\/camminodellasibilla.com\/index.php\/le-tappe\/tappa1\/\"]}]},{\"@type\":\"ImageObject\",\"inLanguage\":\"it-IT\",\"@id\":\"https:\/\/camminodellasibilla.com\/index.php\/le-tappe\/tappa1\/#primaryimage\",\"url\":\"https:\/\/camminodellasibilla.com\/wp-content\/uploads\/2026\/01\/mappacdstappa1-1.jpg\",\"contentUrl\":\"https:\/\/camminodellasibilla.com\/wp-content\/uploads\/2026\/01\/mappacdstappa1-1.jpg\",\"width\":2214,\"height\":1476},{\"@type\":\"BreadcrumbList\",\"@id\":\"https:\/\/camminodellasibilla.com\/index.php\/le-tappe\/tappa1\/#breadcrumb\",\"itemListElement\":[{\"@type\":\"ListItem\",\"position\":1,\"name\":\"Home\",\"item\":\"https:\/\/camminodellasibilla.com\/\"},{\"@type\":\"ListItem\",\"position\":2,\"name\":\"Le tappe\",\"item\":\"https:\/\/camminodellasibilla.com\/index.php\/le-tappe\/\"},{\"@type\":\"ListItem\",\"position\":3,\"name\":\"Tappa 1\"}]},{\"@type\":\"WebSite\",\"@id\":\"https:\/\/camminodellasibilla.com\/#website\",\"url\":\"https:\/\/camminodellasibilla.com\/\",\"name\":\"camminodellasibilla.com\",\"description\":\"Cammino della Sibilla\",\"publisher\":{\"@id\":\"https:\/\/camminodellasibilla.com\/#organization\"},\"potentialAction\":[{\"@type\":\"SearchAction\",\"target\":{\"@type\":\"EntryPoint\",\"urlTemplate\":\"https:\/\/camminodellasibilla.com\/?s={search_term_string}\"},\"query-input\":{\"@type\":\"PropertyValueSpecification\",\"valueRequired\":true,\"valueName\":\"search_term_string\"}}],\"inLanguage\":\"it-IT\"},{\"@type\":\"Organization\",\"@id\":\"https:\/\/camminodellasibilla.com\/#organization\",\"name\":\"camminodellasibilla.com\",\"url\":\"https:\/\/camminodellasibilla.com\/\",\"logo\":{\"@type\":\"ImageObject\",\"inLanguage\":\"it-IT\",\"@id\":\"https:\/\/camminodellasibilla.com\/#\/schema\/logo\/image\/\",\"url\":\"https:\/\/camminodellasibilla.com\/wp-content\/uploads\/2023\/05\/Cammino-della-sibila-no-bg-1-1.png\",\"contentUrl\":\"https:\/\/camminodellasibilla.com\/wp-content\/uploads\/2023\/05\/Cammino-della-sibila-no-bg-1-1.png\",\"width\":3600,\"height\":3600,\"caption\":\"camminodellasibilla.com\"},\"image\":{\"@id\":\"https:\/\/camminodellasibilla.com\/#\/schema\/logo\/image\/\"}}]}<\/script>\n<!-- \/ Yoast SEO plugin. -->","yoast_head_json":{"title":"Tappa 1 - camminodellasibilla.com","robots":{"index":"index","follow":"follow","max-snippet":"max-snippet:-1","max-image-preview":"max-image-preview:large","max-video-preview":"max-video-preview:-1"},"canonical":"https:\/\/camminodellasibilla.com\/index.php\/le-tappe\/tappa1\/","og_locale":"it_IT","og_type":"article","og_title":"Tappa 1 - camminodellasibilla.com","og_description":"Rieti &#8211; Rocca Sinibalda La tappa di 20,4 km parte da Piazza San Rufo, una piazza nel centro di Rieti. Secondo un&#8217;antica tradizione risalente al Rinascimento, si crede che il centro d&#8217;Italia si trovi in questa piazza, basandosi sui classici della letteratura latina che indicavano il reatino come l&#8217;Umbilicus Italiae. Una volta lasciata Rieti, si segue il sentiero lungo il fiume Turano e si affronta una salita impegnativa fino a Belmonte in Sabina, un piccolo e pittoresco borgo con 627 abitanti. Questo borgo si trova su un crinale che affaccia su la Valle del Turano e la Salaria. Dopo Belmonte, si continua lungo un crinale panoramico fino a Rocca Sinibalda. Scarica la traccia GPX Download Timbro di tappa RIETI Ufficio Turistico del comune di Rieti Piazza Vittorio Emanuele II \u00a0 Rieti da scoprire Via Pellicceria, 5 BELMONTE IN SABINA Casa del cammintore Dorina Van den Bradeler Via V. Veneto, 9 3386523677 (solo Whatsapp) &#8211; ROCCA SINIBALDA Bar L&#8217;incontro Via Roma, 7 Dove dormire Rieti &#8211; La Terrazza Fiorita B&amp;B e appartamenti Via Pellicceria, 3 0746296949 (Rita) 3477279591 &#8211; 3505996168 (Rita) www.rietidascoprire.it rietidascoprire@rietidascoprire.it Ospitalit\u00e0 di\ufb00usa in centro storico con uso cucina e colazione BB DBL 30\u20ac SGL 35\u20ac Belmonte in Sabina &#8211; Casa del camminatore (Dorina van den Bradeler) OSPITALITA\u2019 A DONATIVO Via Vittorio Veneto, 9 3386523677 (Dorina, chiamare solo via Whatsapp) dorvdb@gmail.com 8 posti letto, 2 bagni. Cena e colazione a donativo. Prenotare sempre con almeno 48 ore di anticipo A donativo Rocca Sinibalda &#8211; Il Conventaccio AFFITTACAMERE Via Turanense km 13 3205796190 (Silvia) 3387528770 (Augusto) 14 posti in camere con bagno. In inverno apertura solo a gruppi minimo 8 persone con supplemento riscaldamento. SP 30\u20ac (supplemento SGL 5\u20ac). Rocca Sinibalda &#8211; Ospitalit\u00e0 Fonterita OSPITALITA\u2019 A DONATIVO Localit\u00e0 Castello 14, Via Fonterita 3274423210 (Sandra) 2 Km dal centro del paese, sul percorso del cammino con navetta disponibile A Donativo Questo sito propone un elenco di strutture di accoglienza pensato per sostenere i camminatori lungo il percorso. Le strutture che richiedono un contributo economico sono soggette, secondo la normativa vigente all\u2019obbligo di possedere un Codice Identificativo Nazionale (CIN). Si consiglia ai viandanti di richiedere il CIN direttamente al gestore per avere conferma della regolarit\u00e0 della struttura. \u00a0Il Cammino della Sirena Mit\u00ec non gestisce direttamente le strutture indicate e pubblica le informazioni a titolo esclusivamente informativo, senza assumersi responsabilit\u00e0 sulla gestione o sulla qualit\u00e0 dei servizi offerti. Per eventuali segnalazioni, aggiornamenti o modifiche relativi alle strutture, puoi contattarci tramite info@camminodellasibilla.com Cammina sereno, rispetta l\u2019ospitalit\u00e0 ricevuta\u2026 e buon Cammino! I nostri luoghi Rieti Rieti \u00e8 un comune italiano situato nel Lazio, con una popolazione di 45.170 abitanti. \u00c8 il capoluogo della provincia omonima. Il termine &#8220;reatini&#8221; deriva dal nome latino della citt\u00e0, Reate, che era un municipio durante l&#8217;Impero Romano. Rieti \u00e8 tradizionalmente conosciuta come l&#8217;umbilicus Italiae, ovvero l'&#8221;ombelico d&#8217;Italia&#8221;. Si trova nella fertile Piana Reatina, ai piedi del Monte Terminillo, lungo le rive del fiume Velino. Questa zona \u00e8 ricca di risorse idriche, che forniscono una grande quantit\u00e0 di acqua potabile alla capitale. La citt\u00e0 \u00e8 stata fondata all&#8217;inizio dell&#8217;et\u00e0 del ferro, probabilmente da popolazioni di cultura appenninica, Osco-Umbra, conosciute come gli Aborigeni, e successivamente occupata dai Sabini. \u00c8 stata conquistata dai Romani nel 290 a.C. e, dopo la caduta dell&#8217;Impero, dai Visigoti. Durante il periodo longobardo, \u00e8 stata governata dal Ducato di Spoleto. Successivamente, \u00e8 entrata a far parte dello Stato Pontificio e ha costituito un territorio di confine con il Regno di Napoli. Nel XIII secolo, \u00e8 stata spesso sede papale. Dopo l&#8217;annessione al Regno di Sardegna nel 1860, Rieti \u00e8 stata aggregata alla provincia di Perugia, in Umbria. Tuttavia, nel 1923 \u00e8 passata al Lazio, prima come parte della provincia di Roma e poi, nel 1927, con l&#8217;istituzione della provincia di Rieti. Luoghi di interesse e monumenti\u00a0 Il centro storico \u00e8 caratteristico, situato su una leggera collina ai margini della conca reatina, protetto da un lato da una cinta muraria medievale ancora ben conservata. Via Roma, una delle strade pi\u00f9 vivaci del centro, divide la citt\u00e0 nei quartieri medievali di San Francesco, San Rufo, della Verdura e Santa Lucia. La citt\u00e0 vanta la presenza di due santuari francescani, Fonte Colombo e La Foresta, e si trova vicino ad altri due siti nei comuni limitrofi di Greccio e Poggio Bustone. Molti pellegrini arrivano nella &#8220;Valle Santa&#8221; per seguire le orme di San Francesco lungo il Cammino di Francesco, rivivendo le gesta e i momenti della vita del Santo di Assisi. La Cattedrale basilica di Santa Maria Assunta Costruita tra il 1109 e il 1225, ha un esterno in stile romanico e un interno barocco. Il complesso comprende una cripta, la torre campanaria del 1252, il battistero (che ospita il Museo diocesano di Rieti), il portico del 1458 e diverse cappelle settecentesche, tra cui quella dedicata a Santa Barbara, progettata dal Bernini. All&#8217;interno si trovano sculture di Gian Lorenzo Bernini, Giovanni Antonio Mari, Lorenzo Ottoni, Federico di Filippo di Ubaldo da Firenze e dipinti di Antoniazzo Romano, del figlio Marcantonio Aquili, di Lorenzo Torresani, Andrea Sacchi, Giovan Francesco Romanelli, Lattanzio Niccoli e Vincenzo Manenti. La basilica di Sant&#8217;Agostino. Innalzata a met\u00e0 del XIII secolo, \u00e8 una delle pi\u00f9 importanti chiese di Rieti. La facciata, in stile romanico-gotico, \u00e8 in pietra e presenta un portale di ingresso sovrastato da un timpano ed un rosone, e termina con un attico leggermente sporgente. L&#8217;interno, a navata unica, \u00e8 sormontato da capriate in legno e termina in tre absidi sulle quali si aprono una finestra trifora e due bifore. I resti del Ponte Romano Costruito nel III secolo a.C. come parte della Via Salaria, sono visibili nel fondale del Velino accanto al ponte moderno. Il Teatro Flavio Vespasiano Situato lungo Via Garibaldi, \u00e8 famoso per la sua acustica eccezionale. Il Palazzo Vescovile Costruito nel 1283 come dimora dei pontefici, ospita oggi la pinacoteca del museo diocesano. Il Palazzo Comunale Sede del municipio e del Museo civico, \u00e8 stato ampliato e ristrutturato molte volte dal XIII secolo ed \u00e8 caratterizzato da una facciata tardo barocca","og_url":"https:\/\/camminodellasibilla.com\/index.php\/le-tappe\/tappa1\/","og_site_name":"camminodellasibilla.com","article_modified_time":"2026-03-25T17:31:03+00:00","og_image":[{"width":2214,"height":1476,"url":"https:\/\/camminodellasibilla.com\/wp-content\/uploads\/2026\/01\/mappacdstappa1-1.jpg","type":"image\/jpeg"}],"twitter_card":"summary_large_image","twitter_misc":{"Tempo di lettura stimato":"11 minuti"},"schema":{"@context":"https:\/\/schema.org","@graph":[{"@type":"WebPage","@id":"https:\/\/camminodellasibilla.com\/index.php\/le-tappe\/tappa1\/","url":"https:\/\/camminodellasibilla.com\/index.php\/le-tappe\/tappa1\/","name":"Tappa 1 - camminodellasibilla.com","isPartOf":{"@id":"https:\/\/camminodellasibilla.com\/#website"},"primaryImageOfPage":{"@id":"https:\/\/camminodellasibilla.com\/index.php\/le-tappe\/tappa1\/#primaryimage"},"image":{"@id":"https:\/\/camminodellasibilla.com\/index.php\/le-tappe\/tappa1\/#primaryimage"},"thumbnailUrl":"https:\/\/camminodellasibilla.com\/wp-content\/uploads\/2026\/01\/mappacdstappa1-1.jpg","datePublished":"2023-09-09T15:03:33+00:00","dateModified":"2026-03-25T17:31:03+00:00","breadcrumb":{"@id":"https:\/\/camminodellasibilla.com\/index.php\/le-tappe\/tappa1\/#breadcrumb"},"inLanguage":"it-IT","potentialAction":[{"@type":"ReadAction","target":["https:\/\/camminodellasibilla.com\/index.php\/le-tappe\/tappa1\/"]}]},{"@type":"ImageObject","inLanguage":"it-IT","@id":"https:\/\/camminodellasibilla.com\/index.php\/le-tappe\/tappa1\/#primaryimage","url":"https:\/\/camminodellasibilla.com\/wp-content\/uploads\/2026\/01\/mappacdstappa1-1.jpg","contentUrl":"https:\/\/camminodellasibilla.com\/wp-content\/uploads\/2026\/01\/mappacdstappa1-1.jpg","width":2214,"height":1476},{"@type":"BreadcrumbList","@id":"https:\/\/camminodellasibilla.com\/index.php\/le-tappe\/tappa1\/#breadcrumb","itemListElement":[{"@type":"ListItem","position":1,"name":"Home","item":"https:\/\/camminodellasibilla.com\/"},{"@type":"ListItem","position":2,"name":"Le tappe","item":"https:\/\/camminodellasibilla.com\/index.php\/le-tappe\/"},{"@type":"ListItem","position":3,"name":"Tappa 1"}]},{"@type":"WebSite","@id":"https:\/\/camminodellasibilla.com\/#website","url":"https:\/\/camminodellasibilla.com\/","name":"camminodellasibilla.com","description":"Cammino della Sibilla","publisher":{"@id":"https:\/\/camminodellasibilla.com\/#organization"},"potentialAction":[{"@type":"SearchAction","target":{"@type":"EntryPoint","urlTemplate":"https:\/\/camminodellasibilla.com\/?s={search_term_string}"},"query-input":{"@type":"PropertyValueSpecification","valueRequired":true,"valueName":"search_term_string"}}],"inLanguage":"it-IT"},{"@type":"Organization","@id":"https:\/\/camminodellasibilla.com\/#organization","name":"camminodellasibilla.com","url":"https:\/\/camminodellasibilla.com\/","logo":{"@type":"ImageObject","inLanguage":"it-IT","@id":"https:\/\/camminodellasibilla.com\/#\/schema\/logo\/image\/","url":"https:\/\/camminodellasibilla.com\/wp-content\/uploads\/2023\/05\/Cammino-della-sibila-no-bg-1-1.png","contentUrl":"https:\/\/camminodellasibilla.com\/wp-content\/uploads\/2023\/05\/Cammino-della-sibila-no-bg-1-1.png","width":3600,"height":3600,"caption":"camminodellasibilla.com"},"image":{"@id":"https:\/\/camminodellasibilla.com\/#\/schema\/logo\/image\/"}}]}},"_links":{"self":[{"href":"https:\/\/camminodellasibilla.com\/index.php\/wp-json\/wp\/v2\/pages\/689","targetHints":{"allow":["GET"]}}],"collection":[{"href":"https:\/\/camminodellasibilla.com\/index.php\/wp-json\/wp\/v2\/pages"}],"about":[{"href":"https:\/\/camminodellasibilla.com\/index.php\/wp-json\/wp\/v2\/types\/page"}],"author":[{"embeddable":true,"href":"https:\/\/camminodellasibilla.com\/index.php\/wp-json\/wp\/v2\/users\/1"}],"replies":[{"embeddable":true,"href":"https:\/\/camminodellasibilla.com\/index.php\/wp-json\/wp\/v2\/comments?post=689"}],"version-history":[{"count":211,"href":"https:\/\/camminodellasibilla.com\/index.php\/wp-json\/wp\/v2\/pages\/689\/revisions"}],"predecessor-version":[{"id":3683,"href":"https:\/\/camminodellasibilla.com\/index.php\/wp-json\/wp\/v2\/pages\/689\/revisions\/3683"}],"up":[{"embeddable":true,"href":"https:\/\/camminodellasibilla.com\/index.php\/wp-json\/wp\/v2\/pages\/16"}],"wp:attachment":[{"href":"https:\/\/camminodellasibilla.com\/index.php\/wp-json\/wp\/v2\/media?parent=689"}],"curies":[{"name":"wp","href":"https:\/\/api.w.org\/{rel}","templated":true}]}}